{"id":40812,"date":"2012-01-26T12:46:00","date_gmt":"2012-01-26T14:46:00","guid":{"rendered":"https:\/\/galerialeme.com\/?post_type=artist&#038;p=40812"},"modified":"2026-04-16T13:39:45","modified_gmt":"2026-04-16T16:39:45","slug":"frank-thiel","status":"publish","type":"artist","link":"https:\/\/galerialeme.com\/en\/artist\/frank-thiel\/","title":{"rendered":"Frank Thiel"},"content":{"rendered":"","protected":false},"featured_media":32282,"template":"","class_list":["post-40812","artist","type-artist","status-publish","has-post-thumbnail","hentry"],"acf":{"use_new_template":true,"bio":"<strong>Kleinmachnow, Germany, 1966.<\/strong>\r\n\r\nLives and work in Berlin, Germany.\r\n<p style=\"text-align: justify;\">Frank Thiel is a renowned photographer, whose work is focused on chronicling Berlin\u2019s architectural evolution, embodying the city\u2019s turbulent history. Thiel\u2019s photography is documentary as he describes a architecture that is transition, either by human or natural form. His central axis is on the \u201cincomplete\u201d choosing to focus on the process rather than the result.<\/p>\r\n<p style=\"text-align: justify;\">As a photographer, Thiel pursuits to enhance the aesthetics of temporality and change. He has done this by capturing chipping and decaying walls around the city of Berlin in large-scale photographs, but he has also shifted his lens to the giant ice formations in the Parque Nacional Los Glaciares in Argentina. The resulting images are a haunting meditation on the majesty and resilience, as well as the fragility and endangerment of these natural edifices that are far more ancient than any human construction. In its abstract painterly quality, his work also explores the intimate and evolving relationship between painting and photography.<\/p>","description":"<div style=\"font-family: 'D-DIN Condensed', 'Arial Narrow', Arial, sans-serif; max-width: 900px; margin: 0 auto; padding: 20px; line-height: 1.4;\">\n<p style=\"font-size: 16px; margin-bottom: 30px;\">Kleinmachnow, Germany, 1966. Lives and works in Berlin, Germany.<\/p>\n\n<h2 style=\"font-size: 18px; font-weight: bold; text-decoration: underline; margin-top: 25px; margin-bottom: 10px;\">EDUCATION<\/h2>\n<p style=\"font-size: 16px; font-weight: bold; margin-top: 12px; margin-bottom: 4px;\">1987 - 1989<\/p>\n<p style=\"font-size: 16px; font-weight: normal; margin-top: 0; margin-bottom: 3px; padding-left: 0;\">Training College for Photography, Berlin, Germany<\/p>\n<h2 style=\"font-size: 18px; font-weight: bold; text-decoration: underline; margin-top: 25px; margin-bottom: 10px;\">SOLO EXHIBITIONS<\/h2>\n<p style=\"font-size: 16px; font-weight: bold; margin-top: 12px; margin-bottom: 4px;\">2018<\/p>\n<p style=\"font-size: 16px; font-weight: normal; margin-top: 0; margin-bottom: 3px; padding-left: 0;\">15 [Quince], Sean Kelly, New York, United States<\/p>\n<p style=\"font-size: 16px; font-weight: normal; margin-top: 0; margin-bottom: 3px; padding-left: 0;\">Frank Thiel: Quincea\u00f1eras, Blain|Southern, Berlin, Germany<\/p>\n<p style=\"font-size: 16px; font-weight: bold; margin-top: 12px; margin-bottom: 4px;\">2014<\/p>\n<p style=\"font-size: 16px; font-weight: normal; margin-top: 0; margin-bottom: 3px; padding-left: 0;\">Frank Thiel: Nowhere is a Place, Galeria Leme, S\u00e3o Paulo, Brazil<\/p>\n<p style=\"font-size: 16px; font-weight: normal; margin-top: 0; margin-bottom: 3px; padding-left: 0;\">Frank Thiel: Nowhere is a Place, Sean Kelly Gallery, New York, United States<\/p>\n<p style=\"font-size: 16px; font-weight: normal; margin-top: 0; margin-bottom: 3px; padding-left: 0;\">Los Arados de Dios, Galerie Krinzinger, Vienna, Austria<\/p>\n<p style=\"font-size: 16px; font-weight: bold; margin-top: 12px; margin-bottom: 4px;\">2010<\/p>\n<p style=\"font-size: 16px; font-weight: normal; margin-top: 0; margin-bottom: 3px; padding-left: 0;\">Frank Thiel, Galeria Leme, S\u00e3o Paulo, Brazil<\/p>\n<p style=\"font-size: 16px; font-weight: bold; margin-top: 12px; margin-bottom: 4px;\">2009<\/p>\n<p style=\"font-size: 16px; font-weight: normal; margin-top: 0; margin-bottom: 3px; padding-left: 0;\">Frank Thiel, Galeria Helga de Alvear, Madrid, Spain<\/p>\n<p style=\"font-size: 16px; font-weight: normal; margin-top: 0; margin-bottom: 3px; padding-left: 0;\">Frank Thiel: New Work, Sean Kelly, New York, United States<\/p>\n<p style=\"font-size: 16px; font-weight: bold; margin-top: 12px; margin-bottom: 4px;\">2006<\/p>\n<p style=\"font-size: 16px; font-weight: normal; margin-top: 0; margin-bottom: 3px; padding-left: 0;\">Frank Thiel: Void Territory, Sean Kelly Gallery, New York, USA<\/p>\n<p style=\"font-size: 16px; font-weight: normal; margin-top: 0; margin-bottom: 3px; padding-left: 0;\">Galerie Krinzinger, Vienna, Austria<\/p>\n<p style=\"font-size: 16px; font-weight: normal; margin-top: 0; margin-bottom: 3px; padding-left: 0;\">The Search For Distance, Goethe Institute Thessaloniki, Greece (traveling exhibition)<\/p>\n<p style=\"font-size: 16px; font-weight: bold; margin-top: 12px; margin-bottom: 4px;\">2005<\/p>\n<p style=\"font-size: 16px; font-weight: normal; margin-top: 0; margin-bottom: 3px; padding-left: 0;\">National Art Museum, Kiev, Ukraine; Museum of Western and Eastern Art, Odessa, Ukraine<\/p>\n<p style=\"font-size: 16px; font-weight: bold; margin-top: 12px; margin-bottom: 4px;\">2004<\/p>\n<p style=\"font-size: 16px; font-weight: normal; margin-top: 0; margin-bottom: 3px; padding-left: 0;\">Frank Thiel, Sean Kelly, New York, United States<\/p>\n<p style=\"font-size: 16px; font-weight: bold; margin-top: 12px; margin-bottom: 4px;\">2003<\/p>\n<p style=\"font-size: 16px; font-weight: normal; margin-top: 0; margin-bottom: 3px; padding-left: 0;\">Frank Thiel \u2013 Fotografien der Jahre 1999-2003, Galerie Krizinger, Vienna, Austria<\/p>\n<p style=\"font-size: 16px; font-weight: normal; margin-top: 0; margin-bottom: 3px; padding-left: 0;\">Galeria Helga de Alvear, Madrid, Spain<\/p>\n<p style=\"font-size: 16px; font-weight: bold; margin-top: 12px; margin-bottom: 4px;\">2002<\/p>\n<p style=\"font-size: 16px; font-weight: normal; margin-top: 0; margin-bottom: 3px; padding-left: 0;\">Frank Thiel, Sean Kelly, New York<\/p>\n<p style=\"font-size: 16px; font-weight: normal; margin-top: 0; margin-bottom: 3px; padding-left: 0;\">Galerie Art+Public, Geneva, Switzerland<\/p>\n<p style=\"font-size: 16px; font-weight: normal; margin-top: 0; margin-bottom: 3px; padding-left: 0;\">Kunstverein Ludwigsburg, Ludwigsburg, Germany<\/p>\n<p style=\"font-size: 16px; font-weight: bold; margin-top: 12px; margin-bottom: 4px;\">2001<\/p>\n<p style=\"font-size: 16px; font-weight: normal; margin-top: 0; margin-bottom: 3px; padding-left: 0;\">Begijnhof II; Under Construction, Galeria Estrany de la Mota, Barcelona<\/p>\n<p style=\"font-size: 16px; font-weight: normal; margin-top: 0; margin-bottom: 3px; padding-left: 0;\">Espai Lucas, Valencia, Spain<\/p>\n<p style=\"font-size: 16px; font-weight: bold; margin-top: 12px; margin-bottom: 4px;\">2000<\/p>\n<p style=\"font-size: 16px; font-weight: normal; margin-top: 0; margin-bottom: 3px; padding-left: 0;\">City TV (Berlin), Ileana Tounta Contemporary Art Center, Athens, Greece<\/p>\n<p style=\"font-size: 16px; font-weight: normal; margin-top: 0; margin-bottom: 3px; padding-left: 0;\">Street Level Gallery, Glasgow, Norway; Goethe-Institut Manchester, Manchester, United Kingdom; Dublin, Ireland<\/p>\n<p style=\"font-size: 16px; font-weight: bold; margin-top: 12px; margin-bottom: 4px;\">1999<\/p>\n<p style=\"font-size: 16px; font-weight: normal; margin-top: 0; margin-bottom: 3px; padding-left: 0;\">City TV (Berlin), Galerie Haas und Fuchs, Berlin, Germany; Forum Kunst, Rottweil, Germany<\/p>\n<p style=\"font-size: 16px; font-weight: normal; margin-top: 0; margin-bottom: 3px; padding-left: 0;\">Galeria Helga de Alvear, Madrid, Spain<\/p>\n<p style=\"font-size: 16px; font-weight: normal; margin-top: 0; margin-bottom: 3px; padding-left: 0;\">Galerie Art+Public, Geneva, Switzerland<\/p>\n<p style=\"font-size: 16px; font-weight: normal; margin-top: 0; margin-bottom: 3px; padding-left: 0;\">Goethe Institutes Singapore; National Art Gallery, Kuala Lumpur, Malaysia; Jakarta, Indonesia; Bandung, Indonesia; Bratislava, Slovakia; Museum of Imaging Technology, Chulalongkorn University, Bangkok, Thailand<\/p>\n<p style=\"font-size: 16px; font-weight: normal; margin-top: 0; margin-bottom: 3px; padding-left: 0;\">IMAGO'99, Universidad de Salamanca, Centro de Fotografia, Patio de Escuelas, Salamanca, Spain<\/p>\n<p style=\"font-size: 16px; font-weight: bold; margin-top: 12px; margin-bottom: 4px;\">1998<\/p>\n<p style=\"font-size: 16px; font-weight: normal; margin-top: 0; margin-bottom: 3px; padding-left: 0;\">Academy of Fine Arts, Izmir, Turkey; Goethe Institutes Ankara, Turkey and Seoul, Korea.<\/p>\n<p style=\"font-size: 16px; font-weight: normal; margin-top: 0; margin-bottom: 3px; padding-left: 0;\">Frank Thiel, Berl\u00edn, Centro Galego de Arte Contempor\u00e1nea, Santiago de Compostela, Spain<\/p>\n<p style=\"font-size: 16px; font-weight: bold; margin-top: 12px; margin-bottom: 4px;\">1997<\/p>\n<p style=\"font-size: 16px; font-weight: normal; margin-top: 0; margin-bottom: 3px; padding-left: 0;\">Galerie Art+Public, Geneva, Switzerland<\/p>\n<p style=\"font-size: 16px; font-weight: normal; margin-top: 0; margin-bottom: 3px; padding-left: 0;\">Goethe Institute Minsk, Minsk, Russia; Rosizo Gallery, Moscow, Russia<\/p>\n<p style=\"font-size: 16px; font-weight: normal; margin-top: 0; margin-bottom: 3px; padding-left: 0;\">Statements, Art28 Basel, Basel, Switzerland<\/p>\n<p style=\"font-size: 16px; font-weight: bold; margin-top: 12px; margin-bottom: 4px;\">1996<\/p>\n<p style=\"font-size: 16px; font-weight: normal; margin-top: 0; margin-bottom: 3px; padding-left: 0;\">Frank Thiel, Centre Culturel le Parvis, Tarbes, France; Goethe Institute, Brussels, Belgium<\/p>\n<p style=\"font-size: 16px; font-weight: normal; margin-top: 0; margin-bottom: 3px; padding-left: 0;\">Heidelberger Kunstverein, Studio Gallery, Heidelberg, Germany<\/p>\n<p style=\"font-size: 16px; font-weight: normal; margin-top: 0; margin-bottom: 3px; padding-left: 0;\">Hotel Berolina, Galerie Michael Fuchs, Berlin, Germany<\/p>\n<p style=\"font-size: 16px; font-weight: bold; margin-top: 12px; margin-bottom: 4px;\">1995<\/p>\n<p style=\"font-size: 16px; font-weight: normal; margin-top: 0; margin-bottom: 3px; padding-left: 0;\">Goethe Institute, Paris, France; Galerie Cond\u00e9, Paris, France<\/p>\n<p style=\"font-size: 16px; font-weight: normal; margin-top: 0; margin-bottom: 3px; padding-left: 0;\">Prison Gates, Ursula Blickle Foundation, Kraichtal, Germany<\/p>\n<p style=\"font-size: 16px; font-weight: bold; margin-top: 12px; margin-bottom: 4px;\">1993<\/p>\n<p style=\"font-size: 16px; font-weight: normal; margin-top: 0; margin-bottom: 3px; padding-left: 0;\">Modulo, Centro Difusor de Arte, Lisbon, Portugal<\/p>\n<p style=\"font-size: 16px; font-weight: bold; margin-top: 12px; margin-bottom: 4px;\">1992<\/p>\n<p style=\"font-size: 16px; font-weight: normal; margin-top: 0; margin-bottom: 3px; padding-left: 0;\">Galerie Zellermayer, Berlin, Germany<\/p>\n<p style=\"font-size: 16px; font-weight: bold; margin-top: 12px; margin-bottom: 4px;\">1991<\/p>\n<p style=\"font-size: 16px; font-weight: normal; margin-top: 0; margin-bottom: 3px; padding-left: 0;\">Galerie Zellermayer, Berlin, Germany<\/p>\n<h2 style=\"font-size: 18px; font-weight: bold; text-decoration: underline; margin-top: 25px; margin-bottom: 10px;\">GROUP EXHIBITIONS<\/h2>\n<p style=\"font-size: 16px; font-weight: bold; margin-top: 12px; margin-bottom: 4px;\">2025<\/p>\n<p style=\"font-size: 16px; font-weight: normal; margin-top: 0; margin-bottom: 3px; padding-left: 0;\">Despu\u00e9s de todo: Fotograf\u00eda en la Colecci\u00f3n Helga de Alvear, Espacio Cultural Serrer\u00eda Belga, Madri, Espanha<\/p>\n<p style=\"font-size: 16px; font-weight: normal; margin-top: 0; margin-bottom: 3px; padding-left: 0;\">Parsifal, Galeria Helga de Alvear, Madrid, Spain<\/p>\n<p style=\"font-size: 16px; font-weight: bold; margin-top: 12px; margin-bottom: 4px;\">2024<\/p>\n<p style=\"font-size: 16px; font-weight: normal; margin-top: 0; margin-bottom: 3px; padding-left: 0;\">The Fog of War, Meckelhalle Freiburg, Germany (touring exhibition)<\/p>\n<p style=\"font-size: 16px; font-weight: bold; margin-top: 12px; margin-bottom: 4px;\">2023<\/p>\n<p style=\"font-size: 16px; font-weight: normal; margin-top: 0; margin-bottom: 3px; padding-left: 0;\">The Fog of War, Goethe Institute in Tbilisi, Georgia; Goethe Institute Almaty, Kazakhstan; Meckelhalle, Freiburg, Germany (touring exhibition)<\/p>\n<p style=\"font-size: 16px; font-weight: normal; margin-top: 0; margin-bottom: 3px; padding-left: 0;\">Photography in Between: Photography in the IVAM collection after 1950, Institut Valenci\u00e0 d'Art Modern, Val\u00e9ncia, Spain<\/p>\n<p style=\"font-size: 16px; font-weight: normal; margin-top: 0; margin-bottom: 3px; padding-left: 0;\">The Whole Palette, Kunstmuseum Liechtenstein, Vaduz, Liechtenstein<\/p>\n<p style=\"font-size: 16px; font-weight: bold; margin-top: 12px; margin-bottom: 4px;\">2022<\/p>\n<p style=\"font-size: 16px; font-weight: normal; margin-top: 0; margin-bottom: 3px; padding-left: 0;\">Belonging \u2013 works from the collection of the European Investment Bank, Bourn Vincent Gallery of the University of Limerick, Limerick, Ireland<\/p>\n<p style=\"font-size: 16px; font-weight: normal; margin-top: 0; margin-bottom: 3px; padding-left: 0;\">Perspectives: Recent Gifts of Contemporary Art, Eastman Museum, Rochester, New York, United States<\/p>\n<p style=\"font-size: 16px; font-weight: normal; margin-top: 0; margin-bottom: 3px; padding-left: 0;\">Matador 25 Years. Journey to the heart of a mythical magazine, Fern\u00e1n G\u00f3mez, Centro Cultural de la Villa, Madrid, Spain<\/p>\n<p style=\"font-size: 16px; font-weight: normal; margin-top: 0; margin-bottom: 3px; padding-left: 0;\">T\u00e1ctica Sint\u00e1ctica, Centro de Arte de Dos de Mayo, Madrid, Spain<\/p>\n<p style=\"font-size: 16px; font-weight: normal; margin-top: 0; margin-bottom: 3px; padding-left: 0;\">The Big Picture: Photography's Moment, Nassau County Museum of Art, Roslyn, New York, United States<\/p>\n<p style=\"font-size: 16px; font-weight: normal; margin-top: 0; margin-bottom: 3px; padding-left: 0;\">The Fog of War, Goethe-Center Baku, Kapellhaus, Baku, Azerbaijan (touring exhibition)<\/p>\n<p style=\"font-size: 16px; font-weight: normal; margin-top: 0; margin-bottom: 3px; padding-left: 0;\">The MAST Collection. A visual alphabet of industry, work and technology, MAST Foundation, Bologna, Italy<\/p>\n<p style=\"font-size: 16px; font-weight: bold; margin-top: 12px; margin-bottom: 4px;\">2021<\/p>\n<p style=\"font-size: 16px; font-weight: normal; margin-top: 0; margin-bottom: 3px; padding-left: 0;\">Fotografo o que n\u00e3o vejo, Instituto Figueiredo Ferraz, S\u00e3o Paulo, Brazil<\/p>\n<p style=\"font-size: 16px; font-weight: normal; margin-top: 0; margin-bottom: 3px; padding-left: 0;\">Helga de Alvear Collection, Museum of Contemporary Art Helga de Alvear, C\u00e1ceres, Spain<\/p>\n<p style=\"font-size: 16px; font-weight: normal; margin-top: 0; margin-bottom: 3px; padding-left: 0;\">Janelas para dentro (Inward Windows), Casa Mill\u00e1n, S\u00e3o Paulo, Brazil<\/p>\n<p style=\"font-size: 16px; font-weight: normal; margin-top: 0; margin-bottom: 3px; padding-left: 0;\">Moving Memories, Cocoon, Fi\u015fekhane, Istanbul, Turkey<\/p>\n<p style=\"font-size: 16px; font-weight: normal; margin-top: 0; margin-bottom: 3px; padding-left: 0;\">Photography in the middle, Photography in the IVAM collection after 1950, Valencian Institute of Modern Art, IVAM, Valencia, Spain<\/p>\n<p style=\"font-size: 16px; font-weight: normal; margin-top: 0; margin-bottom: 3px; padding-left: 0;\">Thousand Ways to Say City, Gagliardi and Somke Contemporary, Turin, Italy<\/p>\n<p style=\"font-size: 16px; font-weight: normal; margin-top: 0; margin-bottom: 3px; padding-left: 0;\">Water Reverie, Borusan Contemporary, Istanbul, Turkey<\/p>\n<p style=\"font-size: 16px; font-weight: normal; margin-top: 0; margin-bottom: 3px; padding-left: 0;\">What is a Collection made of?, Flux and Metamorphosis, Centro de Arte Contempor\u00e2nea e Coimbra, Coimbra, Portugal<\/p>\n<p style=\"font-size: 16px; font-weight: normal; margin-top: 0; margin-bottom: 3px; padding-left: 0;\">Wire Frame, A virtual exhibition curated by Mika Tajima, Hill Art Foundation, New York, United States<\/p>\n<p style=\"font-size: 16px; font-weight: bold; margin-top: 12px; margin-bottom: 4px;\">2020<\/p>\n<p style=\"font-size: 16px; font-weight: normal; margin-top: 0; margin-bottom: 3px; padding-left: 0;\">Eclectic. Photography from the Gagliardi Collection, Gagliardi e Domke Contemporary, Torino, Italy<\/p>\n<p style=\"font-size: 16px; font-weight: normal; margin-top: 0; margin-bottom: 3px; padding-left: 0;\">Nach uns die Sintflut, Kunst Haus Wien, Vienna, Austria<\/p>\n<p style=\"font-size: 16px; font-weight: normal; margin-top: 0; margin-bottom: 3px; padding-left: 0;\">Parley Collective x Vortic, initiative by Parley for the Oceans and Vortic in collaboration with 12 galleries, New York, United States (digital exhibition)<\/p>\n<p style=\"font-size: 16px; font-weight: normal; margin-top: 0; margin-bottom: 3px; padding-left: 0;\">The Exhibition \u2013 Collect Wisely, Sean Kelly Gallery, New York, United States (digital exhibition)<\/p>\n<p style=\"font-size: 16px; font-weight: normal; margin-top: 0; margin-bottom: 3px; padding-left: 0;\">The World to Come: Art in the Age of the Anthropocene, DePaul Art Museum, Chicago, Unites States<\/p>\n<p style=\"font-size: 16px; font-weight: normal; margin-top: 0; margin-bottom: 3px; padding-left: 0;\">Water Reverie, Borusan Contemporary Art Collection, Istanbul, Turkey<\/p>\n<p style=\"font-size: 16px; font-weight: normal; margin-top: 0; margin-bottom: 3px; padding-left: 0;\">WELTREISE. Kunst aus Deutschland unterwegs. Werke aus dem Kunstbestand des IFA 1949 \u2014 heute, Art Palace, Minsk, Belarus (touring exhibition)<\/p>\n<p style=\"font-size: 16px; font-weight: normal; margin-top: 0; margin-bottom: 3px; padding-left: 0;\">World Peace, MoCA Westport, Connecticut, United States<\/p>\n<p style=\"font-size: 16px; font-weight: bold; margin-top: 12px; margin-bottom: 4px;\">2019<\/p>\n<p style=\"font-size: 16px; font-weight: normal; margin-top: 0; margin-bottom: 3px; padding-left: 0;\">4th Montevideo Biennial - Traves\u00edas Atl\u00e1nticas (curated by Alfons Hug and Alejandro Cruz), Montevideo, Uruguay<\/p>\n<p style=\"font-size: 16px; font-weight: normal; margin-top: 0; margin-bottom: 3px; padding-left: 0;\">My Garden of Eden (curated by Bob van Orsouw), Christopher Guye Galerie, Z\u00fcrich, Switzerland<\/p>\n<p style=\"font-size: 16px; font-weight: normal; margin-top: 0; margin-bottom: 3px; padding-left: 0;\">A Doll's House (curated by Alfons Hug and Asli Samadova), Goethe Institut, German-Azerbaijani Cultural Association, Kapellhaus, Baku, Azerbaijan; Goethe Institut, Tbilsi, Georgia<\/p>\n<p style=\"font-size: 16px; font-weight: normal; margin-top: 0; margin-bottom: 3px; padding-left: 0;\">Epidermis \u2013 Conditio humana \u2013 Cosmos Works from the Hilti Art Foundation, Kunstmuseunm Liechntenstein, Vaduz, Liechtenstein<\/p>\n<p style=\"font-size: 16px; font-weight: normal; margin-top: 0; margin-bottom: 3px; padding-left: 0;\">The World to Come: Art in the Age of the Anthropocene, University of Michigan Museum of Art, Ann Arbor, Michigan, United States<\/p>\n<p style=\"font-size: 16px; font-weight: bold; margin-top: 12px; margin-bottom: 4px;\">2018<\/p>\n<p style=\"font-size: 16px; font-weight: normal; margin-top: 0; margin-bottom: 3px; padding-left: 0;\">The World to Come: Art in the Age of the Anthropocene, Harn Museum of Art, University of Florida, Gainesville, United States<\/p>\n<p style=\"font-size: 16px; font-weight: normal; margin-top: 0; margin-bottom: 3px; padding-left: 0;\">Beyond Borders (curated by Delphine Munro and Michket Krifa), Boghossian Foundation, Brussels, Belgium<\/p>\n<p style=\"font-size: 16px; font-weight: normal; margin-top: 0; margin-bottom: 3px; padding-left: 0;\">11th Mercosul Biennial, O Tri\u00e2ngulo do Atl\u00e2ntico (curated by Alfons Hug and Paula Borghi), Porto Alegre, Brazil<\/p>\n<p style=\"font-size: 16px; font-weight: normal; margin-top: 0; margin-bottom: 3px; padding-left: 0;\">Before and Behind the Lens. Photography in the Collection, Moderna Museet, Stockholm, Sweden<\/p>\n<p style=\"font-size: 16px; font-weight: normal; margin-top: 0; margin-bottom: 3px; padding-left: 0;\">EDIFICE, COMPLEX, VISIONARY, STRUCTURE, Sean Kelly, New York, United States<\/p>\n<p style=\"font-size: 16px; font-weight: bold; margin-top: 12px; margin-bottom: 4px;\">2017<\/p>\n<p style=\"font-size: 16px; font-weight: normal; margin-top: 0; margin-bottom: 3px; padding-left: 0;\">Remains of the Days, Borusan Contemporary, Istanbul, Turkey<\/p>\n<p style=\"font-size: 16px; font-weight: normal; margin-top: 0; margin-bottom: 3px; padding-left: 0;\">Selected, Sean Kelly, New York, United States<\/p>\n<p style=\"font-size: 16px; font-weight: normal; margin-top: 0; margin-bottom: 3px; padding-left: 0;\">Viajando Pelo Mundo, Pa\u00e7o Imperial, Rio de Janeiro, Brazil<\/p>\n<p style=\"font-size: 16px; font-weight: bold; margin-top: 12px; margin-bottom: 4px;\">2016<\/p>\n<p style=\"font-size: 16px; font-weight: normal; margin-top: 0; margin-bottom: 3px; padding-left: 0;\">Viaje alrededor del mundo, Instituto Cultural Caba\u00f1as &amp; Museo de Arte de Zapopan, Guadalajara, Mexico<\/p>\n<p style=\"font-size: 16px; font-weight: normal; margin-top: 0; margin-bottom: 3px; padding-left: 0;\">The Antarctic Sublime &amp; Elements of Nature: Water, The Dayton Art Institute, Dayton, United States<\/p>\n<p style=\"font-size: 16px; font-weight: normal; margin-top: 0; margin-bottom: 3px; padding-left: 0;\">Deck Voyage (curated by Necmi S\u00f6nmez), Borusan Contemporary, Istanbul, Turkey<\/p>\n<p style=\"font-size: 16px; font-weight: normal; margin-top: 0; margin-bottom: 3px; padding-left: 0;\">Fora da ordem - Obras da Cole\u00e7\u00e3o Helga de Alvear, Pinacoteca do Estado de S\u00e3o Paulo, S\u00e3o Paulo, Brazil<\/p>\n<p style=\"font-size: 16px; font-weight: normal; margin-top: 0; margin-bottom: 3px; padding-left: 0;\">Zeitgeist: a Arte da Nova Berlim (curated by Alfons Hug), Centro Cultural Banco do Brasil, Rio de Janeiro, Brazil<\/p>\n<p style=\"font-size: 16px; font-weight: bold; margin-top: 12px; margin-bottom: 4px;\">2015<\/p>\n<p style=\"font-size: 16px; font-weight: normal; margin-top: 0; margin-bottom: 3px; padding-left: 0;\">WELTREISE. Kunst aus Deutschland unterwegs. Werke aus dem Kunstbestand des IFA 1949 \u2014 heute, Busan Museum of Art, Busan, South Korea (touring exhibition)<\/p>\n<p style=\"font-size: 16px; font-weight: normal; margin-top: 0; margin-bottom: 3px; padding-left: 0;\">Convergence(s), works from The European Investment Bank Collection, Cercle Cit\u00e9, Luxembourg<\/p>\n<p style=\"font-size: 16px; font-weight: normal; margin-top: 0; margin-bottom: 3px; padding-left: 0;\">Zeitgeist: a Arte da Nova Berlim (curated by Alfons Hug), Centro Cultura Banco do Brasil, Belo Horizonte, Rio de Janeiro, Brazil (touring exhibition)<\/p>\n<p style=\"font-size: 16px; font-weight: normal; margin-top: 0; margin-bottom: 3px; padding-left: 0;\">Framing Desire: Photography and Video, The Modern Art Museum of Fort Worth, Fort Worth, United States<\/p>\n<p style=\"font-size: 16px; font-weight: normal; margin-top: 0; margin-bottom: 3px; padding-left: 0;\">Landscape in My Mind. Landscape Photography Today, Kunstforum Vienna, Vienna, Austria<\/p>\n<p style=\"font-size: 16px; font-weight: bold; margin-top: 12px; margin-bottom: 4px;\">2014<\/p>\n<p style=\"font-size: 16px; font-weight: normal; margin-top: 0; margin-bottom: 3px; padding-left: 0;\">Momento Contempor\u00e2neo (curated by Paulo Ven\u00e2ncio Filho), Instituto Figueiredo Ferraz, Ribeir\u00e3o Preto, Brazil<\/p>\n<p style=\"font-size: 16px; font-weight: normal; margin-top: 0; margin-bottom: 3px; padding-left: 0;\">Las l\u00e1grimas de las cosas \/ The Tears of Things, Centro de Artes Visuales Fundaci\u00f3n Helga de Alvear, C\u00e1ceres, Spain<\/p>\n<p style=\"font-size: 16px; font-weight: normal; margin-top: 0; margin-bottom: 3px; padding-left: 0;\">We, the Enemy \u2013 Leben unter Verdacht, European Media Art Festival, Kunsthalle Osnabr\u00fcck, Germany<\/p>\n<p style=\"font-size: 16px; font-weight: normal; margin-top: 0; margin-bottom: 3px; padding-left: 0;\">Forms of Attraction: Kjaerholm, Tenreiro and Selected Works, Sean Kelly, New York, United States<\/p>\n<p style=\"font-size: 16px; font-weight: normal; margin-top: 0; margin-bottom: 3px; padding-left: 0;\">WELTREISE. Kunst aus Deutschland unterwegs. Werke aus dem Kunstbestand des IFA 1949 \u2014 heute, Moscow Museum Of Modern Art, Moscow, Russia (touring exhibition)<\/p>\n<p style=\"font-size: 16px; font-weight: normal; margin-top: 0; margin-bottom: 3px; padding-left: 0;\">Accrochage, Galerie Michael Fuchs, Berlin, Germany<\/p>\n<p style=\"font-size: 16px; font-weight: normal; margin-top: 0; margin-bottom: 3px; padding-left: 0;\">Hatje Cantz &amp; du Moulin im Bikini, Bikini, Berlin, Germany<\/p>\n<p style=\"font-size: 16px; font-weight: bold; margin-top: 12px; margin-bottom: 4px;\">2013<\/p>\n<p style=\"font-size: 16px; font-weight: normal; margin-top: 0; margin-bottom: 3px; padding-left: 0;\">El Arte Del Presente, Colecci\u00f3n Helga de Alvear, Centro Cibeles de Cultura Ciudadan\u00eda, Palacio de Cibeles, Madrid, Spain<\/p>\n<p style=\"font-size: 16px; font-weight: normal; margin-top: 0; margin-bottom: 3px; padding-left: 0;\">Vues d'en haut \/ Views From Above, Centre Pompidou-Metz, Metz, France<\/p>\n<p style=\"font-size: 16px; font-weight: normal; margin-top: 0; margin-bottom: 3px; padding-left: 0;\">Inner Journeys, Maison Particuli\u00e8re, Brussels, Belgium<\/p>\n<p style=\"font-size: 16px; font-weight: normal; margin-top: 0; margin-bottom: 3px; padding-left: 0;\">Blider einer Stadt, Pavlov`s Dog, Berlin, Germany<\/p>\n<p style=\"font-size: 16px; font-weight: normal; margin-top: 0; margin-bottom: 3px; padding-left: 0;\">WELTREISE. Kunst aus Deutschland unterwegs. Werke aus dem Kunstbestand des IFA 1949 \u2014 heute, Museum f\u00fcr Neue Kunst, ZKM, Karlsruhe, Germany (touring exhibition)<\/p>\n<p style=\"font-size: 16px; font-weight: normal; margin-top: 0; margin-bottom: 3px; padding-left: 0;\">Stadt in Sicht - Werke aus der Sammlung Deutsche Bank. Von Feininger bis Gursky, Museum Ostwall, Dortmund, Germany<\/p>\n<p style=\"font-size: 16px; font-weight: bold; margin-top: 12px; margin-bottom: 4px;\">2012<\/p>\n<p style=\"font-size: 16px; font-weight: normal; margin-top: 0; margin-bottom: 3px; padding-left: 0;\">Al\u00e9m da Forma, Instituto Figueiredo Ferraz, Ribeir\u00e3o Preto, Brazil<\/p>\n<p style=\"font-size: 16px; font-weight: normal; margin-top: 0; margin-bottom: 3px; padding-left: 0;\">CIFO: Una mirada m\u00faltiple. Selecciones de la Colecci\u00f3n Ella Fontanals-Cisneros, Museo Nacional de Bellas Artes, Havana, Cuba<\/p>\n<p style=\"font-size: 16px; font-weight: normal; margin-top: 0; margin-bottom: 3px; padding-left: 0;\">The Gallery Collection, Galerie Bob van Orsouw, Zurich, Switzerland<\/p>\n<p style=\"font-size: 16px; font-weight: normal; margin-top: 0; margin-bottom: 3px; padding-left: 0;\">Elton John's AIDS Foundation Photography Portfolio II, Marian Goodman Gallery, New York, United States<\/p>\n<p style=\"font-size: 16px; font-weight: normal; margin-top: 0; margin-bottom: 3px; padding-left: 0;\">Juegos de Lenguaje, Una introducci\u00f3n al arte de nuestro tiempo, Centro de Artes Visuales Fundaci\u00f3n Helga de Alvear, C\u00e1ceres, Spain<\/p>\n<p style=\"font-size: 16px; font-weight: normal; margin-top: 0; margin-bottom: 3px; padding-left: 0;\">Fotografia Contempor\u00e2nea, Galeria Cordeiros, Porto, Portugal<\/p>\n<p style=\"font-size: 16px; font-weight: normal; margin-top: 0; margin-bottom: 3px; padding-left: 0;\">Under Construction: Art and Architecture in the Collection Teixeira de Freitas, TEA Tenerife Espacio de las Artes, Santa Cruz de Tenerife, Tenerife, Spain<\/p>\n<p style=\"font-size: 16px; font-weight: normal; margin-top: 0; margin-bottom: 3px; padding-left: 0;\">First Choice\u2014From Private Collections V, Galerie Carzaniga, Basel, Switzerland<\/p>\n<p style=\"font-size: 16px; font-weight: bold; margin-top: 12px; margin-bottom: 4px;\">2011<\/p>\n<p style=\"font-size: 16px; font-weight: normal; margin-top: 0; margin-bottom: 3px; padding-left: 0;\">Left Behind: Selected Gifts from the Heather and Tony Podesta Collection, The Philips Collection, Washington, United States<\/p>\n<p style=\"font-size: 16px; font-weight: normal; margin-top: 0; margin-bottom: 3px; padding-left: 0;\">Portraits of Artists, Sean Kelly Gallery, New York, United States<\/p>\n<p style=\"font-size: 16px; font-weight: normal; margin-top: 0; margin-bottom: 3px; padding-left: 0;\">*Plus que vrai!, Genomic Center for the Arts, Saint Die des Vosges, France<\/p>\n<p style=\"font-size: 16px; font-weight: normal; margin-top: 0; margin-bottom: 3px; padding-left: 0;\">Ludwig Schwarz: On Painting, Dallas Contemporary, Dallas, United States<\/p>\n<p style=\"font-size: 16px; font-weight: normal; margin-top: 0; margin-bottom: 3px; padding-left: 0;\">Private Art Collection, Bob van Orsouw, Zurich, Switzerland<\/p>\n<p style=\"font-size: 16px; font-weight: normal; margin-top: 0; margin-bottom: 3px; padding-left: 0;\">Still (curated by Diedrich Diederichsen), Galerie Michael Fuchs, Berlin, Germany<\/p>\n<p style=\"font-size: 16px; font-weight: normal; margin-top: 0; margin-bottom: 3px; padding-left: 0;\">Gentes e Lugares \/ People and Places. O Novo Som e a Imagem na Colec\u00e7\u00e3o Berardo \/ The New Sound and Image in the Berardo Collection, Museu Colec\u00e7\u00e3o Berardo, Lisbon, Portugal<\/p>\n<p style=\"font-size: 16px; font-weight: normal; margin-top: 0; margin-bottom: 3px; padding-left: 0;\">Portraits &amp; Faces, Heldart | Matthias Held, Berlin, Germany<\/p>\n<p style=\"font-size: 16px; font-weight: bold; margin-top: 12px; margin-bottom: 4px;\">2010<\/p>\n<p style=\"font-size: 16px; font-weight: normal; margin-top: 0; margin-bottom: 3px; padding-left: 0;\">Schimmern\/ Shimmering, Magazin 4, Bregenzer Kunstverein, Bregenz, Austria<\/p>\n<p style=\"font-size: 16px; font-weight: normal; margin-top: 0; margin-bottom: 3px; padding-left: 0;\">*FOOTNOTE NUMBER FOUR: On Rem Koolhaas and Harald Szeemann, curated by Raimundas Malasauskas and Sophie von Olfers, Artists Space, New York, United States<\/p>\n<p style=\"font-size: 16px; font-weight: normal; margin-top: 0; margin-bottom: 3px; padding-left: 0;\">Nullpunkt \/ Ground Zero (curated by Martin Herbert), Magazin 4, Bregenzer Kunstverein, Bregenz, Austria<\/p>\n<p style=\"font-size: 16px; font-weight: normal; margin-top: 0; margin-bottom: 3px; padding-left: 0;\">Art and Architecture in Contemporary Photographs, Yossi Milo Gallery, New York, United States<\/p>\n<p style=\"font-size: 16px; font-weight: normal; margin-top: 0; margin-bottom: 3px; padding-left: 0;\">Building Blocks (curated by Diedrich Diederichsen), Galerie f\u00fcr Zeitgen\u00f6ssische Kunst, Leipzig, Germany<\/p>\n<p style=\"font-size: 16px; font-weight: normal; margin-top: 0; margin-bottom: 3px; padding-left: 0;\">Colecci\u00f3n Berg\u00e9, Heterotop\u00edas. Una aproximaci\u00f3n a las narrativas disidentes, MARCO Museo de Arte Contempor\u00e1neo de Vigo, Spain<\/p>\n<p style=\"font-size: 16px; font-weight: normal; margin-top: 0; margin-bottom: 3px; padding-left: 0;\">Accrochage, Michael Fuchs Galerie, Berlin, Germany<\/p>\n<p style=\"font-size: 16px; font-weight: normal; margin-top: 0; margin-bottom: 3px; padding-left: 0;\">Estancias, Residencias, Presencias. Una construcci\u00f3n particular, TEA Tenerife Espacio de las Artes, Santa Cruz de Tenerife, Spain<\/p>\n<p style=\"font-size: 16px; font-weight: normal; margin-top: 0; margin-bottom: 3px; padding-left: 0;\">Inside Out, Photography After Form: Selections from the Ella Fontanals-Cisneros, Collection, Cisneros Fontanals Art Foundation, Miami, United States<\/p>\n<p style=\"font-size: 16px; font-weight: normal; margin-top: 0; margin-bottom: 3px; padding-left: 0;\">Menos Tiempo que Lugar, El Arte de la Independencia: Ecos Contempor\u00e1neos, Palais de Glace - Palacio Nacional de las Artes, Buenos Aires, Argentina; Museo Nacional de Bellas Artes, Santiago, Chile; Museo de Antioquia, Medell\u00edn, Colombia (touring exhibition)<\/p>\n<p style=\"font-size: 16px; font-weight: normal; margin-top: 0; margin-bottom: 3px; padding-left: 0;\">Out of Control\u2014Berlin, BIP2010 - 7\u00e8me Biennale Internationale de la Photographie et des Arts visuels, Le Grand Curtius, Li\u00e8ge, Belgium<\/p>\n<p style=\"font-size: 16px; font-weight: bold; margin-top: 12px; margin-bottom: 4px;\">2009<\/p>\n<p style=\"font-size: 16px; font-weight: normal; margin-top: 0; margin-bottom: 3px; padding-left: 0;\">Atlas Cartographie du don (curated by Elia Pijollet), Mus\u00e9e de la Civilisation, Quebec, Canada<\/p>\n<p style=\"font-size: 16px; font-weight: normal; margin-top: 0; margin-bottom: 3px; padding-left: 0;\">La luz en la Colecci\u00f3n Helga de Alvear \/ Light in the Helga de Alvear Collection, Centro de Artes Visuales Fundaci\u00f3n Helga de Alvear, C\u00e1ceres, Spain<\/p>\n<p style=\"font-size: 16px; font-weight: normal; margin-top: 0; margin-bottom: 3px; padding-left: 0;\">The Poetic Document, National Gallery of Canada, Ottawa, Canada<\/p>\n<p style=\"font-size: 16px; font-weight: normal; margin-top: 0; margin-bottom: 3px; padding-left: 0;\">Heimat Moderne. Die Fotografie von Arno Fischer bis Frank Thiel, Stadtmuseum Oldenburg, Oldenburg, Germany<\/p>\n<p style=\"font-size: 16px; font-weight: normal; margin-top: 0; margin-bottom: 3px; padding-left: 0;\">Arbeiten in Berlin, Werke aus der Berlinischen Galerie (curated by J\u00f6rn Merkert), W\u00fcrttembergischer Kunstverein, Stuttgart, Germany<\/p>\n<p style=\"font-size: 16px; font-weight: normal; margin-top: 0; margin-bottom: 3px; padding-left: 0;\">Universos Desdoblados, MARCO Museo de Arte Contempor\u00e1neo de Monterrey, Monterrey, Mexico<\/p>\n<p style=\"font-size: 16px; font-weight: normal; margin-top: 0; margin-bottom: 3px; padding-left: 0;\">Landpartie II. Kunst in und aus Brandenburg 1999 \u2013 2009, Brandenburgischer Kunstverein Potsdam e.V., Potsdam, Germany<\/p>\n<p style=\"font-size: 16px; font-weight: normal; margin-top: 0; margin-bottom: 3px; padding-left: 0;\">Artists Of The Gallery, A Special Selection, Galerie Krinzinger, Vienna, Austria<\/p>\n<p style=\"font-size: 16px; font-weight: normal; margin-top: 0; margin-bottom: 3px; padding-left: 0;\">As Time Goes By, Kunstwerke \u00fcber Zeit, Berlinische Galerie, Museum f\u00fcr Moderne Kunst, Fotografie und Architektur, Berlin, Germany<\/p>\n<p style=\"font-size: 16px; font-weight: normal; margin-top: 0; margin-bottom: 3px; padding-left: 0;\">Berlin 89\/09 \u2013 Kunst zwischen Spurensuche und Utopie, Museum f\u00fcr Moderne Kunst, Fotografie und Architektur, Berlin, Germany<\/p>\n<p style=\"font-size: 16px; font-weight: normal; margin-top: 0; margin-bottom: 3px; padding-left: 0;\">Berlin Now, Gallery Camera Work, Berlin, Germany<\/p>\n<p style=\"font-size: 16px; font-weight: normal; margin-top: 0; margin-bottom: 3px; padding-left: 0;\">Intersecciones: Memoria, Realidad y Nuevos Tiempos, X Bienal de Cuenca, Cuenca, Ecuador<\/p>\n<p style=\"font-size: 16px; font-weight: normal; margin-top: 0; margin-bottom: 3px; padding-left: 0;\">Kunst und \u00d6ffentlichkeit. 40 Jahre Neuer Berliner Kunstverein, Neuer Berliner Kunstverein, Berlin, Germany<\/p>\n<p style=\"font-size: 16px; font-weight: normal; margin-top: 0; margin-bottom: 3px; padding-left: 0;\">private view, St\u00e4dtische Galerie Villingen-Schwenningen, Villingen-Schwenningen, Germany<\/p>\n<p style=\"font-size: 16px; font-weight: bold; margin-top: 12px; margin-bottom: 4px;\">2008<\/p>\n<p style=\"font-size: 16px; font-weight: normal; margin-top: 0; margin-bottom: 3px; padding-left: 0;\">Artist-Citizen, Contextual Art Practices, 49th October Salon, Belgrade, Serbia<\/p>\n<p style=\"font-size: 16px; font-weight: normal; margin-top: 0; margin-bottom: 3px; padding-left: 0;\">Constructio, Galer\u00eda Antonio de Barnola, Barcelona, Spain<\/p>\n<p style=\"font-size: 16px; font-weight: normal; margin-top: 0; margin-bottom: 3px; padding-left: 0;\">The Prisoner's Dilemma: How Artists Respond to the Exercise of Power in Contemporary Life, Selections from the Ella Fontanals-Cisneros Collection, Cisneros Fontanals Art Foundation, Miami, United States<\/p>\n<p style=\"font-size: 16px; font-weight: normal; margin-top: 0; margin-bottom: 3px; padding-left: 0;\">Rel\u00edquias &amp; Ru\u00ednas, SESC Paulista, S\u00e3o Paulo, Brazil<\/p>\n<p style=\"font-size: 16px; font-weight: normal; margin-top: 0; margin-bottom: 3px; padding-left: 0;\">Paix\u00f3ns Privadas, Visi\u00f3ns P\u00fablicas, MARCO, Museo de Arte Contempor\u00e1neo de Vigo, Vigo, Spain<\/p>\n<p style=\"font-size: 16px; font-weight: normal; margin-top: 0; margin-bottom: 3px; padding-left: 0;\">Atemporalidad, Colecci\u00f3n PECAR, Museo de Bellas Artes de Santander, Santander, Spain<\/p>\n<p style=\"font-size: 16px; font-weight: normal; margin-top: 0; margin-bottom: 3px; padding-left: 0;\">Summer Exhibition, Cook Fine Art, New York, United States<\/p>\n<p style=\"font-size: 16px; font-weight: normal; margin-top: 0; margin-bottom: 3px; padding-left: 0;\">En face \/ surface, Grita Insam Gallery, Vienna, Austria<\/p>\n<p style=\"font-size: 16px; font-weight: normal; margin-top: 0; margin-bottom: 3px; padding-left: 0;\">Generational Issue, CGAC Centro Galego de Arte Contempor\u00e1nea, Santiago de Compostela, Spain<\/p>\n<p style=\"font-size: 16px; font-weight: bold; margin-top: 12px; margin-bottom: 4px;\">2007<\/p>\n<p style=\"font-size: 16px; font-weight: normal; margin-top: 0; margin-bottom: 3px; padding-left: 0;\">Janus\u2014The Double Face of Photography, Holdings from the Permanent Collection, Museo Nacional Centro de Arte Reina Sof\u00eda, Madrid, Spain<\/p>\n<p style=\"font-size: 16px; font-weight: normal; margin-top: 0; margin-bottom: 3px; padding-left: 0;\">Rel\u00edquias &amp; Ru\u00ednas, Centro Cultural Oi Futuro, Rio de Janeiro, Brazil; SESC Paulista, S\u00e3o Paulo, Brazil<\/p>\n<p style=\"font-size: 16px; font-weight: normal; margin-top: 0; margin-bottom: 3px; padding-left: 0;\">Global Anxieties: Perspectives on a Changing Planet, The College of Wooster Art Museum, Wooster, United States<\/p>\n<p style=\"font-size: 16px; font-weight: normal; margin-top: 0; margin-bottom: 3px; padding-left: 0;\">A Generational Question, Centro Galego de Arte Contempor\u00e1nea, Santiago de Compostela, Spain<\/p>\n<p style=\"font-size: 16px; font-weight: normal; margin-top: 0; margin-bottom: 3px; padding-left: 0;\">La vida privada: Representations of Tragedy and Contemporary Banalities, Colecci\u00f3n Josep Ma Civit, CDAN Centro de Arte y Naturaleza \u2013 Fundaci\u00f3n Beulas, Huesca, Spain<\/p>\n<p style=\"font-size: 16px; font-weight: normal; margin-top: 0; margin-bottom: 3px; padding-left: 0;\">Poul Kj\u00e6rholm: Structures and Surfaces, Sean Kelly and R Gallery, New York, United States<\/p>\n<p style=\"font-size: 16px; font-weight: normal; margin-top: 0; margin-bottom: 3px; padding-left: 0;\">Spectacular Space, Galerie Bob van Orsow, Z\u00fcrich, Switzerland<\/p>\n<p style=\"font-size: 16px; font-weight: normal; margin-top: 0; margin-bottom: 3px; padding-left: 0;\">Pure, Sean Kelly, New York, United States<\/p>\n<p style=\"font-size: 16px; font-weight: normal; margin-top: 0; margin-bottom: 3px; padding-left: 0;\">Fa\u00e7ade, Architecture, Space, Cook Fine Art, New York, United States<\/p>\n<p style=\"font-size: 16px; font-weight: normal; margin-top: 0; margin-bottom: 3px; padding-left: 0;\">Guests, Galer\u00eda Juan Sili\u00f3, Santander, Spain<\/p>\n<p style=\"font-size: 16px; font-weight: bold; margin-top: 12px; margin-bottom: 4px;\">2006<\/p>\n<p style=\"font-size: 16px; font-weight: normal; margin-top: 0; margin-bottom: 3px; padding-left: 0;\">Berlin-Tokyo\/Tokyo-Berlin. A Tale of Two Cities, Mori Art Museum, Tokyo, Japan; Neue Nationalgalerie, Berlin, Germany<\/p>\n<p style=\"font-size: 16px; font-weight: normal; margin-top: 0; margin-bottom: 3px; padding-left: 0;\">Big City Lab, Art Forum Berlin, Berlin, Germany<\/p>\n<p style=\"font-size: 16px; font-weight: normal; margin-top: 0; margin-bottom: 3px; padding-left: 0;\">Constructing New Berlin, Phoenix Art Museum, Phoenix, Arizona; Bass Museum of Art, Miami Beach, United States<\/p>\n<p style=\"font-size: 16px; font-weight: normal; margin-top: 0; margin-bottom: 3px; padding-left: 0;\">Flic Flac, Museum f\u00fcr Moderne Kunst, Fotografie und Architektur, Berlin, Germany<\/p>\n<p style=\"font-size: 16px; font-weight: normal; margin-top: 0; margin-bottom: 3px; padding-left: 0;\">Glasskultur: What Became of Transparence? Koldo Mitxelena, San Sebasti\u00e1n, Spain; Centre d'Art La Panera, L\u00e9rida, Spain<\/p>\n<p style=\"font-size: 16px; font-weight: normal; margin-top: 0; margin-bottom: 3px; padding-left: 0;\">Helga de Alvear \u2013 Concepts for a Collection, Exhibition Centre of Centro Cultural de Bel\u00e9m, Brazil<\/p>\n<p style=\"font-size: 16px; font-weight: normal; margin-top: 0; margin-bottom: 3px; padding-left: 0;\">Hundred Kisses Are Better Than One, Krinzinger Projects, Vienna, Austria<\/p>\n<p style=\"font-size: 16px; font-weight: normal; margin-top: 0; margin-bottom: 3px; padding-left: 0;\">Landscape in Contemporary Photography, Briggs Robinson Gallery, Southampton, United States<\/p>\n<p style=\"font-size: 16px; font-weight: normal; margin-top: 0; margin-bottom: 3px; padding-left: 0;\">Metropolitanscape, Palazzo Cavour, Turin, Italy<\/p>\n<p style=\"font-size: 16px; font-weight: normal; margin-top: 0; margin-bottom: 3px; padding-left: 0;\">Photo-Septiembre, Jacob Karpio Galer\u00eda, San Jos\u00e9, Costa Rica<\/p>\n<p style=\"font-size: 16px; font-weight: normal; margin-top: 0; margin-bottom: 3px; padding-left: 0;\">Photosynkria 2006: Contemporary Trends in Documentary Photography, Museum for Photography, Thessaloniki, Greece<\/p>\n<p style=\"font-size: 16px; font-weight: normal; margin-top: 0; margin-bottom: 3px; padding-left: 0;\">Post-Doc, Museum for Photography, Thessaloniki, Greece<\/p>\n<p style=\"font-size: 16px; font-weight: normal; margin-top: 0; margin-bottom: 3px; padding-left: 0;\">Suspension, Dunn and Brown Contemporary, Dallas, United States<\/p>\n<p style=\"font-size: 16px; font-weight: bold; margin-top: 12px; margin-bottom: 4px;\">2005<\/p>\n<p style=\"font-size: 16px; font-weight: normal; margin-top: 0; margin-bottom: 3px; padding-left: 0;\">Architektur mobil, Rudolf-Scharpf-Galerie, Ludwigshafen, Germany<\/p>\n<p style=\"font-size: 16px; font-weight: normal; margin-top: 0; margin-bottom: 3px; padding-left: 0;\">Beyond Delirious, Indeterminate States, Cisneros Fontanals Art Foundation, Miami, United States<\/p>\n<p style=\"font-size: 16px; font-weight: normal; margin-top: 0; margin-bottom: 3px; padding-left: 0;\">Contemporary Visions, Photographs and Videos from the Helga de Alvear Collection, Oulun City Art Museum, Oulu, Finland; Museo Extreme\u00f1o e Iberoamericano de Arte Contempor\u00e1neo (MEIAC), Badajoz, Spain<\/p>\n<p style=\"font-size: 16px; font-weight: normal; margin-top: 0; margin-bottom: 3px; padding-left: 0;\">Gegenwelten. The 20th Century in the Neue Nationalgalerie, Neue Nationalgalerie, Berlin, Germany<\/p>\n<p style=\"font-size: 16px; font-weight: normal; margin-top: 0; margin-bottom: 3px; padding-left: 0;\">Miradas y Conceptos en la Colecci\u00f3n Helga de Alvear, Museo Extreme\u00f1o e Iberoamericano de Arte Contempor\u00e1neo (MEIAC), Badajoz, Spain<\/p>\n<p style=\"font-size: 16px; font-weight: normal; margin-top: 0; margin-bottom: 3px; padding-left: 0;\">Passion Beyond Reason, Wallstreet One, Berlin, Germany<\/p>\n<p style=\"font-size: 16px; font-weight: normal; margin-top: 0; margin-bottom: 3px; padding-left: 0;\">Private View 1980\/2000: Collection Pierre Huber, Mus\u00e9e Cantonal des Beaux-Arts de Lausanne, Lausanne, Switzerland<\/p>\n<p style=\"font-size: 16px; font-weight: normal; margin-top: 0; margin-bottom: 3px; padding-left: 0;\">Zur Vorstellung des Terrors: Die RAF-Ausstellung, Kunst-Werke Berlin, Institute for Contemporary Art, Berlin, Germany; Landesmuseum Joanneum, Graz, Austria<\/p>\n<p style=\"font-size: 16px; font-weight: bold; margin-top: 12px; margin-bottom: 4px;\">2004<\/p>\n<p style=\"font-size: 16px; font-weight: normal; margin-top: 0; margin-bottom: 3px; padding-left: 0;\">On Reason and Emotion, 14th Biennale of Sydney, Art Gallery of New South Wales, Sydney, Australia<\/p>\n<p style=\"font-size: 16px; font-weight: normal; margin-top: 0; margin-bottom: 3px; padding-left: 0;\">Faces, Places, Traces: New Acquisitions to the Photographs Collection, National Gallery of Canada, Ottawa, Canada<\/p>\n<p style=\"font-size: 16px; font-weight: normal; margin-top: 0; margin-bottom: 3px; padding-left: 0;\">Return to Realism. Contemporary Art from the UBS Art Collection, Boca Raton Museum of Art, Boca Raton, United States<\/p>\n<p style=\"font-size: 16px; font-weight: normal; margin-top: 0; margin-bottom: 3px; padding-left: 0;\">Building the Collection, New and Future Acquisitions, Art Gallery of Ontario, Toronto, Canada<\/p>\n<p style=\"font-size: 16px; font-weight: normal; margin-top: 0; margin-bottom: 3px; padding-left: 0;\">A Ara\u00f1eira. 100 Artists from the CGAC Collection, Centro Galego de Arte Contempor\u00e1nea, Santiago de Compostela, Spain<\/p>\n<p style=\"font-size: 16px; font-weight: normal; margin-top: 0; margin-bottom: 3px; padding-left: 0;\">durchBlicke durchBr\u00fcche, The Collection of Berlinische Galerie, Berlinische Galerie, Museum for Modern Art, Photography and Architecture, Berlin, Germany<\/p>\n<p style=\"font-size: 16px; font-weight: normal; margin-top: 0; margin-bottom: 3px; padding-left: 0;\">COLD PLAY Set 1 from the Collection of the Fotomuseum Winterthur, Paris Photo, Paris, France<\/p>\n<p style=\"font-size: 16px; font-weight: normal; margin-top: 0; margin-bottom: 3px; padding-left: 0;\">La Collection Ord\u00f3\u00f1ez Falc\u00f3n \u2014 Une Passion Partag\u00e9e, Le Botanique, Cultural Center of the Wallonia-Brussels Community, Brussels, Belgium<\/p>\n<p style=\"font-size: 16px; font-weight: normal; margin-top: 0; margin-bottom: 3px; padding-left: 0;\">Contemporary Visions, Photographs and Videos from the Helga de Alvear Collection, W\u00e4in\u00f6 Aaltonen Museum, Turku, Finland<\/p>\n<p style=\"font-size: 16px; font-weight: normal; margin-top: 0; margin-bottom: 3px; padding-left: 0;\">Querschnitt_Selezione Trasversale, Gas Art Gallery, Turin, Italy<\/p>\n<p style=\"font-size: 16px; font-weight: normal; margin-top: 0; margin-bottom: 3px; padding-left: 0;\">The Furniture of Poul Kjaerholm and Selected Artwork, Sean Kelly Gallery, New York, United States<\/p>\n<p style=\"font-size: 16px; font-weight: normal; margin-top: 0; margin-bottom: 3px; padding-left: 0;\">Castastrofi minima, Museo de Arte de Nuoro, Sardinia, Italy<\/p>\n<p style=\"font-size: 16px; font-weight: bold; margin-top: 12px; margin-bottom: 4px;\">2003<\/p>\n<p style=\"font-size: 16px; font-weight: normal; margin-top: 0; margin-bottom: 3px; padding-left: 0;\">O Del\u00edrio do Chimborazo, 4th Mercosul Visual Arts Biennial, Porto Alegre, Brazil<\/p>\n<p style=\"font-size: 16px; font-weight: normal; margin-top: 0; margin-bottom: 3px; padding-left: 0;\">Cold Play, Fotomuseum Winterthur, Winterthur, Switzerland<\/p>\n<p style=\"font-size: 16px; font-weight: normal; margin-top: 0; margin-bottom: 3px; padding-left: 0;\">Arquivo e Simula\u00e7\u00e3o, Centro Cultural de Bel\u00e9m, Lisbon, Portugal<\/p>\n<p style=\"font-size: 16px; font-weight: normal; margin-top: 0; margin-bottom: 3px; padding-left: 0;\">Embracing the Present: The UBS Art Collection, Austin Museum of Art, Austin, United States \/ Phoenix Art Museum, Phoenix, United States<\/p>\n<p style=\"font-size: 16px; font-weight: normal; margin-top: 0; margin-bottom: 3px; padding-left: 0;\">A Nova Geometria, Galeria Fortes Vila\u00e7a, S\u00e3o Paulo, Brazil<\/p>\n<p style=\"font-size: 16px; font-weight: normal; margin-top: 0; margin-bottom: 3px; padding-left: 0;\">La Ciudad Radiante, 2nd Biennale of Valencia, Fundaci\u00f3n Bancaixa, Valencia, Spain<\/p>\n<p style=\"font-size: 16px; font-weight: normal; margin-top: 0; margin-bottom: 3px; padding-left: 0;\">Xogos de Escala, Centro Galego de Arte Contempor\u00e1nea, Santiago de Compostela, Spain<\/p>\n<p style=\"font-size: 16px; font-weight: normal; margin-top: 0; margin-bottom: 3px; padding-left: 0;\">Raum, Zeit\u2014Architektur in der Fotografie, Works from the DZ Bank Collection, Oldenburger Kunstverein, and Landesmuseum f\u00fcr Kunst und Kulturgeschichte Oldenburg, Oldenburg, Germany<\/p>\n<p style=\"font-size: 16px; font-weight: normal; margin-top: 0; margin-bottom: 3px; padding-left: 0;\">Realidad y Representaci\u00f3n, Collecting Landscapes Today, Fundaci\u00f3 Foto Colectania, Barcelona, Spain<\/p>\n<p style=\"font-size: 16px; font-weight: normal; margin-top: 0; margin-bottom: 3px; padding-left: 0;\">La Photographie Allemande, Galerie Art+Public, Geneva, Switzerland<\/p>\n<p style=\"font-size: 16px; font-weight: normal; margin-top: 0; margin-bottom: 3px; padding-left: 0;\">Tra Est e Ovest\u2014From East to West, Gas Art Gallery, Turin, Italy<\/p>\n<p style=\"font-size: 16px; font-weight: normal; margin-top: 0; margin-bottom: 3px; padding-left: 0;\">Complicidades II. Aspectos ret\u00f3ricos de la fotograf\u00eda actual, Centro Nacional de Fotograf\u00eda de Torrelavega, Torrelavega, Spain<\/p>\n<p style=\"font-size: 16px; font-weight: normal; margin-top: 0; margin-bottom: 3px; padding-left: 0;\">Catastrofi Minime, Museo d'Arte di Nuoro, Nuoro, Italy<\/p>\n<p style=\"font-size: 16px; font-weight: bold; margin-top: 12px; margin-bottom: 4px;\">2002<\/p>\n<p style=\"font-size: 16px; font-weight: normal; margin-top: 0; margin-bottom: 3px; padding-left: 0;\">Iconografias Metropolitanas, Cidades, 25th Bienal de S\u00e3o Paulo, Pavilh\u00e3o Ciccillo Matarazzo, Parque Ibirapuera, S\u00e3o Paulo, Brazil<\/p>\n<p style=\"font-size: 16px; font-weight: normal; margin-top: 0; margin-bottom: 3px; padding-left: 0;\">Embracing the Present: The UBS Art Collection, Portland Museum of Art, Portland, United States; Fundaci\u00f3n Sa Nostra de Palma de Mallorca, Palma de Mallorca, Spain; Galerie Bob van Orsouw, Zurich, Switzerland<\/p>\n<p style=\"font-size: 16px; font-weight: normal; margin-top: 0; margin-bottom: 3px; padding-left: 0;\">Human Park, An Exhibition of Global Creatures, Palau de la Virreina, Barcelona, Spain; Fundaci\u00f3n Sa Nostra de Palma de Mallorca, Palma de Mallorca, Spain; Galerie Bob van Orsouw, Zurich, Switzerland<\/p>\n<p style=\"font-size: 16px; font-weight: normal; margin-top: 0; margin-bottom: 3px; padding-left: 0;\">Divine the Grid, Vedanta Gallery, Chicago, United States<\/p>\n<p style=\"font-size: 16px; font-weight: normal; margin-top: 0; margin-bottom: 3px; padding-left: 0;\">Bras\u00edlia \u2014 Ruina e Utopia, Centro Cultural Banco do Brasil, Bras\u00edlia, Brazil<\/p>\n<p style=\"font-size: 16px; font-weight: normal; margin-top: 0; margin-bottom: 3px; padding-left: 0;\">Sans Consentement, Centre d'Art Neuch\u00e2tel, Neuch\u00e2tel, Switzerland<\/p>\n<p style=\"font-size: 16px; font-weight: normal; margin-top: 0; margin-bottom: 3px; padding-left: 0;\">Agua \u2014 Wasser, Antigua Facultad de Medicina \/ Tribunal del Santo Oficio, Mexico City, Mexico<\/p>\n<p style=\"font-size: 16px; font-weight: normal; margin-top: 0; margin-bottom: 3px; padding-left: 0;\">La Collection Ord\u00f3\u00f1ez Falc\u00f3n, Rencontres Internationales de la Photographie, IRPA, Arles, France<\/p>\n<p style=\"font-size: 16px; font-weight: normal; margin-top: 0; margin-bottom: 3px; padding-left: 0;\">In Szene Gesetzt, Architektur in der Fotografie der Gegenwart, Museum f\u00fcr Neue Kunst, ZKM, Karlsruhe, Germany; St\u00e4dtische Galerie Erlangen, Erlangen, Germany; Kunsthaus Kaufbeuren, Kaufbeuren, Germany<\/p>\n<p style=\"font-size: 16px; font-weight: normal; margin-top: 0; margin-bottom: 3px; padding-left: 0;\">Grace &amp; Gravity, Galeria Estrany de la Mota, Barcelona, Spain<\/p>\n<p style=\"font-size: 16px; font-weight: normal; margin-top: 0; margin-bottom: 3px; padding-left: 0;\">Paisajes Contempor\u00e1neos, Colecci\u00f3n Helga de Alvear, Fundaci\u00f3 Foto Colectania, Barcelona, Spain<\/p>\n<p style=\"font-size: 16px; font-weight: normal; margin-top: 0; margin-bottom: 3px; padding-left: 0;\">Frank Thiel \/ Bernard Vo\u00efta, Galerie Bob van Orsouw, Zurich, Switzerland<\/p>\n<p style=\"font-size: 16px; font-weight: bold; margin-top: 12px; margin-bottom: 4px;\">2001<\/p>\n<p style=\"font-size: 16px; font-weight: normal; margin-top: 0; margin-bottom: 3px; padding-left: 0;\">CTRL [Space] Rhetorics of Surveillance from Bentham to Big Brother, Zentrum f\u00fcr Kunst und Medientechnologie, Karlsruhe, Germany<\/p>\n<p style=\"font-size: 16px; font-weight: normal; margin-top: 0; margin-bottom: 3px; padding-left: 0;\">Remake Berlin, Neuer Berliner Kunstverein, Berlin, Germany; DAAD Galerie, Berlin, Germany; Rencontres Internationales de la Photographie, Arles, France<\/p>\n<p style=\"font-size: 16px; font-weight: normal; margin-top: 0; margin-bottom: 3px; padding-left: 0;\">SK 76 \/ 2-Mp (XIII), Art Unlimited, Art 32 Basel, Basel, Switzerland<\/p>\n<p style=\"font-size: 16px; font-weight: normal; margin-top: 0; margin-bottom: 3px; padding-left: 0;\">Brave New World, Galeria OMR, Mexico City, Mexico<\/p>\n<p style=\"font-size: 16px; font-weight: normal; margin-top: 0; margin-bottom: 3px; padding-left: 0;\">Begijnhof II; Under Construction, Galeria Estrany de la Mota, Barcelona, Spain<\/p>\n<p style=\"font-size: 16px; font-weight: normal; margin-top: 0; margin-bottom: 3px; padding-left: 0;\">Crisis. Reflexiones Conceptuales en la Arte Contempor\u00e1neo Internacional, Fundaci\u00f3n Picasso, Museo Casa Natal, M\u00e1laga, Spain<\/p>\n<p style=\"font-size: 16px; font-weight: normal; margin-top: 0; margin-bottom: 3px; padding-left: 0;\">Casas y ciudades, Salas de Armas de la Ciudadela, Pamplona, Spain<\/p>\n<p style=\"font-size: 16px; font-weight: normal; margin-top: 0; margin-bottom: 3px; padding-left: 0;\">Taking Care, SMART Projekt Space, Amsterdam, Netherlands<\/p>\n<p style=\"font-size: 16px; font-weight: normal; margin-top: 0; margin-bottom: 3px; padding-left: 0;\">Fotograf\u00eda Internacional en las colecciones privadas de Cantabria, Sala Robayera, Cantabria, Spain<\/p>\n<p style=\"font-size: 16px; font-weight: normal; margin-top: 0; margin-bottom: 3px; padding-left: 0;\">Im\u00e1genes de un tiempo, Sala La Granja, Casa de Cultura, Santa Cruz de Tenerife, Spain<\/p>\n<p style=\"font-size: 16px; font-weight: bold; margin-top: 12px; margin-bottom: 4px;\">2000<\/p>\n<p style=\"font-size: 16px; font-weight: normal; margin-top: 0; margin-bottom: 3px; padding-left: 0;\">90 60 90, Museo Jacobo Borges, Caracas, Venezuela<\/p>\n<p style=\"font-size: 16px; font-weight: normal; margin-top: 0; margin-bottom: 3px; padding-left: 0;\">After The Wall, Ludwig M\u00fazeum Budapest, Budapest, Hungary; Hamburger Bahnhof \u2013 Museum f\u00fcr Gegenwart, Berlin, Germany<\/p>\n<p style=\"font-size: 16px; font-weight: normal; margin-top: 0; margin-bottom: 3px; padding-left: 0;\">Arquitectura de Colecci\u00f3n, Sala de Exposiciones del Ministerio de Fomento, Madrid, Spain<\/p>\n<p style=\"font-size: 16px; font-weight: normal; margin-top: 0; margin-bottom: 3px; padding-left: 0;\">Berlin \u2014 Binnendifferenz, Benger-Areal, Bregenz, Austria; 7-Kapellen-Areal, Innsbruck, Austria; Galerie Krinzinger, Vienna, Austria<\/p>\n<p style=\"font-size: 16px; font-weight: normal; margin-top: 0; margin-bottom: 3px; padding-left: 0;\">Hans Hemmert, Tracey Moffat, Andr\u00e9s Pinal, Frank Thiel. Fot\u00f3grafos de los a\u00f1os noventa en la colecci\u00f3n CGAC, Sala Alameda de la Diputaci\u00f3n de M\u00e1laga, M\u00e1laga, Spain<\/p>\n<p style=\"font-size: 16px; font-weight: normal; margin-top: 0; margin-bottom: 3px; padding-left: 0;\">Remake Berlin, Fotomuseum Winterthur, Winterthur, Switzerland<\/p>\n<p style=\"font-size: 16px; font-weight: normal; margin-top: 0; margin-bottom: 3px; padding-left: 0;\">Urban Landscapes, Galeria Joan Prats, Barcelona, Spain<\/p>\n<p style=\"font-size: 16px; font-weight: bold; margin-top: 12px; margin-bottom: 4px;\">1999<\/p>\n<p style=\"font-size: 16px; font-weight: normal; margin-top: 0; margin-bottom: 3px; padding-left: 0;\">dAPPERTutto, 48th Biennale di Venezia, Venice, Italy<\/p>\n<p style=\"font-size: 16px; font-weight: normal; margin-top: 0; margin-bottom: 3px; padding-left: 0;\">After The Wall, Moderna Museet, Stockholm, Sweden<\/p>\n<p style=\"font-size: 16px; font-weight: normal; margin-top: 0; margin-bottom: 3px; padding-left: 0;\">Le corps \u00e9vanoui, les images subites, Mus\u00e9e de l'Elys\u00e9e, Lausanne, Switzerland<\/p>\n<p style=\"font-size: 16px; font-weight: normal; margin-top: 0; margin-bottom: 3px; padding-left: 0;\">New Works, Hamburger Bahnhof \u2013 Museum f\u00fcr Gegenwart, Berlin, Germany<\/p>\n<p style=\"font-size: 16px; font-weight: normal; margin-top: 0; margin-bottom: 3px; padding-left: 0;\">999, Centro d'Arte Contemporanea Ticino, B\u00e2timent Ex Troesch, Bellinzona, Switzerland<\/p>\n<p style=\"font-size: 16px; font-weight: normal; margin-top: 0; margin-bottom: 3px; padding-left: 0;\">Nuevas Visiones \/ Nuevas Pasiones. Artistas de la Colecci\u00f3n Helga de Alvear en Villa Iris, Fundaci\u00f3n Marcelino Bot\u00edn, Villa Iris, Santander, Spain<\/p>\n<p style=\"font-size: 16px; font-weight: normal; margin-top: 0; margin-bottom: 3px; padding-left: 0;\">The Edge of Awareness, WHO Regional Office and The Rabindra Bahvan Lalitkala Academy, New Delhi, India<\/p>\n<p style=\"font-size: 16px; font-weight: normal; margin-top: 0; margin-bottom: 3px; padding-left: 0;\">Einigkeit und Recht und Freiheit \u2013 Wege der Deutschen 1949\u20131999, Martin-Gropius-Bau, Berlin, Germany<\/p>\n<p style=\"font-size: 16px; font-weight: bold; margin-top: 12px; margin-bottom: 4px;\">1998<\/p>\n<p style=\"font-size: 16px; font-weight: normal; margin-top: 0; margin-bottom: 3px; padding-left: 0;\">Blickwechsel, Museum f\u00fcr Neue Kunst im Zentrum f\u00fcr Kunst und Medientechnologie, Karlsruhe, Germany<\/p>\n<p style=\"font-size: 16px; font-weight: normal; margin-top: 0; margin-bottom: 3px; padding-left: 0;\">The Edge of Awareness, WHO Headquarters, Geneva, Switzerland; P.S.1 Contemporary Art Center, Long Island City, United States; SESC Pomp\u00e9ia, S\u00e3o Paulo, Brazil<\/p>\n<p style=\"font-size: 16px; font-weight: normal; margin-top: 0; margin-bottom: 3px; padding-left: 0;\">Die Unruhe und die Zufriedenheit oder Die Trag\u00f6die des Scheiterns, Badischer Kunstverein, Karlsruhe, Germany<\/p>\n<p style=\"font-size: 16px; font-weight: normal; margin-top: 0; margin-bottom: 3px; padding-left: 0;\">Luz y Fotograf\u00eda en la Colecci\u00f3n Helga de Alvear, Fundaci\u00f3n Caja Vital Kutxa, Vitoria, Spain<\/p>\n<p style=\"font-size: 16px; font-weight: normal; margin-top: 0; margin-bottom: 3px; padding-left: 0;\">Gesichter und Dinge \u2013 Zeitgen\u00f6ssische Fotografie, Neue Gesellschaft f\u00fcr Bildende Kunst, Berlin, Germany<\/p>\n<p style=\"font-size: 16px; font-weight: normal; margin-top: 0; margin-bottom: 3px; padding-left: 0;\">100 Jahre Kunst im Aufbruch, Kunst- und Ausstellungshalle der Bundesrepublik Deutschland, Bonn, Germany<\/p>\n<p style=\"font-size: 16px; font-weight: bold; margin-top: 12px; margin-bottom: 4px;\">1997<\/p>\n<p style=\"font-size: 16px; font-weight: normal; margin-top: 0; margin-bottom: 3px; padding-left: 0;\">In Medias Res, Atat\u00fcrk Cultural Center, Istanbul, Turkey<\/p>\n<p style=\"font-size: 16px; font-weight: normal; margin-top: 0; margin-bottom: 3px; padding-left: 0;\">Kunst der Gegenwart, Museum f\u00fcr Neue Kunst im Zentrum f\u00fcr Kunst und Medientechnologie, Karlsruhe, Germany<\/p>\n<p style=\"font-size: 16px; font-weight: normal; margin-top: 0; margin-bottom: 3px; padding-left: 0;\">Sous le signe de Renger-Patzsch, Mus\u00e9e de l'Elys\u00e9e, Lausanne, Switzerland<\/p>\n<p style=\"font-size: 16px; font-weight: bold; margin-top: 12px; margin-bottom: 4px;\">1996<\/p>\n<p style=\"font-size: 16px; font-weight: normal; margin-top: 0; margin-bottom: 3px; padding-left: 0;\">Never shown before, Berlinische Galerie \u2013 Museum f\u00fcr Moderne Kunst, Fotografie und Architektur, Martin-Gropius-Bau, Berlin, Germany<\/p>\n<p style=\"font-size: 16px; font-weight: normal; margin-top: 0; margin-bottom: 3px; padding-left: 0;\">Junge Kunst, Wilhelm Hack Museum, Ludwigshafen, Germany<\/p>\n<p style=\"font-size: 16px; font-weight: bold; margin-top: 12px; margin-bottom: 4px;\">1995<\/p>\n<p style=\"font-size: 16px; font-weight: normal; margin-top: 0; margin-bottom: 3px; padding-left: 0;\">Galerie Lutz Teutloff, Cologne, Germany<\/p>\n<p style=\"font-size: 16px; font-weight: normal; margin-top: 0; margin-bottom: 3px; padding-left: 0;\">IN-TRANSIT, Zeitgen\u00f6ssische Kunst aus Deutschland, Kunstsammlung Gera, Gera, Germany; Haus am Waldsee, Berlin, Germany<\/p>\n<p style=\"font-size: 16px; font-weight: bold; margin-top: 12px; margin-bottom: 4px;\">1994<\/p>\n<p style=\"font-size: 16px; font-weight: normal; margin-top: 0; margin-bottom: 3px; padding-left: 0;\">Diario, Museu de Arte Moderna, Rio de Janeiro, Brazil; Galerie Hohenthal und Bergen, Cologne, Germany<\/p>\n<p style=\"font-size: 16px; font-weight: normal; margin-top: 0; margin-bottom: 3px; padding-left: 0;\">The Day After Tomorrow, Centro Cultural de Bel\u00e9m, Lisbon, Portugal<\/p>\n<p style=\"font-size: 16px; font-weight: normal; margin-top: 0; margin-bottom: 3px; padding-left: 0;\">IN-TRANSIT, Zeitgen\u00f6ssische Kunst aus Deutschland, Immeuble Charlemagne, Conseil des Communaut\u00e9s Europ\u00e9ennes, Brussels, Belgium<\/p>\n<p style=\"font-size: 16px; font-weight: normal; margin-top: 0; margin-bottom: 3px; padding-left: 0;\">Zeitgen\u00f6ssische Fotografie '94, Ursula Blickle Foundation, Kraichtal, Germany<\/p>\n<p style=\"font-size: 16px; font-weight: bold; margin-top: 12px; margin-bottom: 4px;\">1993<\/p>\n<p style=\"font-size: 16px; font-weight: normal; margin-top: 0; margin-bottom: 3px; padding-left: 0;\">Emigration \u2014 Bilder von Abschied, Reise und Tod, Galerie Mosel und Tschechow, Munich, Germany<\/p>\n<p style=\"font-size: 16px; font-weight: normal; margin-top: 0; margin-bottom: 3px; padding-left: 0;\">Galerie Zellermayer, Berlin, Germany<\/p>\n<p style=\"font-size: 16px; font-weight: bold; margin-top: 12px; margin-bottom: 4px;\">1992<\/p>\n<p style=\"font-size: 16px; font-weight: normal; margin-top: 0; margin-bottom: 3px; padding-left: 0;\">Humpty Dumpty's Kaleidoscope \u2014 A New Generation of German Artists, Museum of Contemporary Art, Sydney, Australia<\/p>\n<p style=\"font-size: 16px; font-weight: normal; margin-top: 0; margin-bottom: 3px; padding-left: 0;\">Einsamkeit \u2014 A German Sensation, Monasterio de Veruela, Veruela, Spain; Fundaci\u00f3n &quot;La Caixa,&quot; Madrid, Spain; Sala Catalunya de la Fundaci\u00f3 &quot;La Caixa,&quot; Barcelona, Spain; Casal Solleric, Palma de Mallorca, Spain<\/p>\n<p style=\"font-size: 16px; font-weight: normal; margin-top: 0; margin-bottom: 3px; padding-left: 0;\">Jahreslabor. Ein Bericht, Berlinische Galerie \u2013 Museum f\u00fcr Moderne Kunst, Fotografie und Architektur, Martin-Gropius-Bau, Berlin, Germany<\/p>\n<p style=\"font-size: 16px; font-weight: bold; margin-top: 12px; margin-bottom: 4px;\">1991<\/p>\n<p style=\"font-size: 16px; font-weight: normal; margin-top: 0; margin-bottom: 3px; padding-left: 0;\">Panorama des Panoramas, Centre National de la Photographie, Palais de Tokyo, Paris, France<\/p>\n<p style=\"font-size: 16px; font-weight: normal; margin-top: 0; margin-bottom: 3px; padding-left: 0;\">Papier \u2014 Von der Linie zum Objekt, Kunsthalle Darmstadt, Germany<\/p>\n<p style=\"font-size: 16px; font-weight: normal; margin-top: 0; margin-bottom: 3px; padding-left: 0;\">Interferenzen \u2014 Kunst aus Westberlin 1960\u20131990, National Art Museum, Riga, Latvia<\/p>\n<p style=\"font-size: 16px; font-weight: normal; margin-top: 0; margin-bottom: 3px; padding-left: 0;\">Neue Aspekte in der Sammlung, Berlinische Galerie \u2013 Museum f\u00fcr Moderne Kunst, Fotografie und Architektur, Martin-Gropius-Bau, Berlin, Germany<\/p>\n<p style=\"font-size: 16px; font-weight: bold; margin-top: 12px; margin-bottom: 4px;\">1990<\/p>\n<p style=\"font-size: 16px; font-weight: normal; margin-top: 0; margin-bottom: 3px; padding-left: 0;\">European Kodak Award, Rencontres Internationales de la Photographie, Arles, France; Museo Ken Damy di Fotografia Contemporanea, Brescia, Italy<\/p>\n<h2 style=\"font-size: 18px; font-weight: bold; text-decoration: underline; margin-top: 25px; margin-bottom: 10px;\">COLLECTIONS<\/h2>\n<p style=\"font-size: 16px; font-weight: normal; margin-top: 0; margin-bottom: 3px; padding-left: 0;\">Art Collection of the Federal Republic of Germany<\/p>\n<p style=\"font-size: 16px; font-weight: normal; margin-top: 0; margin-bottom: 3px; padding-left: 0;\">Art Gallery of Ontario, Toronto, Canada<\/p>\n<p style=\"font-size: 16px; font-weight: normal; margin-top: 0; margin-bottom: 3px; padding-left: 0;\">Berlinische Galerie, Museum f\u00fcr Moderne Kunst, Fotografie und Architektur, Berlin, Germany<\/p>\n<p style=\"font-size: 16px; font-weight: normal; margin-top: 0; margin-bottom: 3px; padding-left: 0;\">Borusan Contemporary Art Collection, Istanbul, Turkey<\/p>\n<p style=\"font-size: 16px; font-weight: normal; margin-top: 0; margin-bottom: 3px; padding-left: 0;\">Cal Cego Contemporary Art Collection, Barcelona, Spain<\/p>\n<p style=\"font-size: 16px; font-weight: normal; margin-top: 0; margin-bottom: 3px; padding-left: 0;\">Centro Galego de Arte Contempor\u00e1nea, Santiago de Compostela, Spain<\/p>\n<p style=\"font-size: 16px; font-weight: normal; margin-top: 0; margin-bottom: 3px; padding-left: 0;\">Collection Allianz Versicherungs AG, Munich, Germany<\/p>\n<p style=\"font-size: 16px; font-weight: normal; margin-top: 0; margin-bottom: 3px; padding-left: 0;\">Collection Bank of America, New York, United States<\/p>\n<p style=\"font-size: 16px; font-weight: normal; margin-top: 0; margin-bottom: 3px; padding-left: 0;\">Collection Bayerische Hypo- und Vereinsbank AG, Munich, Germany<\/p>\n<p style=\"font-size: 16px; font-weight: normal; margin-top: 0; margin-bottom: 3px; padding-left: 0;\">Collection DZ Bank, Frankfurt am Main \/ Berlin, Germany<\/p>\n<p style=\"font-size: 16px; font-weight: normal; margin-top: 0; margin-bottom: 3px; padding-left: 0;\">Collection Deutsche Bank, Frankfurt am Main, Germany<\/p>\n<p style=\"font-size: 16px; font-weight: normal; margin-top: 0; margin-bottom: 3px; padding-left: 0;\">Collection Hypo Vereinsbank, New York, United States<\/p>\n<p style=\"font-size: 16px; font-weight: normal; margin-top: 0; margin-bottom: 3px; padding-left: 0;\">Collection of the City of Geneva, Switzerland<\/p>\n<p style=\"font-size: 16px; font-weight: normal; margin-top: 0; margin-bottom: 3px; padding-left: 0;\">Collection University of Salamanca, Salamanca, Spain<\/p>\n<p style=\"font-size: 16px; font-weight: normal; margin-top: 0; margin-bottom: 3px; padding-left: 0;\">Contemporary Art Collection of the Region of Madrid, CA2M Centro de Arte Dos de Mayo, Madrid, Spain<\/p>\n<p style=\"font-size: 16px; font-weight: normal; margin-top: 0; margin-bottom: 3px; padding-left: 0;\">Corcoran Gallery of Art, Washington D.C., United States<\/p>\n<p style=\"font-size: 16px; font-weight: normal; margin-top: 0; margin-bottom: 3px; padding-left: 0;\">Eastman Museum, Rochester, United States<\/p>\n<p style=\"font-size: 16px; font-weight: normal; margin-top: 0; margin-bottom: 3px; padding-left: 0;\">Ella Fontanals-Cisneros Collection, Miami, United States<\/p>\n<p style=\"font-size: 16px; font-weight: normal; margin-top: 0; margin-bottom: 3px; padding-left: 0;\">European Investment Bank Collection, Luxembourg, Luxembourg<\/p>\n<p style=\"font-size: 16px; font-weight: normal; margin-top: 0; margin-bottom: 3px; padding-left: 0;\">European Parliament Art Collection, Brussels, Belgium<\/p>\n<p style=\"font-size: 16px; font-weight: normal; margin-top: 0; margin-bottom: 3px; padding-left: 0;\">Fotomuseum Winterthur, Winterthur, Switzerland<\/p>\n<p style=\"font-size: 16px; font-weight: normal; margin-top: 0; margin-bottom: 3px; padding-left: 0;\">Fundaci\u00f3n Helga de Alvear, Madrid \/ C\u00e1ceres, Spain<\/p>\n<p style=\"font-size: 16px; font-weight: normal; margin-top: 0; margin-bottom: 3px; padding-left: 0;\">Hamburger Bahnhof, Museum f\u00fcr Gegenwart (Marx Collection), Berlin, Germany<\/p>\n<p style=\"font-size: 16px; font-weight: normal; margin-top: 0; margin-bottom: 3px; padding-left: 0;\">HBC Global Art Collection, New York, United States<\/p>\n<p style=\"font-size: 16px; font-weight: normal; margin-top: 0; margin-bottom: 3px; padding-left: 0;\">Hilti Art Foundation at Kunstmuseum Liechtenstein, Vaduz, Liechtenstein<\/p>\n<p style=\"font-size: 16px; font-weight: normal; margin-top: 0; margin-bottom: 3px; padding-left: 0;\">Hill Art Collection, New York, United States<\/p>\n<p style=\"font-size: 16px; font-weight: normal; margin-top: 0; margin-bottom: 3px; padding-left: 0;\">Hirshhorn Museum and Sculpture Garden, Washington D.C., United States<\/p>\n<p style=\"font-size: 16px; font-weight: normal; margin-top: 0; margin-bottom: 3px; padding-left: 0;\">ifa (Institut f\u00fcr Auslandsbeziehungen) Collection, Stuttgart, Germany<\/p>\n<p style=\"font-size: 16px; font-weight: normal; margin-top: 0; margin-bottom: 3px; padding-left: 0;\">IVAM, Institut Valenci\u00e0 d'Art Modern, Valencia, Spain<\/p>\n<p style=\"font-size: 16px; font-weight: normal; margin-top: 0; margin-bottom: 3px; padding-left: 0;\">Lhoist Collection, Limelette, Belgium<\/p>\n<p style=\"font-size: 16px; font-weight: normal; margin-top: 0; margin-bottom: 3px; padding-left: 0;\">MAST Foundation, Bologna, Italy<\/p>\n<p style=\"font-size: 16px; font-weight: normal; margin-top: 0; margin-bottom: 3px; padding-left: 0;\">The Martin Z. Margulies Collection, Miami, United States<\/p>\n<p style=\"font-size: 16px; font-weight: normal; margin-top: 0; margin-bottom: 3px; padding-left: 0;\">Moderna Museet, Stockholm, Sweden<\/p>\n<p style=\"font-size: 16px; font-weight: normal; margin-top: 0; margin-bottom: 3px; padding-left: 0;\">Modern Art Museum of Fort Worth, Fort Worth, United States<\/p>\n<p style=\"font-size: 16px; font-weight: normal; margin-top: 0; margin-bottom: 3px; padding-left: 0;\">Museo Nacional Centro de Arte Reina Sof\u00eda, Madrid, Spain<\/p>\n<p style=\"font-size: 16px; font-weight: normal; margin-top: 0; margin-bottom: 3px; padding-left: 0;\">Museum Moderner Kunst Stiftung Ludwig Wien, Vienna, Austria<\/p>\n<p style=\"font-size: 16px; font-weight: normal; margin-top: 0; margin-bottom: 3px; padding-left: 0;\">Museum of Contemporary Art, Los Angeles, United States<\/p>\n<p style=\"font-size: 16px; font-weight: normal; margin-top: 0; margin-bottom: 3px; padding-left: 0;\">Museum f\u00fcr Neue Kunst im Zentrum f\u00fcr Kunst und Medientechnologie, Karlsruhe, Germany<\/p>\n<p style=\"font-size: 16px; font-weight: normal; margin-top: 0; margin-bottom: 3px; padding-left: 0;\">Mus\u00e9e de l'Elys\u00e9e, Lausanne, Switzerland<\/p>\n<p style=\"font-size: 16px; font-weight: normal; margin-top: 0; margin-bottom: 3px; padding-left: 0;\">National Gallery of Art, Washington D.C., United States<\/p>\n<p style=\"font-size: 16px; font-weight: normal; margin-top: 0; margin-bottom: 3px; padding-left: 0;\">National Gallery of Canada, Ottawa, Canada<\/p>\n<p style=\"font-size: 16px; font-weight: normal; margin-top: 0; margin-bottom: 3px; padding-left: 0;\">National Gallery of Victoria, Melbourne, Australia<\/p>\n<p style=\"font-size: 16px; font-weight: normal; margin-top: 0; margin-bottom: 3px; padding-left: 0;\">Phillips Collection, Washington D.C., United States<\/p>\n<p style=\"font-size: 16px; font-weight: normal; margin-top: 0; margin-bottom: 3px; padding-left: 0;\">Portuguese State Contemporary Art Collection, Portugal<\/p>\n<p style=\"font-size: 16px; font-weight: normal; margin-top: 0; margin-bottom: 3px; padding-left: 0;\">Queensland Art Gallery | Gallery of Modern Art, Brisbane, Australia<\/p>\n<p style=\"font-size: 16px; font-weight: normal; margin-top: 0; margin-bottom: 3px; padding-left: 0;\">Speed Art Museum, Louisville, United States<\/p>\n<p style=\"font-size: 16px; font-weight: normal; margin-top: 0; margin-bottom: 3px; padding-left: 0;\">UBS Art Collection, Switzerland<\/p>\n<p style=\"font-size: 16px; font-weight: normal; margin-top: 0; margin-bottom: 3px; padding-left: 0;\">Villa Empain \u2013 Boghossian Foundation, Brussels, Belgium<\/p>\n<p style=\"font-size: 16px; font-weight: normal; margin-top: 0; margin-bottom: 3px; padding-left: 0;\">ZegnArt Collection, Milan, Italy<\/p>\n<h2 style=\"font-size: 18px; font-weight: bold; text-decoration: underline; margin-top: 25px; margin-bottom: 10px;\">PRIZES<\/h2>\n<p style=\"font-size: 16px; font-weight: bold; margin-top: 12px; margin-bottom: 4px;\">1999<\/p>\n<p style=\"font-size: 16px; font-weight: normal; margin-top: 0; margin-bottom: 3px; padding-left: 0;\">Kunstfonds e.V. Bonn, Bonn, Germany<\/p>\n<p style=\"font-size: 16px; font-weight: bold; margin-top: 12px; margin-bottom: 4px;\">1996<\/p>\n<p style=\"font-size: 16px; font-weight: normal; margin-top: 0; margin-bottom: 3px; padding-left: 0;\">Berlin Senate for Cultural Affairs, Berlin, Germany<\/p>\n<p style=\"font-size: 16px; font-weight: bold; margin-top: 12px; margin-bottom: 4px;\">1995<\/p>\n<p style=\"font-size: 16px; font-weight: normal; margin-top: 0; margin-bottom: 3px; padding-left: 0;\">Kulturfonds Foundation Berlin, Berlin, Germany<\/p>\n<p style=\"font-size: 16px; font-weight: normal; margin-top: 0; margin-bottom: 3px; padding-left: 0;\">Award of the Helmut Kraft Foundation, Stuttgart, Germany<\/p>\n<p style=\"font-size: 16px; font-weight: normal; margin-top: 0; margin-bottom: 3px; padding-left: 0;\">Berlin Senate for Cultural Affairs, Berlin, Germany<\/p>\n<p style=\"font-size: 16px; font-weight: bold; margin-top: 12px; margin-bottom: 4px;\">1994<\/p>\n<p style=\"font-size: 16px; font-weight: normal; margin-top: 0; margin-bottom: 3px; padding-left: 0;\">Award of the Ursula Blickle Foundation, Kraichtal, Germany<\/p>\n<p style=\"font-size: 16px; font-weight: bold; margin-top: 12px; margin-bottom: 4px;\">1990<\/p>\n<p style=\"font-size: 16px; font-weight: normal; margin-top: 0; margin-bottom: 3px; padding-left: 0;\">German Kodak Award, Germany<\/p>\n<\/div>","curriculo":72606,"gallery":[40815,40817,40819,40821,40823,40825,40827,40829,40831,40833,40835,40837,40839,40841,40843,40845,40847,40849,40851,40853,40855,40857,40859,40861,40863,40865,40867,40869,40871,40873,40875],"videos":null,"text_artist":"","files":[{"file_title":"The Cut | 2018","file_item":40879},{"file_title":"BLOUIN ARTINFO | 2012","file_item":40881},{"file_title":"Traffic Magazine | 2010","file_item":40883}],"artist_works":"","artist_expo":null},"spectra_custom_meta":{"_wpml_word_count":["{\"total\":0,\"to_translate\":{\"en\":2,\"pt-br\":2}}"],"_edit_lock":["1776160040:7"],"_edit_last":["7"],"_wpml_media_featured":["1"],"_wpml_media_duplicate":["1"],"_last_translation_edit_mode":["translation-editor"],"description":["<div style=\"font-family: 'D-DIN Condensed', 'Arial Narrow', Arial, sans-serif; max-width: 900px; margin: 0 auto; padding: 20px; line-height: 1.4;\">\n<p style=\"font-size: 16px; margin-bottom: 30px;\">Kleinmachnow, Germany, 1966. Lives and works in Berlin, Germany.<\/p>\n\n<h2 style=\"font-size: 18px; font-weight: bold; text-decoration: underline; margin-top: 25px; margin-bottom: 10px;\">EDUCATION<\/h2>\n<p style=\"font-size: 16px; font-weight: bold; margin-top: 12px; margin-bottom: 4px;\">1987 - 1989<\/p>\n<p style=\"font-size: 16px; font-weight: normal; margin-top: 0; margin-bottom: 3px; padding-left: 0;\">Training College for Photography, Berlin, Germany<\/p>\n<h2 style=\"font-size: 18px; font-weight: bold; text-decoration: underline; margin-top: 25px; margin-bottom: 10px;\">SOLO EXHIBITIONS<\/h2>\n<p style=\"font-size: 16px; font-weight: bold; margin-top: 12px; margin-bottom: 4px;\">2018<\/p>\n<p style=\"font-size: 16px; font-weight: normal; margin-top: 0; margin-bottom: 3px; padding-left: 0;\">15 [Quince], Sean Kelly, New York, United States<\/p>\n<p style=\"font-size: 16px; font-weight: normal; margin-top: 0; margin-bottom: 3px; padding-left: 0;\">Frank Thiel: Quincea\u00f1eras, Blain|Southern, Berlin, Germany<\/p>\n<p style=\"font-size: 16px; font-weight: bold; margin-top: 12px; margin-bottom: 4px;\">2014<\/p>\n<p style=\"font-size: 16px; font-weight: normal; margin-top: 0; margin-bottom: 3px; padding-left: 0;\">Frank Thiel: Nowhere is a Place, Galeria Leme, S\u00e3o Paulo, Brazil<\/p>\n<p style=\"font-size: 16px; font-weight: normal; margin-top: 0; margin-bottom: 3px; padding-left: 0;\">Frank Thiel: Nowhere is a Place, Sean Kelly Gallery, New York, United States<\/p>\n<p style=\"font-size: 16px; font-weight: normal; margin-top: 0; margin-bottom: 3px; padding-left: 0;\">Los Arados de Dios, Galerie Krinzinger, Vienna, Austria<\/p>\n<p style=\"font-size: 16px; font-weight: bold; margin-top: 12px; margin-bottom: 4px;\">2010<\/p>\n<p style=\"font-size: 16px; font-weight: normal; margin-top: 0; margin-bottom: 3px; padding-left: 0;\">Frank Thiel, Galeria Leme, S\u00e3o Paulo, Brazil<\/p>\n<p style=\"font-size: 16px; font-weight: bold; margin-top: 12px; margin-bottom: 4px;\">2009<\/p>\n<p style=\"font-size: 16px; font-weight: normal; margin-top: 0; margin-bottom: 3px; padding-left: 0;\">Frank Thiel, Galeria Helga de Alvear, Madrid, Spain<\/p>\n<p style=\"font-size: 16px; font-weight: normal; margin-top: 0; margin-bottom: 3px; padding-left: 0;\">Frank Thiel: New Work, Sean Kelly, New York, United States<\/p>\n<p style=\"font-size: 16px; font-weight: bold; margin-top: 12px; margin-bottom: 4px;\">2006<\/p>\n<p style=\"font-size: 16px; font-weight: normal; margin-top: 0; margin-bottom: 3px; padding-left: 0;\">Frank Thiel: Void Territory, Sean Kelly Gallery, New York, USA<\/p>\n<p style=\"font-size: 16px; font-weight: normal; margin-top: 0; margin-bottom: 3px; padding-left: 0;\">Galerie Krinzinger, Vienna, Austria<\/p>\n<p style=\"font-size: 16px; font-weight: normal; margin-top: 0; margin-bottom: 3px; padding-left: 0;\">The Search For Distance, Goethe Institute Thessaloniki, Greece (traveling exhibition)<\/p>\n<p style=\"font-size: 16px; font-weight: bold; margin-top: 12px; margin-bottom: 4px;\">2005<\/p>\n<p style=\"font-size: 16px; font-weight: normal; margin-top: 0; margin-bottom: 3px; padding-left: 0;\">National Art Museum, Kiev, Ukraine; Museum of Western and Eastern Art, Odessa, Ukraine<\/p>\n<p style=\"font-size: 16px; font-weight: bold; margin-top: 12px; margin-bottom: 4px;\">2004<\/p>\n<p style=\"font-size: 16px; font-weight: normal; margin-top: 0; margin-bottom: 3px; padding-left: 0;\">Frank Thiel, Sean Kelly, New York, United States<\/p>\n<p style=\"font-size: 16px; font-weight: bold; margin-top: 12px; margin-bottom: 4px;\">2003<\/p>\n<p style=\"font-size: 16px; font-weight: normal; margin-top: 0; margin-bottom: 3px; padding-left: 0;\">Frank Thiel \u2013 Fotografien der Jahre 1999-2003, Galerie Krizinger, Vienna, Austria<\/p>\n<p style=\"font-size: 16px; font-weight: normal; margin-top: 0; margin-bottom: 3px; padding-left: 0;\">Galeria Helga de Alvear, Madrid, Spain<\/p>\n<p style=\"font-size: 16px; font-weight: bold; margin-top: 12px; margin-bottom: 4px;\">2002<\/p>\n<p style=\"font-size: 16px; font-weight: normal; margin-top: 0; margin-bottom: 3px; padding-left: 0;\">Frank Thiel, Sean Kelly, New York<\/p>\n<p style=\"font-size: 16px; font-weight: normal; margin-top: 0; margin-bottom: 3px; padding-left: 0;\">Galerie Art+Public, Geneva, Switzerland<\/p>\n<p style=\"font-size: 16px; font-weight: normal; margin-top: 0; margin-bottom: 3px; padding-left: 0;\">Kunstverein Ludwigsburg, Ludwigsburg, Germany<\/p>\n<p style=\"font-size: 16px; font-weight: bold; margin-top: 12px; margin-bottom: 4px;\">2001<\/p>\n<p style=\"font-size: 16px; font-weight: normal; margin-top: 0; margin-bottom: 3px; padding-left: 0;\">Begijnhof II; Under Construction, Galeria Estrany de la Mota, Barcelona<\/p>\n<p style=\"font-size: 16px; font-weight: normal; margin-top: 0; margin-bottom: 3px; padding-left: 0;\">Espai Lucas, Valencia, Spain<\/p>\n<p style=\"font-size: 16px; font-weight: bold; margin-top: 12px; margin-bottom: 4px;\">2000<\/p>\n<p style=\"font-size: 16px; font-weight: normal; margin-top: 0; margin-bottom: 3px; padding-left: 0;\">City TV (Berlin), Ileana Tounta Contemporary Art Center, Athens, Greece<\/p>\n<p style=\"font-size: 16px; font-weight: normal; margin-top: 0; margin-bottom: 3px; padding-left: 0;\">Street Level Gallery, Glasgow, Norway; Goethe-Institut Manchester, Manchester, United Kingdom; Dublin, Ireland<\/p>\n<p style=\"font-size: 16px; font-weight: bold; margin-top: 12px; margin-bottom: 4px;\">1999<\/p>\n<p style=\"font-size: 16px; font-weight: normal; margin-top: 0; margin-bottom: 3px; padding-left: 0;\">City TV (Berlin), Galerie Haas und Fuchs, Berlin, Germany; Forum Kunst, Rottweil, Germany<\/p>\n<p style=\"font-size: 16px; font-weight: normal; margin-top: 0; margin-bottom: 3px; padding-left: 0;\">Galeria Helga de Alvear, Madrid, Spain<\/p>\n<p style=\"font-size: 16px; font-weight: normal; margin-top: 0; margin-bottom: 3px; padding-left: 0;\">Galerie Art+Public, Geneva, Switzerland<\/p>\n<p style=\"font-size: 16px; font-weight: normal; margin-top: 0; margin-bottom: 3px; padding-left: 0;\">Goethe Institutes Singapore; National Art Gallery, Kuala Lumpur, Malaysia; Jakarta, Indonesia; Bandung, Indonesia; Bratislava, Slovakia; Museum of Imaging Technology, Chulalongkorn University, Bangkok, Thailand<\/p>\n<p style=\"font-size: 16px; font-weight: normal; margin-top: 0; margin-bottom: 3px; padding-left: 0;\">IMAGO'99, Universidad de Salamanca, Centro de Fotografia, Patio de Escuelas, Salamanca, Spain<\/p>\n<p style=\"font-size: 16px; font-weight: bold; margin-top: 12px; margin-bottom: 4px;\">1998<\/p>\n<p style=\"font-size: 16px; font-weight: normal; margin-top: 0; margin-bottom: 3px; padding-left: 0;\">Academy of Fine Arts, Izmir, Turkey; Goethe Institutes Ankara, Turkey and Seoul, Korea.<\/p>\n<p style=\"font-size: 16px; font-weight: normal; margin-top: 0; margin-bottom: 3px; padding-left: 0;\">Frank Thiel, Berl\u00edn, Centro Galego de Arte Contempor\u00e1nea, Santiago de Compostela, Spain<\/p>\n<p style=\"font-size: 16px; font-weight: bold; margin-top: 12px; margin-bottom: 4px;\">1997<\/p>\n<p style=\"font-size: 16px; font-weight: normal; margin-top: 0; margin-bottom: 3px; padding-left: 0;\">Galerie Art+Public, Geneva, Switzerland<\/p>\n<p style=\"font-size: 16px; font-weight: normal; margin-top: 0; margin-bottom: 3px; padding-left: 0;\">Goethe Institute Minsk, Minsk, Russia; Rosizo Gallery, Moscow, Russia<\/p>\n<p style=\"font-size: 16px; font-weight: normal; margin-top: 0; margin-bottom: 3px; padding-left: 0;\">Statements, Art28 Basel, Basel, Switzerland<\/p>\n<p style=\"font-size: 16px; font-weight: bold; margin-top: 12px; margin-bottom: 4px;\">1996<\/p>\n<p style=\"font-size: 16px; font-weight: normal; margin-top: 0; margin-bottom: 3px; padding-left: 0;\">Frank Thiel, Centre Culturel le Parvis, Tarbes, France; Goethe Institute, Brussels, Belgium<\/p>\n<p style=\"font-size: 16px; font-weight: normal; margin-top: 0; margin-bottom: 3px; padding-left: 0;\">Heidelberger Kunstverein, Studio Gallery, Heidelberg, Germany<\/p>\n<p style=\"font-size: 16px; font-weight: normal; margin-top: 0; margin-bottom: 3px; padding-left: 0;\">Hotel Berolina, Galerie Michael Fuchs, Berlin, Germany<\/p>\n<p style=\"font-size: 16px; font-weight: bold; margin-top: 12px; margin-bottom: 4px;\">1995<\/p>\n<p style=\"font-size: 16px; font-weight: normal; margin-top: 0; margin-bottom: 3px; padding-left: 0;\">Goethe Institute, Paris, France; Galerie Cond\u00e9, Paris, France<\/p>\n<p style=\"font-size: 16px; font-weight: normal; margin-top: 0; margin-bottom: 3px; padding-left: 0;\">Prison Gates, Ursula Blickle Foundation, Kraichtal, Germany<\/p>\n<p style=\"font-size: 16px; font-weight: bold; margin-top: 12px; margin-bottom: 4px;\">1993<\/p>\n<p style=\"font-size: 16px; font-weight: normal; margin-top: 0; margin-bottom: 3px; padding-left: 0;\">Modulo, Centro Difusor de Arte, Lisbon, Portugal<\/p>\n<p style=\"font-size: 16px; font-weight: bold; margin-top: 12px; margin-bottom: 4px;\">1992<\/p>\n<p style=\"font-size: 16px; font-weight: normal; margin-top: 0; margin-bottom: 3px; padding-left: 0;\">Galerie Zellermayer, Berlin, Germany<\/p>\n<p style=\"font-size: 16px; font-weight: bold; margin-top: 12px; margin-bottom: 4px;\">1991<\/p>\n<p style=\"font-size: 16px; font-weight: normal; margin-top: 0; margin-bottom: 3px; padding-left: 0;\">Galerie Zellermayer, Berlin, Germany<\/p>\n<h2 style=\"font-size: 18px; font-weight: bold; text-decoration: underline; margin-top: 25px; margin-bottom: 10px;\">GROUP EXHIBITIONS<\/h2>\n<p style=\"font-size: 16px; font-weight: bold; margin-top: 12px; margin-bottom: 4px;\">2025<\/p>\n<p style=\"font-size: 16px; font-weight: normal; margin-top: 0; margin-bottom: 3px; padding-left: 0;\">Despu\u00e9s de todo: Fotograf\u00eda en la Colecci\u00f3n Helga de Alvear, Espacio Cultural Serrer\u00eda Belga, Madri, Espanha<\/p>\n<p style=\"font-size: 16px; font-weight: normal; margin-top: 0; margin-bottom: 3px; padding-left: 0;\">Parsifal, Galeria Helga de Alvear, Madrid, Spain<\/p>\n<p style=\"font-size: 16px; font-weight: bold; margin-top: 12px; margin-bottom: 4px;\">2024<\/p>\n<p style=\"font-size: 16px; font-weight: normal; margin-top: 0; margin-bottom: 3px; padding-left: 0;\">The Fog of War, Meckelhalle Freiburg, Germany (touring exhibition)<\/p>\n<p style=\"font-size: 16px; font-weight: bold; margin-top: 12px; margin-bottom: 4px;\">2023<\/p>\n<p style=\"font-size: 16px; font-weight: normal; margin-top: 0; margin-bottom: 3px; padding-left: 0;\">The Fog of War, Goethe Institute in Tbilisi, Georgia; Goethe Institute Almaty, Kazakhstan; Meckelhalle, Freiburg, Germany (touring exhibition)<\/p>\n<p style=\"font-size: 16px; font-weight: normal; margin-top: 0; margin-bottom: 3px; padding-left: 0;\">Photography in Between: Photography in the IVAM collection after 1950, Institut Valenci\u00e0 d'Art Modern, Val\u00e9ncia, Spain<\/p>\n<p style=\"font-size: 16px; font-weight: normal; margin-top: 0; margin-bottom: 3px; padding-left: 0;\">The Whole Palette, Kunstmuseum Liechtenstein, Vaduz, Liechtenstein<\/p>\n<p style=\"font-size: 16px; font-weight: bold; margin-top: 12px; margin-bottom: 4px;\">2022<\/p>\n<p style=\"font-size: 16px; font-weight: normal; margin-top: 0; margin-bottom: 3px; padding-left: 0;\">Belonging \u2013 works from the collection of the European Investment Bank, Bourn Vincent Gallery of the University of Limerick, Limerick, Ireland<\/p>\n<p style=\"font-size: 16px; font-weight: normal; margin-top: 0; margin-bottom: 3px; padding-left: 0;\">Perspectives: Recent Gifts of Contemporary Art, Eastman Museum, Rochester, New York, United States<\/p>\n<p style=\"font-size: 16px; font-weight: normal; margin-top: 0; margin-bottom: 3px; padding-left: 0;\">Matador 25 Years. Journey to the heart of a mythical magazine, Fern\u00e1n G\u00f3mez, Centro Cultural de la Villa, Madrid, Spain<\/p>\n<p style=\"font-size: 16px; font-weight: normal; margin-top: 0; margin-bottom: 3px; padding-left: 0;\">T\u00e1ctica Sint\u00e1ctica, Centro de Arte de Dos de Mayo, Madrid, Spain<\/p>\n<p style=\"font-size: 16px; font-weight: normal; margin-top: 0; margin-bottom: 3px; padding-left: 0;\">The Big Picture: Photography's Moment, Nassau County Museum of Art, Roslyn, New York, United States<\/p>\n<p style=\"font-size: 16px; font-weight: normal; margin-top: 0; margin-bottom: 3px; padding-left: 0;\">The Fog of War, Goethe-Center Baku, Kapellhaus, Baku, Azerbaijan (touring exhibition)<\/p>\n<p style=\"font-size: 16px; font-weight: normal; margin-top: 0; margin-bottom: 3px; padding-left: 0;\">The MAST Collection. A visual alphabet of industry, work and technology, MAST Foundation, Bologna, Italy<\/p>\n<p style=\"font-size: 16px; font-weight: bold; margin-top: 12px; margin-bottom: 4px;\">2021<\/p>\n<p style=\"font-size: 16px; font-weight: normal; margin-top: 0; margin-bottom: 3px; padding-left: 0;\">Fotografo o que n\u00e3o vejo, Instituto Figueiredo Ferraz, S\u00e3o Paulo, Brazil<\/p>\n<p style=\"font-size: 16px; font-weight: normal; margin-top: 0; margin-bottom: 3px; padding-left: 0;\">Helga de Alvear Collection, Museum of Contemporary Art Helga de Alvear, C\u00e1ceres, Spain<\/p>\n<p style=\"font-size: 16px; font-weight: normal; margin-top: 0; margin-bottom: 3px; padding-left: 0;\">Janelas para dentro (Inward Windows), Casa Mill\u00e1n, S\u00e3o Paulo, Brazil<\/p>\n<p style=\"font-size: 16px; font-weight: normal; margin-top: 0; margin-bottom: 3px; padding-left: 0;\">Moving Memories, Cocoon, Fi\u015fekhane, Istanbul, Turkey<\/p>\n<p style=\"font-size: 16px; font-weight: normal; margin-top: 0; margin-bottom: 3px; padding-left: 0;\">Photography in the middle, Photography in the IVAM collection after 1950, Valencian Institute of Modern Art, IVAM, Valencia, Spain<\/p>\n<p style=\"font-size: 16px; font-weight: normal; margin-top: 0; margin-bottom: 3px; padding-left: 0;\">Thousand Ways to Say City, Gagliardi and Somke Contemporary, Turin, Italy<\/p>\n<p style=\"font-size: 16px; font-weight: normal; margin-top: 0; margin-bottom: 3px; padding-left: 0;\">Water Reverie, Borusan Contemporary, Istanbul, Turkey<\/p>\n<p style=\"font-size: 16px; font-weight: normal; margin-top: 0; margin-bottom: 3px; padding-left: 0;\">What is a Collection made of?, Flux and Metamorphosis, Centro de Arte Contempor\u00e2nea e Coimbra, Coimbra, Portugal<\/p>\n<p style=\"font-size: 16px; font-weight: normal; margin-top: 0; margin-bottom: 3px; padding-left: 0;\">Wire Frame, A virtual exhibition curated by Mika Tajima, Hill Art Foundation, New York, United States<\/p>\n<p style=\"font-size: 16px; font-weight: bold; margin-top: 12px; margin-bottom: 4px;\">2020<\/p>\n<p style=\"font-size: 16px; font-weight: normal; margin-top: 0; margin-bottom: 3px; padding-left: 0;\">Eclectic. Photography from the Gagliardi Collection, Gagliardi e Domke Contemporary, Torino, Italy<\/p>\n<p style=\"font-size: 16px; font-weight: normal; margin-top: 0; margin-bottom: 3px; padding-left: 0;\">Nach uns die Sintflut, Kunst Haus Wien, Vienna, Austria<\/p>\n<p style=\"font-size: 16px; font-weight: normal; margin-top: 0; margin-bottom: 3px; padding-left: 0;\">Parley Collective x Vortic, initiative by Parley for the Oceans and Vortic in collaboration with 12 galleries, New York, United States (digital exhibition)<\/p>\n<p style=\"font-size: 16px; font-weight: normal; margin-top: 0; margin-bottom: 3px; padding-left: 0;\">The Exhibition \u2013 Collect Wisely, Sean Kelly Gallery, New York, United States (digital exhibition)<\/p>\n<p style=\"font-size: 16px; font-weight: normal; margin-top: 0; margin-bottom: 3px; padding-left: 0;\">The World to Come: Art in the Age of the Anthropocene, DePaul Art Museum, Chicago, Unites States<\/p>\n<p style=\"font-size: 16px; font-weight: normal; margin-top: 0; margin-bottom: 3px; padding-left: 0;\">Water Reverie, Borusan Contemporary Art Collection, Istanbul, Turkey<\/p>\n<p style=\"font-size: 16px; font-weight: normal; margin-top: 0; margin-bottom: 3px; padding-left: 0;\">WELTREISE. Kunst aus Deutschland unterwegs. Werke aus dem Kunstbestand des IFA 1949 \u2014 heute, Art Palace, Minsk, Belarus (touring exhibition)<\/p>\n<p style=\"font-size: 16px; font-weight: normal; margin-top: 0; margin-bottom: 3px; padding-left: 0;\">World Peace, MoCA Westport, Connecticut, United States<\/p>\n<p style=\"font-size: 16px; font-weight: bold; margin-top: 12px; margin-bottom: 4px;\">2019<\/p>\n<p style=\"font-size: 16px; font-weight: normal; margin-top: 0; margin-bottom: 3px; padding-left: 0;\">4th Montevideo Biennial - Traves\u00edas Atl\u00e1nticas (curated by Alfons Hug and Alejandro Cruz), Montevideo, Uruguay<\/p>\n<p style=\"font-size: 16px; font-weight: normal; margin-top: 0; margin-bottom: 3px; padding-left: 0;\">My Garden of Eden (curated by Bob van Orsouw), Christopher Guye Galerie, Z\u00fcrich, Switzerland<\/p>\n<p style=\"font-size: 16px; font-weight: normal; margin-top: 0; margin-bottom: 3px; padding-left: 0;\">A Doll's House (curated by Alfons Hug and Asli Samadova), Goethe Institut, German-Azerbaijani Cultural Association, Kapellhaus, Baku, Azerbaijan; Goethe Institut, Tbilsi, Georgia<\/p>\n<p style=\"font-size: 16px; font-weight: normal; margin-top: 0; margin-bottom: 3px; padding-left: 0;\">Epidermis \u2013 Conditio humana \u2013 Cosmos Works from the Hilti Art Foundation, Kunstmuseunm Liechntenstein, Vaduz, Liechtenstein<\/p>\n<p style=\"font-size: 16px; font-weight: normal; margin-top: 0; margin-bottom: 3px; padding-left: 0;\">The World to Come: Art in the Age of the Anthropocene, University of Michigan Museum of Art, Ann Arbor, Michigan, United States<\/p>\n<p style=\"font-size: 16px; font-weight: bold; margin-top: 12px; margin-bottom: 4px;\">2018<\/p>\n<p style=\"font-size: 16px; font-weight: normal; margin-top: 0; margin-bottom: 3px; padding-left: 0;\">The World to Come: Art in the Age of the Anthropocene, Harn Museum of Art, University of Florida, Gainesville, United States<\/p>\n<p style=\"font-size: 16px; font-weight: normal; margin-top: 0; margin-bottom: 3px; padding-left: 0;\">Beyond Borders (curated by Delphine Munro and Michket Krifa), Boghossian Foundation, Brussels, Belgium<\/p>\n<p style=\"font-size: 16px; font-weight: normal; margin-top: 0; margin-bottom: 3px; padding-left: 0;\">11th Mercosul Biennial, O Tri\u00e2ngulo do Atl\u00e2ntico (curated by Alfons Hug and Paula Borghi), Porto Alegre, Brazil<\/p>\n<p style=\"font-size: 16px; font-weight: normal; margin-top: 0; margin-bottom: 3px; padding-left: 0;\">Before and Behind the Lens. Photography in the Collection, Moderna Museet, Stockholm, Sweden<\/p>\n<p style=\"font-size: 16px; font-weight: normal; margin-top: 0; margin-bottom: 3px; padding-left: 0;\">EDIFICE, COMPLEX, VISIONARY, STRUCTURE, Sean Kelly, New York, United States<\/p>\n<p style=\"font-size: 16px; font-weight: bold; margin-top: 12px; margin-bottom: 4px;\">2017<\/p>\n<p style=\"font-size: 16px; font-weight: normal; margin-top: 0; margin-bottom: 3px; padding-left: 0;\">Remains of the Days, Borusan Contemporary, Istanbul, Turkey<\/p>\n<p style=\"font-size: 16px; font-weight: normal; margin-top: 0; margin-bottom: 3px; padding-left: 0;\">Selected, Sean Kelly, New York, United States<\/p>\n<p style=\"font-size: 16px; font-weight: normal; margin-top: 0; margin-bottom: 3px; padding-left: 0;\">Viajando Pelo Mundo, Pa\u00e7o Imperial, Rio de Janeiro, Brazil<\/p>\n<p style=\"font-size: 16px; font-weight: bold; margin-top: 12px; margin-bottom: 4px;\">2016<\/p>\n<p style=\"font-size: 16px; font-weight: normal; margin-top: 0; margin-bottom: 3px; padding-left: 0;\">Viaje alrededor del mundo, Instituto Cultural Caba\u00f1as &amp; Museo de Arte de Zapopan, Guadalajara, Mexico<\/p>\n<p style=\"font-size: 16px; font-weight: normal; margin-top: 0; margin-bottom: 3px; padding-left: 0;\">The Antarctic Sublime &amp; Elements of Nature: Water, The Dayton Art Institute, Dayton, United States<\/p>\n<p style=\"font-size: 16px; font-weight: normal; margin-top: 0; margin-bottom: 3px; padding-left: 0;\">Deck Voyage (curated by Necmi S\u00f6nmez), Borusan Contemporary, Istanbul, Turkey<\/p>\n<p style=\"font-size: 16px; font-weight: normal; margin-top: 0; margin-bottom: 3px; padding-left: 0;\">Fora da ordem - Obras da Cole\u00e7\u00e3o Helga de Alvear, Pinacoteca do Estado de S\u00e3o Paulo, S\u00e3o Paulo, Brazil<\/p>\n<p style=\"font-size: 16px; font-weight: normal; margin-top: 0; margin-bottom: 3px; padding-left: 0;\">Zeitgeist: a Arte da Nova Berlim (curated by Alfons Hug), Centro Cultural Banco do Brasil, Rio de Janeiro, Brazil<\/p>\n<p style=\"font-size: 16px; font-weight: bold; margin-top: 12px; margin-bottom: 4px;\">2015<\/p>\n<p style=\"font-size: 16px; font-weight: normal; margin-top: 0; margin-bottom: 3px; padding-left: 0;\">WELTREISE. Kunst aus Deutschland unterwegs. Werke aus dem Kunstbestand des IFA 1949 \u2014 heute, Busan Museum of Art, Busan, South Korea (touring exhibition)<\/p>\n<p style=\"font-size: 16px; font-weight: normal; margin-top: 0; margin-bottom: 3px; padding-left: 0;\">Convergence(s), works from The European Investment Bank Collection, Cercle Cit\u00e9, Luxembourg<\/p>\n<p style=\"font-size: 16px; font-weight: normal; margin-top: 0; margin-bottom: 3px; padding-left: 0;\">Zeitgeist: a Arte da Nova Berlim (curated by Alfons Hug), Centro Cultura Banco do Brasil, Belo Horizonte, Rio de Janeiro, Brazil (touring exhibition)<\/p>\n<p style=\"font-size: 16px; font-weight: normal; margin-top: 0; margin-bottom: 3px; padding-left: 0;\">Framing Desire: Photography and Video, The Modern Art Museum of Fort Worth, Fort Worth, United States<\/p>\n<p style=\"font-size: 16px; font-weight: normal; margin-top: 0; margin-bottom: 3px; padding-left: 0;\">Landscape in My Mind. Landscape Photography Today, Kunstforum Vienna, Vienna, Austria<\/p>\n<p style=\"font-size: 16px; font-weight: bold; margin-top: 12px; margin-bottom: 4px;\">2014<\/p>\n<p style=\"font-size: 16px; font-weight: normal; margin-top: 0; margin-bottom: 3px; padding-left: 0;\">Momento Contempor\u00e2neo (curated by Paulo Ven\u00e2ncio Filho), Instituto Figueiredo Ferraz, Ribeir\u00e3o Preto, Brazil<\/p>\n<p style=\"font-size: 16px; font-weight: normal; margin-top: 0; margin-bottom: 3px; padding-left: 0;\">Las l\u00e1grimas de las cosas \/ The Tears of Things, Centro de Artes Visuales Fundaci\u00f3n Helga de Alvear, C\u00e1ceres, Spain<\/p>\n<p style=\"font-size: 16px; font-weight: normal; margin-top: 0; margin-bottom: 3px; padding-left: 0;\">We, the Enemy \u2013 Leben unter Verdacht, European Media Art Festival, Kunsthalle Osnabr\u00fcck, Germany<\/p>\n<p style=\"font-size: 16px; font-weight: normal; margin-top: 0; margin-bottom: 3px; padding-left: 0;\">Forms of Attraction: Kjaerholm, Tenreiro and Selected Works, Sean Kelly, New York, United States<\/p>\n<p style=\"font-size: 16px; font-weight: normal; margin-top: 0; margin-bottom: 3px; padding-left: 0;\">WELTREISE. Kunst aus Deutschland unterwegs. Werke aus dem Kunstbestand des IFA 1949 \u2014 heute, Moscow Museum Of Modern Art, Moscow, Russia (touring exhibition)<\/p>\n<p style=\"font-size: 16px; font-weight: normal; margin-top: 0; margin-bottom: 3px; padding-left: 0;\">Accrochage, Galerie Michael Fuchs, Berlin, Germany<\/p>\n<p style=\"font-size: 16px; font-weight: normal; margin-top: 0; margin-bottom: 3px; padding-left: 0;\">Hatje Cantz &amp; du Moulin im Bikini, Bikini, Berlin, Germany<\/p>\n<p style=\"font-size: 16px; font-weight: bold; margin-top: 12px; margin-bottom: 4px;\">2013<\/p>\n<p style=\"font-size: 16px; font-weight: normal; margin-top: 0; margin-bottom: 3px; padding-left: 0;\">El Arte Del Presente, Colecci\u00f3n Helga de Alvear, Centro Cibeles de Cultura Ciudadan\u00eda, Palacio de Cibeles, Madrid, Spain<\/p>\n<p style=\"font-size: 16px; font-weight: normal; margin-top: 0; margin-bottom: 3px; padding-left: 0;\">Vues d'en haut \/ Views From Above, Centre Pompidou-Metz, Metz, France<\/p>\n<p style=\"font-size: 16px; font-weight: normal; margin-top: 0; margin-bottom: 3px; padding-left: 0;\">Inner Journeys, Maison Particuli\u00e8re, Brussels, Belgium<\/p>\n<p style=\"font-size: 16px; font-weight: normal; margin-top: 0; margin-bottom: 3px; padding-left: 0;\">Blider einer Stadt, Pavlov`s Dog, Berlin, Germany<\/p>\n<p style=\"font-size: 16px; font-weight: normal; margin-top: 0; margin-bottom: 3px; padding-left: 0;\">WELTREISE. Kunst aus Deutschland unterwegs. Werke aus dem Kunstbestand des IFA 1949 \u2014 heute, Museum f\u00fcr Neue Kunst, ZKM, Karlsruhe, Germany (touring exhibition)<\/p>\n<p style=\"font-size: 16px; font-weight: normal; margin-top: 0; margin-bottom: 3px; padding-left: 0;\">Stadt in Sicht - Werke aus der Sammlung Deutsche Bank. Von Feininger bis Gursky, Museum Ostwall, Dortmund, Germany<\/p>\n<p style=\"font-size: 16px; font-weight: bold; margin-top: 12px; margin-bottom: 4px;\">2012<\/p>\n<p style=\"font-size: 16px; font-weight: normal; margin-top: 0; margin-bottom: 3px; padding-left: 0;\">Al\u00e9m da Forma, Instituto Figueiredo Ferraz, Ribeir\u00e3o Preto, Brazil<\/p>\n<p style=\"font-size: 16px; font-weight: normal; margin-top: 0; margin-bottom: 3px; padding-left: 0;\">CIFO: Una mirada m\u00faltiple. Selecciones de la Colecci\u00f3n Ella Fontanals-Cisneros, Museo Nacional de Bellas Artes, Havana, Cuba<\/p>\n<p style=\"font-size: 16px; font-weight: normal; margin-top: 0; margin-bottom: 3px; padding-left: 0;\">The Gallery Collection, Galerie Bob van Orsouw, Zurich, Switzerland<\/p>\n<p style=\"font-size: 16px; font-weight: normal; margin-top: 0; margin-bottom: 3px; padding-left: 0;\">Elton John's AIDS Foundation Photography Portfolio II, Marian Goodman Gallery, New York, United States<\/p>\n<p style=\"font-size: 16px; font-weight: normal; margin-top: 0; margin-bottom: 3px; padding-left: 0;\">Juegos de Lenguaje, Una introducci\u00f3n al arte de nuestro tiempo, Centro de Artes Visuales Fundaci\u00f3n Helga de Alvear, C\u00e1ceres, Spain<\/p>\n<p style=\"font-size: 16px; font-weight: normal; margin-top: 0; margin-bottom: 3px; padding-left: 0;\">Fotografia Contempor\u00e2nea, Galeria Cordeiros, Porto, Portugal<\/p>\n<p style=\"font-size: 16px; font-weight: normal; margin-top: 0; margin-bottom: 3px; padding-left: 0;\">Under Construction: Art and Architecture in the Collection Teixeira de Freitas, TEA Tenerife Espacio de las Artes, Santa Cruz de Tenerife, Tenerife, Spain<\/p>\n<p style=\"font-size: 16px; font-weight: normal; margin-top: 0; margin-bottom: 3px; padding-left: 0;\">First Choice\u2014From Private Collections V, Galerie Carzaniga, Basel, Switzerland<\/p>\n<p style=\"font-size: 16px; font-weight: bold; margin-top: 12px; margin-bottom: 4px;\">2011<\/p>\n<p style=\"font-size: 16px; font-weight: normal; margin-top: 0; margin-bottom: 3px; padding-left: 0;\">Left Behind: Selected Gifts from the Heather and Tony Podesta Collection, The Philips Collection, Washington, United States<\/p>\n<p style=\"font-size: 16px; font-weight: normal; margin-top: 0; margin-bottom: 3px; padding-left: 0;\">Portraits of Artists, Sean Kelly Gallery, New York, United States<\/p>\n<p style=\"font-size: 16px; font-weight: normal; margin-top: 0; margin-bottom: 3px; padding-left: 0;\">*Plus que vrai!, Genomic Center for the Arts, Saint Die des Vosges, France<\/p>\n<p style=\"font-size: 16px; font-weight: normal; margin-top: 0; margin-bottom: 3px; padding-left: 0;\">Ludwig Schwarz: On Painting, Dallas Contemporary, Dallas, United States<\/p>\n<p style=\"font-size: 16px; font-weight: normal; margin-top: 0; margin-bottom: 3px; padding-left: 0;\">Private Art Collection, Bob van Orsouw, Zurich, Switzerland<\/p>\n<p style=\"font-size: 16px; font-weight: normal; margin-top: 0; margin-bottom: 3px; padding-left: 0;\">Still (curated by Diedrich Diederichsen), Galerie Michael Fuchs, Berlin, Germany<\/p>\n<p style=\"font-size: 16px; font-weight: normal; margin-top: 0; margin-bottom: 3px; padding-left: 0;\">Gentes e Lugares \/ People and Places. O Novo Som e a Imagem na Colec\u00e7\u00e3o Berardo \/ The New Sound and Image in the Berardo Collection, Museu Colec\u00e7\u00e3o Berardo, Lisbon, Portugal<\/p>\n<p style=\"font-size: 16px; font-weight: normal; margin-top: 0; margin-bottom: 3px; padding-left: 0;\">Portraits &amp; Faces, Heldart | Matthias Held, Berlin, Germany<\/p>\n<p style=\"font-size: 16px; font-weight: bold; margin-top: 12px; margin-bottom: 4px;\">2010<\/p>\n<p style=\"font-size: 16px; font-weight: normal; margin-top: 0; margin-bottom: 3px; padding-left: 0;\">Schimmern\/ Shimmering, Magazin 4, Bregenzer Kunstverein, Bregenz, Austria<\/p>\n<p style=\"font-size: 16px; font-weight: normal; margin-top: 0; margin-bottom: 3px; padding-left: 0;\">*FOOTNOTE NUMBER FOUR: On Rem Koolhaas and Harald Szeemann, curated by Raimundas Malasauskas and Sophie von Olfers, Artists Space, New York, United States<\/p>\n<p style=\"font-size: 16px; font-weight: normal; margin-top: 0; margin-bottom: 3px; padding-left: 0;\">Nullpunkt \/ Ground Zero (curated by Martin Herbert), Magazin 4, Bregenzer Kunstverein, Bregenz, Austria<\/p>\n<p style=\"font-size: 16px; font-weight: normal; margin-top: 0; margin-bottom: 3px; padding-left: 0;\">Art and Architecture in Contemporary Photographs, Yossi Milo Gallery, New York, United States<\/p>\n<p style=\"font-size: 16px; font-weight: normal; margin-top: 0; margin-bottom: 3px; padding-left: 0;\">Building Blocks (curated by Diedrich Diederichsen), Galerie f\u00fcr Zeitgen\u00f6ssische Kunst, Leipzig, Germany<\/p>\n<p style=\"font-size: 16px; font-weight: normal; margin-top: 0; margin-bottom: 3px; padding-left: 0;\">Colecci\u00f3n Berg\u00e9, Heterotop\u00edas. Una aproximaci\u00f3n a las narrativas disidentes, MARCO Museo de Arte Contempor\u00e1neo de Vigo, Spain<\/p>\n<p style=\"font-size: 16px; font-weight: normal; margin-top: 0; margin-bottom: 3px; padding-left: 0;\">Accrochage, Michael Fuchs Galerie, Berlin, Germany<\/p>\n<p style=\"font-size: 16px; font-weight: normal; margin-top: 0; margin-bottom: 3px; padding-left: 0;\">Estancias, Residencias, Presencias. Una construcci\u00f3n particular, TEA Tenerife Espacio de las Artes, Santa Cruz de Tenerife, Spain<\/p>\n<p style=\"font-size: 16px; font-weight: normal; margin-top: 0; margin-bottom: 3px; padding-left: 0;\">Inside Out, Photography After Form: Selections from the Ella Fontanals-Cisneros, Collection, Cisneros Fontanals Art Foundation, Miami, United States<\/p>\n<p style=\"font-size: 16px; font-weight: normal; margin-top: 0; margin-bottom: 3px; padding-left: 0;\">Menos Tiempo que Lugar, El Arte de la Independencia: Ecos Contempor\u00e1neos, Palais de Glace - Palacio Nacional de las Artes, Buenos Aires, Argentina; Museo Nacional de Bellas Artes, Santiago, Chile; Museo de Antioquia, Medell\u00edn, Colombia (touring exhibition)<\/p>\n<p style=\"font-size: 16px; font-weight: normal; margin-top: 0; margin-bottom: 3px; padding-left: 0;\">Out of Control\u2014Berlin, BIP2010 - 7\u00e8me Biennale Internationale de la Photographie et des Arts visuels, Le Grand Curtius, Li\u00e8ge, Belgium<\/p>\n<p style=\"font-size: 16px; font-weight: bold; margin-top: 12px; margin-bottom: 4px;\">2009<\/p>\n<p style=\"font-size: 16px; font-weight: normal; margin-top: 0; margin-bottom: 3px; padding-left: 0;\">Atlas Cartographie du don (curated by Elia Pijollet), Mus\u00e9e de la Civilisation, Quebec, Canada<\/p>\n<p style=\"font-size: 16px; font-weight: normal; margin-top: 0; margin-bottom: 3px; padding-left: 0;\">La luz en la Colecci\u00f3n Helga de Alvear \/ Light in the Helga de Alvear Collection, Centro de Artes Visuales Fundaci\u00f3n Helga de Alvear, C\u00e1ceres, Spain<\/p>\n<p style=\"font-size: 16px; font-weight: normal; margin-top: 0; margin-bottom: 3px; padding-left: 0;\">The Poetic Document, National Gallery of Canada, Ottawa, Canada<\/p>\n<p style=\"font-size: 16px; font-weight: normal; margin-top: 0; margin-bottom: 3px; padding-left: 0;\">Heimat Moderne. Die Fotografie von Arno Fischer bis Frank Thiel, Stadtmuseum Oldenburg, Oldenburg, Germany<\/p>\n<p style=\"font-size: 16px; font-weight: normal; margin-top: 0; margin-bottom: 3px; padding-left: 0;\">Arbeiten in Berlin, Werke aus der Berlinischen Galerie (curated by J\u00f6rn Merkert), W\u00fcrttembergischer Kunstverein, Stuttgart, Germany<\/p>\n<p style=\"font-size: 16px; font-weight: normal; margin-top: 0; margin-bottom: 3px; padding-left: 0;\">Universos Desdoblados, MARCO Museo de Arte Contempor\u00e1neo de Monterrey, Monterrey, Mexico<\/p>\n<p style=\"font-size: 16px; font-weight: normal; margin-top: 0; margin-bottom: 3px; padding-left: 0;\">Landpartie II. Kunst in und aus Brandenburg 1999 \u2013 2009, Brandenburgischer Kunstverein Potsdam e.V., Potsdam, Germany<\/p>\n<p style=\"font-size: 16px; font-weight: normal; margin-top: 0; margin-bottom: 3px; padding-left: 0;\">Artists Of The Gallery, A Special Selection, Galerie Krinzinger, Vienna, Austria<\/p>\n<p style=\"font-size: 16px; font-weight: normal; margin-top: 0; margin-bottom: 3px; padding-left: 0;\">As Time Goes By, Kunstwerke \u00fcber Zeit, Berlinische Galerie, Museum f\u00fcr Moderne Kunst, Fotografie und Architektur, Berlin, Germany<\/p>\n<p style=\"font-size: 16px; font-weight: normal; margin-top: 0; margin-bottom: 3px; padding-left: 0;\">Berlin 89\/09 \u2013 Kunst zwischen Spurensuche und Utopie, Museum f\u00fcr Moderne Kunst, Fotografie und Architektur, Berlin, Germany<\/p>\n<p style=\"font-size: 16px; font-weight: normal; margin-top: 0; margin-bottom: 3px; padding-left: 0;\">Berlin Now, Gallery Camera Work, Berlin, Germany<\/p>\n<p style=\"font-size: 16px; font-weight: normal; margin-top: 0; margin-bottom: 3px; padding-left: 0;\">Intersecciones: Memoria, Realidad y Nuevos Tiempos, X Bienal de Cuenca, Cuenca, Ecuador<\/p>\n<p style=\"font-size: 16px; font-weight: normal; margin-top: 0; margin-bottom: 3px; padding-left: 0;\">Kunst und \u00d6ffentlichkeit. 40 Jahre Neuer Berliner Kunstverein, Neuer Berliner Kunstverein, Berlin, Germany<\/p>\n<p style=\"font-size: 16px; font-weight: normal; margin-top: 0; margin-bottom: 3px; padding-left: 0;\">private view, St\u00e4dtische Galerie Villingen-Schwenningen, Villingen-Schwenningen, Germany<\/p>\n<p style=\"font-size: 16px; font-weight: bold; margin-top: 12px; margin-bottom: 4px;\">2008<\/p>\n<p style=\"font-size: 16px; font-weight: normal; margin-top: 0; margin-bottom: 3px; padding-left: 0;\">Artist-Citizen, Contextual Art Practices, 49th October Salon, Belgrade, Serbia<\/p>\n<p style=\"font-size: 16px; font-weight: normal; margin-top: 0; margin-bottom: 3px; padding-left: 0;\">Constructio, Galer\u00eda Antonio de Barnola, Barcelona, Spain<\/p>\n<p style=\"font-size: 16px; font-weight: normal; margin-top: 0; margin-bottom: 3px; padding-left: 0;\">The Prisoner's Dilemma: How Artists Respond to the Exercise of Power in Contemporary Life, Selections from the Ella Fontanals-Cisneros Collection, Cisneros Fontanals Art Foundation, Miami, United States<\/p>\n<p style=\"font-size: 16px; font-weight: normal; margin-top: 0; margin-bottom: 3px; padding-left: 0;\">Rel\u00edquias &amp; Ru\u00ednas, SESC Paulista, S\u00e3o Paulo, Brazil<\/p>\n<p style=\"font-size: 16px; font-weight: normal; margin-top: 0; margin-bottom: 3px; padding-left: 0;\">Paix\u00f3ns Privadas, Visi\u00f3ns P\u00fablicas, MARCO, Museo de Arte Contempor\u00e1neo de Vigo, Vigo, Spain<\/p>\n<p style=\"font-size: 16px; font-weight: normal; margin-top: 0; margin-bottom: 3px; padding-left: 0;\">Atemporalidad, Colecci\u00f3n PECAR, Museo de Bellas Artes de Santander, Santander, Spain<\/p>\n<p style=\"font-size: 16px; font-weight: normal; margin-top: 0; margin-bottom: 3px; padding-left: 0;\">Summer Exhibition, Cook Fine Art, New York, United States<\/p>\n<p style=\"font-size: 16px; font-weight: normal; margin-top: 0; margin-bottom: 3px; padding-left: 0;\">En face \/ surface, Grita Insam Gallery, Vienna, Austria<\/p>\n<p style=\"font-size: 16px; font-weight: normal; margin-top: 0; margin-bottom: 3px; padding-left: 0;\">Generational Issue, CGAC Centro Galego de Arte Contempor\u00e1nea, Santiago de Compostela, Spain<\/p>\n<p style=\"font-size: 16px; font-weight: bold; margin-top: 12px; margin-bottom: 4px;\">2007<\/p>\n<p style=\"font-size: 16px; font-weight: normal; margin-top: 0; margin-bottom: 3px; padding-left: 0;\">Janus\u2014The Double Face of Photography, Holdings from the Permanent Collection, Museo Nacional Centro de Arte Reina Sof\u00eda, Madrid, Spain<\/p>\n<p style=\"font-size: 16px; font-weight: normal; margin-top: 0; margin-bottom: 3px; padding-left: 0;\">Rel\u00edquias &amp; Ru\u00ednas, Centro Cultural Oi Futuro, Rio de Janeiro, Brazil; SESC Paulista, S\u00e3o Paulo, Brazil<\/p>\n<p style=\"font-size: 16px; font-weight: normal; margin-top: 0; margin-bottom: 3px; padding-left: 0;\">Global Anxieties: Perspectives on a Changing Planet, The College of Wooster Art Museum, Wooster, United States<\/p>\n<p style=\"font-size: 16px; font-weight: normal; margin-top: 0; margin-bottom: 3px; padding-left: 0;\">A Generational Question, Centro Galego de Arte Contempor\u00e1nea, Santiago de Compostela, Spain<\/p>\n<p style=\"font-size: 16px; font-weight: normal; margin-top: 0; margin-bottom: 3px; padding-left: 0;\">La vida privada: Representations of Tragedy and Contemporary Banalities, Colecci\u00f3n Josep Ma Civit, CDAN Centro de Arte y Naturaleza \u2013 Fundaci\u00f3n Beulas, Huesca, Spain<\/p>\n<p style=\"font-size: 16px; font-weight: normal; margin-top: 0; margin-bottom: 3px; padding-left: 0;\">Poul Kj\u00e6rholm: Structures and Surfaces, Sean Kelly and R Gallery, New York, United States<\/p>\n<p style=\"font-size: 16px; font-weight: normal; margin-top: 0; margin-bottom: 3px; padding-left: 0;\">Spectacular Space, Galerie Bob van Orsow, Z\u00fcrich, Switzerland<\/p>\n<p style=\"font-size: 16px; font-weight: normal; margin-top: 0; margin-bottom: 3px; padding-left: 0;\">Pure, Sean Kelly, New York, United States<\/p>\n<p style=\"font-size: 16px; font-weight: normal; margin-top: 0; margin-bottom: 3px; padding-left: 0;\">Fa\u00e7ade, Architecture, Space, Cook Fine Art, New York, United States<\/p>\n<p style=\"font-size: 16px; font-weight: normal; margin-top: 0; margin-bottom: 3px; padding-left: 0;\">Guests, Galer\u00eda Juan Sili\u00f3, Santander, Spain<\/p>\n<p style=\"font-size: 16px; font-weight: bold; margin-top: 12px; margin-bottom: 4px;\">2006<\/p>\n<p style=\"font-size: 16px; font-weight: normal; margin-top: 0; margin-bottom: 3px; padding-left: 0;\">Berlin-Tokyo\/Tokyo-Berlin. A Tale of Two Cities, Mori Art Museum, Tokyo, Japan; Neue Nationalgalerie, Berlin, Germany<\/p>\n<p style=\"font-size: 16px; font-weight: normal; margin-top: 0; margin-bottom: 3px; padding-left: 0;\">Big City Lab, Art Forum Berlin, Berlin, Germany<\/p>\n<p style=\"font-size: 16px; font-weight: normal; margin-top: 0; margin-bottom: 3px; padding-left: 0;\">Constructing New Berlin, Phoenix Art Museum, Phoenix, Arizona; Bass Museum of Art, Miami Beach, United States<\/p>\n<p style=\"font-size: 16px; font-weight: normal; margin-top: 0; margin-bottom: 3px; padding-left: 0;\">Flic Flac, Museum f\u00fcr Moderne Kunst, Fotografie und Architektur, Berlin, Germany<\/p>\n<p style=\"font-size: 16px; font-weight: normal; margin-top: 0; margin-bottom: 3px; padding-left: 0;\">Glasskultur: What Became of Transparence? Koldo Mitxelena, San Sebasti\u00e1n, Spain; Centre d'Art La Panera, L\u00e9rida, Spain<\/p>\n<p style=\"font-size: 16px; font-weight: normal; margin-top: 0; margin-bottom: 3px; padding-left: 0;\">Helga de Alvear \u2013 Concepts for a Collection, Exhibition Centre of Centro Cultural de Bel\u00e9m, Brazil<\/p>\n<p style=\"font-size: 16px; font-weight: normal; margin-top: 0; margin-bottom: 3px; padding-left: 0;\">Hundred Kisses Are Better Than One, Krinzinger Projects, Vienna, Austria<\/p>\n<p style=\"font-size: 16px; font-weight: normal; margin-top: 0; margin-bottom: 3px; padding-left: 0;\">Landscape in Contemporary Photography, Briggs Robinson Gallery, Southampton, United States<\/p>\n<p style=\"font-size: 16px; font-weight: normal; margin-top: 0; margin-bottom: 3px; padding-left: 0;\">Metropolitanscape, Palazzo Cavour, Turin, Italy<\/p>\n<p style=\"font-size: 16px; font-weight: normal; margin-top: 0; margin-bottom: 3px; padding-left: 0;\">Photo-Septiembre, Jacob Karpio Galer\u00eda, San Jos\u00e9, Costa Rica<\/p>\n<p style=\"font-size: 16px; font-weight: normal; margin-top: 0; margin-bottom: 3px; padding-left: 0;\">Photosynkria 2006: Contemporary Trends in Documentary Photography, Museum for Photography, Thessaloniki, Greece<\/p>\n<p style=\"font-size: 16px; font-weight: normal; margin-top: 0; margin-bottom: 3px; padding-left: 0;\">Post-Doc, Museum for Photography, Thessaloniki, Greece<\/p>\n<p style=\"font-size: 16px; font-weight: normal; margin-top: 0; margin-bottom: 3px; padding-left: 0;\">Suspension, Dunn and Brown Contemporary, Dallas, United States<\/p>\n<p style=\"font-size: 16px; font-weight: bold; margin-top: 12px; margin-bottom: 4px;\">2005<\/p>\n<p style=\"font-size: 16px; font-weight: normal; margin-top: 0; margin-bottom: 3px; padding-left: 0;\">Architektur mobil, Rudolf-Scharpf-Galerie, Ludwigshafen, Germany<\/p>\n<p style=\"font-size: 16px; font-weight: normal; margin-top: 0; margin-bottom: 3px; padding-left: 0;\">Beyond Delirious, Indeterminate States, Cisneros Fontanals Art Foundation, Miami, United States<\/p>\n<p style=\"font-size: 16px; font-weight: normal; margin-top: 0; margin-bottom: 3px; padding-left: 0;\">Contemporary Visions, Photographs and Videos from the Helga de Alvear Collection, Oulun City Art Museum, Oulu, Finland; Museo Extreme\u00f1o e Iberoamericano de Arte Contempor\u00e1neo (MEIAC), Badajoz, Spain<\/p>\n<p style=\"font-size: 16px; font-weight: normal; margin-top: 0; margin-bottom: 3px; padding-left: 0;\">Gegenwelten. The 20th Century in the Neue Nationalgalerie, Neue Nationalgalerie, Berlin, Germany<\/p>\n<p style=\"font-size: 16px; font-weight: normal; margin-top: 0; margin-bottom: 3px; padding-left: 0;\">Miradas y Conceptos en la Colecci\u00f3n Helga de Alvear, Museo Extreme\u00f1o e Iberoamericano de Arte Contempor\u00e1neo (MEIAC), Badajoz, Spain<\/p>\n<p style=\"font-size: 16px; font-weight: normal; margin-top: 0; margin-bottom: 3px; padding-left: 0;\">Passion Beyond Reason, Wallstreet One, Berlin, Germany<\/p>\n<p style=\"font-size: 16px; font-weight: normal; margin-top: 0; margin-bottom: 3px; padding-left: 0;\">Private View 1980\/2000: Collection Pierre Huber, Mus\u00e9e Cantonal des Beaux-Arts de Lausanne, Lausanne, Switzerland<\/p>\n<p style=\"font-size: 16px; font-weight: normal; margin-top: 0; margin-bottom: 3px; padding-left: 0;\">Zur Vorstellung des Terrors: Die RAF-Ausstellung, Kunst-Werke Berlin, Institute for Contemporary Art, Berlin, Germany; Landesmuseum Joanneum, Graz, Austria<\/p>\n<p style=\"font-size: 16px; font-weight: bold; margin-top: 12px; margin-bottom: 4px;\">2004<\/p>\n<p style=\"font-size: 16px; font-weight: normal; margin-top: 0; margin-bottom: 3px; padding-left: 0;\">On Reason and Emotion, 14th Biennale of Sydney, Art Gallery of New South Wales, Sydney, Australia<\/p>\n<p style=\"font-size: 16px; font-weight: normal; margin-top: 0; margin-bottom: 3px; padding-left: 0;\">Faces, Places, Traces: New Acquisitions to the Photographs Collection, National Gallery of Canada, Ottawa, Canada<\/p>\n<p style=\"font-size: 16px; font-weight: normal; margin-top: 0; margin-bottom: 3px; padding-left: 0;\">Return to Realism. Contemporary Art from the UBS Art Collection, Boca Raton Museum of Art, Boca Raton, United States<\/p>\n<p style=\"font-size: 16px; font-weight: normal; margin-top: 0; margin-bottom: 3px; padding-left: 0;\">Building the Collection, New and Future Acquisitions, Art Gallery of Ontario, Toronto, Canada<\/p>\n<p style=\"font-size: 16px; font-weight: normal; margin-top: 0; margin-bottom: 3px; padding-left: 0;\">A Ara\u00f1eira. 100 Artists from the CGAC Collection, Centro Galego de Arte Contempor\u00e1nea, Santiago de Compostela, Spain<\/p>\n<p style=\"font-size: 16px; font-weight: normal; margin-top: 0; margin-bottom: 3px; padding-left: 0;\">durchBlicke durchBr\u00fcche, The Collection of Berlinische Galerie, Berlinische Galerie, Museum for Modern Art, Photography and Architecture, Berlin, Germany<\/p>\n<p style=\"font-size: 16px; font-weight: normal; margin-top: 0; margin-bottom: 3px; padding-left: 0;\">COLD PLAY Set 1 from the Collection of the Fotomuseum Winterthur, Paris Photo, Paris, France<\/p>\n<p style=\"font-size: 16px; font-weight: normal; margin-top: 0; margin-bottom: 3px; padding-left: 0;\">La Collection Ord\u00f3\u00f1ez Falc\u00f3n \u2014 Une Passion Partag\u00e9e, Le Botanique, Cultural Center of the Wallonia-Brussels Community, Brussels, Belgium<\/p>\n<p style=\"font-size: 16px; font-weight: normal; margin-top: 0; margin-bottom: 3px; padding-left: 0;\">Contemporary Visions, Photographs and Videos from the Helga de Alvear Collection, W\u00e4in\u00f6 Aaltonen Museum, Turku, Finland<\/p>\n<p style=\"font-size: 16px; font-weight: normal; margin-top: 0; margin-bottom: 3px; padding-left: 0;\">Querschnitt_Selezione Trasversale, Gas Art Gallery, Turin, Italy<\/p>\n<p style=\"font-size: 16px; font-weight: normal; margin-top: 0; margin-bottom: 3px; padding-left: 0;\">The Furniture of Poul Kjaerholm and Selected Artwork, Sean Kelly Gallery, New York, United States<\/p>\n<p style=\"font-size: 16px; font-weight: normal; margin-top: 0; margin-bottom: 3px; padding-left: 0;\">Castastrofi minima, Museo de Arte de Nuoro, Sardinia, Italy<\/p>\n<p style=\"font-size: 16px; font-weight: bold; margin-top: 12px; margin-bottom: 4px;\">2003<\/p>\n<p style=\"font-size: 16px; font-weight: normal; margin-top: 0; margin-bottom: 3px; padding-left: 0;\">O Del\u00edrio do Chimborazo, 4th Mercosul Visual Arts Biennial, Porto Alegre, Brazil<\/p>\n<p style=\"font-size: 16px; font-weight: normal; margin-top: 0; margin-bottom: 3px; padding-left: 0;\">Cold Play, Fotomuseum Winterthur, Winterthur, Switzerland<\/p>\n<p style=\"font-size: 16px; font-weight: normal; margin-top: 0; margin-bottom: 3px; padding-left: 0;\">Arquivo e Simula\u00e7\u00e3o, Centro Cultural de Bel\u00e9m, Lisbon, Portugal<\/p>\n<p style=\"font-size: 16px; font-weight: normal; margin-top: 0; margin-bottom: 3px; padding-left: 0;\">Embracing the Present: The UBS Art Collection, Austin Museum of Art, Austin, United States \/ Phoenix Art Museum, Phoenix, United States<\/p>\n<p style=\"font-size: 16px; font-weight: normal; margin-top: 0; margin-bottom: 3px; padding-left: 0;\">A Nova Geometria, Galeria Fortes Vila\u00e7a, S\u00e3o Paulo, Brazil<\/p>\n<p style=\"font-size: 16px; font-weight: normal; margin-top: 0; margin-bottom: 3px; padding-left: 0;\">La Ciudad Radiante, 2nd Biennale of Valencia, Fundaci\u00f3n Bancaixa, Valencia, Spain<\/p>\n<p style=\"font-size: 16px; font-weight: normal; margin-top: 0; margin-bottom: 3px; padding-left: 0;\">Xogos de Escala, Centro Galego de Arte Contempor\u00e1nea, Santiago de Compostela, Spain<\/p>\n<p style=\"font-size: 16px; font-weight: normal; margin-top: 0; margin-bottom: 3px; padding-left: 0;\">Raum, Zeit\u2014Architektur in der Fotografie, Works from the DZ Bank Collection, Oldenburger Kunstverein, and Landesmuseum f\u00fcr Kunst und Kulturgeschichte Oldenburg, Oldenburg, Germany<\/p>\n<p style=\"font-size: 16px; font-weight: normal; margin-top: 0; margin-bottom: 3px; padding-left: 0;\">Realidad y Representaci\u00f3n, Collecting Landscapes Today, Fundaci\u00f3 Foto Colectania, Barcelona, Spain<\/p>\n<p style=\"font-size: 16px; font-weight: normal; margin-top: 0; margin-bottom: 3px; padding-left: 0;\">La Photographie Allemande, Galerie Art+Public, Geneva, Switzerland<\/p>\n<p style=\"font-size: 16px; font-weight: normal; margin-top: 0; margin-bottom: 3px; padding-left: 0;\">Tra Est e Ovest\u2014From East to West, Gas Art Gallery, Turin, Italy<\/p>\n<p style=\"font-size: 16px; font-weight: normal; margin-top: 0; margin-bottom: 3px; padding-left: 0;\">Complicidades II. Aspectos ret\u00f3ricos de la fotograf\u00eda actual, Centro Nacional de Fotograf\u00eda de Torrelavega, Torrelavega, Spain<\/p>\n<p style=\"font-size: 16px; font-weight: normal; margin-top: 0; margin-bottom: 3px; padding-left: 0;\">Catastrofi Minime, Museo d'Arte di Nuoro, Nuoro, Italy<\/p>\n<p style=\"font-size: 16px; font-weight: bold; margin-top: 12px; margin-bottom: 4px;\">2002<\/p>\n<p style=\"font-size: 16px; font-weight: normal; margin-top: 0; margin-bottom: 3px; padding-left: 0;\">Iconografias Metropolitanas, Cidades, 25th Bienal de S\u00e3o Paulo, Pavilh\u00e3o Ciccillo Matarazzo, Parque Ibirapuera, S\u00e3o Paulo, Brazil<\/p>\n<p style=\"font-size: 16px; font-weight: normal; margin-top: 0; margin-bottom: 3px; padding-left: 0;\">Embracing the Present: The UBS Art Collection, Portland Museum of Art, Portland, United States; Fundaci\u00f3n Sa Nostra de Palma de Mallorca, Palma de Mallorca, Spain; Galerie Bob van Orsouw, Zurich, Switzerland<\/p>\n<p style=\"font-size: 16px; font-weight: normal; margin-top: 0; margin-bottom: 3px; padding-left: 0;\">Human Park, An Exhibition of Global Creatures, Palau de la Virreina, Barcelona, Spain; Fundaci\u00f3n Sa Nostra de Palma de Mallorca, Palma de Mallorca, Spain; Galerie Bob van Orsouw, Zurich, Switzerland<\/p>\n<p style=\"font-size: 16px; font-weight: normal; margin-top: 0; margin-bottom: 3px; padding-left: 0;\">Divine the Grid, Vedanta Gallery, Chicago, United States<\/p>\n<p style=\"font-size: 16px; font-weight: normal; margin-top: 0; margin-bottom: 3px; padding-left: 0;\">Bras\u00edlia \u2014 Ruina e Utopia, Centro Cultural Banco do Brasil, Bras\u00edlia, Brazil<\/p>\n<p style=\"font-size: 16px; font-weight: normal; margin-top: 0; margin-bottom: 3px; padding-left: 0;\">Sans Consentement, Centre d'Art Neuch\u00e2tel, Neuch\u00e2tel, Switzerland<\/p>\n<p style=\"font-size: 16px; font-weight: normal; margin-top: 0; margin-bottom: 3px; padding-left: 0;\">Agua \u2014 Wasser, Antigua Facultad de Medicina \/ Tribunal del Santo Oficio, Mexico City, Mexico<\/p>\n<p style=\"font-size: 16px; font-weight: normal; margin-top: 0; margin-bottom: 3px; padding-left: 0;\">La Collection Ord\u00f3\u00f1ez Falc\u00f3n, Rencontres Internationales de la Photographie, IRPA, Arles, France<\/p>\n<p style=\"font-size: 16px; font-weight: normal; margin-top: 0; margin-bottom: 3px; padding-left: 0;\">In Szene Gesetzt, Architektur in der Fotografie der Gegenwart, Museum f\u00fcr Neue Kunst, ZKM, Karlsruhe, Germany; St\u00e4dtische Galerie Erlangen, Erlangen, Germany; Kunsthaus Kaufbeuren, Kaufbeuren, Germany<\/p>\n<p style=\"font-size: 16px; font-weight: normal; margin-top: 0; margin-bottom: 3px; padding-left: 0;\">Grace &amp; Gravity, Galeria Estrany de la Mota, Barcelona, Spain<\/p>\n<p style=\"font-size: 16px; font-weight: normal; margin-top: 0; margin-bottom: 3px; padding-left: 0;\">Paisajes Contempor\u00e1neos, Colecci\u00f3n Helga de Alvear, Fundaci\u00f3 Foto Colectania, Barcelona, Spain<\/p>\n<p style=\"font-size: 16px; font-weight: normal; margin-top: 0; margin-bottom: 3px; padding-left: 0;\">Frank Thiel \/ Bernard Vo\u00efta, Galerie Bob van Orsouw, Zurich, Switzerland<\/p>\n<p style=\"font-size: 16px; font-weight: bold; margin-top: 12px; margin-bottom: 4px;\">2001<\/p>\n<p style=\"font-size: 16px; font-weight: normal; margin-top: 0; margin-bottom: 3px; padding-left: 0;\">CTRL [Space] Rhetorics of Surveillance from Bentham to Big Brother, Zentrum f\u00fcr Kunst und Medientechnologie, Karlsruhe, Germany<\/p>\n<p style=\"font-size: 16px; font-weight: normal; margin-top: 0; margin-bottom: 3px; padding-left: 0;\">Remake Berlin, Neuer Berliner Kunstverein, Berlin, Germany; DAAD Galerie, Berlin, Germany; Rencontres Internationales de la Photographie, Arles, France<\/p>\n<p style=\"font-size: 16px; font-weight: normal; margin-top: 0; margin-bottom: 3px; padding-left: 0;\">SK 76 \/ 2-Mp (XIII), Art Unlimited, Art 32 Basel, Basel, Switzerland<\/p>\n<p style=\"font-size: 16px; font-weight: normal; margin-top: 0; margin-bottom: 3px; padding-left: 0;\">Brave New World, Galeria OMR, Mexico City, Mexico<\/p>\n<p style=\"font-size: 16px; font-weight: normal; margin-top: 0; margin-bottom: 3px; padding-left: 0;\">Begijnhof II; Under Construction, Galeria Estrany de la Mota, Barcelona, Spain<\/p>\n<p style=\"font-size: 16px; font-weight: normal; margin-top: 0; margin-bottom: 3px; padding-left: 0;\">Crisis. Reflexiones Conceptuales en la Arte Contempor\u00e1neo Internacional, Fundaci\u00f3n Picasso, Museo Casa Natal, M\u00e1laga, Spain<\/p>\n<p style=\"font-size: 16px; font-weight: normal; margin-top: 0; margin-bottom: 3px; padding-left: 0;\">Casas y ciudades, Salas de Armas de la Ciudadela, Pamplona, Spain<\/p>\n<p style=\"font-size: 16px; font-weight: normal; margin-top: 0; margin-bottom: 3px; padding-left: 0;\">Taking Care, SMART Projekt Space, Amsterdam, Netherlands<\/p>\n<p style=\"font-size: 16px; font-weight: normal; margin-top: 0; margin-bottom: 3px; padding-left: 0;\">Fotograf\u00eda Internacional en las colecciones privadas de Cantabria, Sala Robayera, Cantabria, Spain<\/p>\n<p style=\"font-size: 16px; font-weight: normal; margin-top: 0; margin-bottom: 3px; padding-left: 0;\">Im\u00e1genes de un tiempo, Sala La Granja, Casa de Cultura, Santa Cruz de Tenerife, Spain<\/p>\n<p style=\"font-size: 16px; font-weight: bold; margin-top: 12px; margin-bottom: 4px;\">2000<\/p>\n<p style=\"font-size: 16px; font-weight: normal; margin-top: 0; margin-bottom: 3px; padding-left: 0;\">90 60 90, Museo Jacobo Borges, Caracas, Venezuela<\/p>\n<p style=\"font-size: 16px; font-weight: normal; margin-top: 0; margin-bottom: 3px; padding-left: 0;\">After The Wall, Ludwig M\u00fazeum Budapest, Budapest, Hungary; Hamburger Bahnhof \u2013 Museum f\u00fcr Gegenwart, Berlin, Germany<\/p>\n<p style=\"font-size: 16px; font-weight: normal; margin-top: 0; margin-bottom: 3px; padding-left: 0;\">Arquitectura de Colecci\u00f3n, Sala de Exposiciones del Ministerio de Fomento, Madrid, Spain<\/p>\n<p style=\"font-size: 16px; font-weight: normal; margin-top: 0; margin-bottom: 3px; padding-left: 0;\">Berlin \u2014 Binnendifferenz, Benger-Areal, Bregenz, Austria; 7-Kapellen-Areal, Innsbruck, Austria; Galerie Krinzinger, Vienna, Austria<\/p>\n<p style=\"font-size: 16px; font-weight: normal; margin-top: 0; margin-bottom: 3px; padding-left: 0;\">Hans Hemmert, Tracey Moffat, Andr\u00e9s Pinal, Frank Thiel. Fot\u00f3grafos de los a\u00f1os noventa en la colecci\u00f3n CGAC, Sala Alameda de la Diputaci\u00f3n de M\u00e1laga, M\u00e1laga, Spain<\/p>\n<p style=\"font-size: 16px; font-weight: normal; margin-top: 0; margin-bottom: 3px; padding-left: 0;\">Remake Berlin, Fotomuseum Winterthur, Winterthur, Switzerland<\/p>\n<p style=\"font-size: 16px; font-weight: normal; margin-top: 0; margin-bottom: 3px; padding-left: 0;\">Urban Landscapes, Galeria Joan Prats, Barcelona, Spain<\/p>\n<p style=\"font-size: 16px; font-weight: bold; margin-top: 12px; margin-bottom: 4px;\">1999<\/p>\n<p style=\"font-size: 16px; font-weight: normal; margin-top: 0; margin-bottom: 3px; padding-left: 0;\">dAPPERTutto, 48th Biennale di Venezia, Venice, Italy<\/p>\n<p style=\"font-size: 16px; font-weight: normal; margin-top: 0; margin-bottom: 3px; padding-left: 0;\">After The Wall, Moderna Museet, Stockholm, Sweden<\/p>\n<p style=\"font-size: 16px; font-weight: normal; margin-top: 0; margin-bottom: 3px; padding-left: 0;\">Le corps \u00e9vanoui, les images subites, Mus\u00e9e de l'Elys\u00e9e, Lausanne, Switzerland<\/p>\n<p style=\"font-size: 16px; font-weight: normal; margin-top: 0; margin-bottom: 3px; padding-left: 0;\">New Works, Hamburger Bahnhof \u2013 Museum f\u00fcr Gegenwart, Berlin, Germany<\/p>\n<p style=\"font-size: 16px; font-weight: normal; margin-top: 0; margin-bottom: 3px; padding-left: 0;\">999, Centro d'Arte Contemporanea Ticino, B\u00e2timent Ex Troesch, Bellinzona, Switzerland<\/p>\n<p style=\"font-size: 16px; font-weight: normal; margin-top: 0; margin-bottom: 3px; padding-left: 0;\">Nuevas Visiones \/ Nuevas Pasiones. Artistas de la Colecci\u00f3n Helga de Alvear en Villa Iris, Fundaci\u00f3n Marcelino Bot\u00edn, Villa Iris, Santander, Spain<\/p>\n<p style=\"font-size: 16px; font-weight: normal; margin-top: 0; margin-bottom: 3px; padding-left: 0;\">The Edge of Awareness, WHO Regional Office and The Rabindra Bahvan Lalitkala Academy, New Delhi, India<\/p>\n<p style=\"font-size: 16px; font-weight: normal; margin-top: 0; margin-bottom: 3px; padding-left: 0;\">Einigkeit und Recht und Freiheit \u2013 Wege der Deutschen 1949\u20131999, Martin-Gropius-Bau, Berlin, Germany<\/p>\n<p style=\"font-size: 16px; font-weight: bold; margin-top: 12px; margin-bottom: 4px;\">1998<\/p>\n<p style=\"font-size: 16px; font-weight: normal; margin-top: 0; margin-bottom: 3px; padding-left: 0;\">Blickwechsel, Museum f\u00fcr Neue Kunst im Zentrum f\u00fcr Kunst und Medientechnologie, Karlsruhe, Germany<\/p>\n<p style=\"font-size: 16px; font-weight: normal; margin-top: 0; margin-bottom: 3px; padding-left: 0;\">The Edge of Awareness, WHO Headquarters, Geneva, Switzerland; P.S.1 Contemporary Art Center, Long Island City, United States; SESC Pomp\u00e9ia, S\u00e3o Paulo, Brazil<\/p>\n<p style=\"font-size: 16px; font-weight: normal; margin-top: 0; margin-bottom: 3px; padding-left: 0;\">Die Unruhe und die Zufriedenheit oder Die Trag\u00f6die des Scheiterns, Badischer Kunstverein, Karlsruhe, Germany<\/p>\n<p style=\"font-size: 16px; font-weight: normal; margin-top: 0; margin-bottom: 3px; padding-left: 0;\">Luz y Fotograf\u00eda en la Colecci\u00f3n Helga de Alvear, Fundaci\u00f3n Caja Vital Kutxa, Vitoria, Spain<\/p>\n<p style=\"font-size: 16px; font-weight: normal; margin-top: 0; margin-bottom: 3px; padding-left: 0;\">Gesichter und Dinge \u2013 Zeitgen\u00f6ssische Fotografie, Neue Gesellschaft f\u00fcr Bildende Kunst, Berlin, Germany<\/p>\n<p style=\"font-size: 16px; font-weight: normal; margin-top: 0; margin-bottom: 3px; padding-left: 0;\">100 Jahre Kunst im Aufbruch, Kunst- und Ausstellungshalle der Bundesrepublik Deutschland, Bonn, Germany<\/p>\n<p style=\"font-size: 16px; font-weight: bold; margin-top: 12px; margin-bottom: 4px;\">1997<\/p>\n<p style=\"font-size: 16px; font-weight: normal; margin-top: 0; margin-bottom: 3px; padding-left: 0;\">In Medias Res, Atat\u00fcrk Cultural Center, Istanbul, Turkey<\/p>\n<p style=\"font-size: 16px; font-weight: normal; margin-top: 0; margin-bottom: 3px; padding-left: 0;\">Kunst der Gegenwart, Museum f\u00fcr Neue Kunst im Zentrum f\u00fcr Kunst und Medientechnologie, Karlsruhe, Germany<\/p>\n<p style=\"font-size: 16px; font-weight: normal; margin-top: 0; margin-bottom: 3px; padding-left: 0;\">Sous le signe de Renger-Patzsch, Mus\u00e9e de l'Elys\u00e9e, Lausanne, Switzerland<\/p>\n<p style=\"font-size: 16px; font-weight: bold; margin-top: 12px; margin-bottom: 4px;\">1996<\/p>\n<p style=\"font-size: 16px; font-weight: normal; margin-top: 0; margin-bottom: 3px; padding-left: 0;\">Never shown before, Berlinische Galerie \u2013 Museum f\u00fcr Moderne Kunst, Fotografie und Architektur, Martin-Gropius-Bau, Berlin, Germany<\/p>\n<p style=\"font-size: 16px; font-weight: normal; margin-top: 0; margin-bottom: 3px; padding-left: 0;\">Junge Kunst, Wilhelm Hack Museum, Ludwigshafen, Germany<\/p>\n<p style=\"font-size: 16px; font-weight: bold; margin-top: 12px; margin-bottom: 4px;\">1995<\/p>\n<p style=\"font-size: 16px; font-weight: normal; margin-top: 0; margin-bottom: 3px; padding-left: 0;\">Galerie Lutz Teutloff, Cologne, Germany<\/p>\n<p style=\"font-size: 16px; font-weight: normal; margin-top: 0; margin-bottom: 3px; padding-left: 0;\">IN-TRANSIT, Zeitgen\u00f6ssische Kunst aus Deutschland, Kunstsammlung Gera, Gera, Germany; Haus am Waldsee, Berlin, Germany<\/p>\n<p style=\"font-size: 16px; font-weight: bold; margin-top: 12px; margin-bottom: 4px;\">1994<\/p>\n<p style=\"font-size: 16px; font-weight: normal; margin-top: 0; margin-bottom: 3px; padding-left: 0;\">Diario, Museu de Arte Moderna, Rio de Janeiro, Brazil; Galerie Hohenthal und Bergen, Cologne, Germany<\/p>\n<p style=\"font-size: 16px; font-weight: normal; margin-top: 0; margin-bottom: 3px; padding-left: 0;\">The Day After Tomorrow, Centro Cultural de Bel\u00e9m, Lisbon, Portugal<\/p>\n<p style=\"font-size: 16px; font-weight: normal; margin-top: 0; margin-bottom: 3px; padding-left: 0;\">IN-TRANSIT, Zeitgen\u00f6ssische Kunst aus Deutschland, Immeuble Charlemagne, Conseil des Communaut\u00e9s Europ\u00e9ennes, Brussels, Belgium<\/p>\n<p style=\"font-size: 16px; font-weight: normal; margin-top: 0; margin-bottom: 3px; padding-left: 0;\">Zeitgen\u00f6ssische Fotografie '94, Ursula Blickle Foundation, Kraichtal, Germany<\/p>\n<p style=\"font-size: 16px; font-weight: bold; margin-top: 12px; margin-bottom: 4px;\">1993<\/p>\n<p style=\"font-size: 16px; font-weight: normal; margin-top: 0; margin-bottom: 3px; padding-left: 0;\">Emigration \u2014 Bilder von Abschied, Reise und Tod, Galerie Mosel und Tschechow, Munich, Germany<\/p>\n<p style=\"font-size: 16px; font-weight: normal; margin-top: 0; margin-bottom: 3px; padding-left: 0;\">Galerie Zellermayer, Berlin, Germany<\/p>\n<p style=\"font-size: 16px; font-weight: bold; margin-top: 12px; margin-bottom: 4px;\">1992<\/p>\n<p style=\"font-size: 16px; font-weight: normal; margin-top: 0; margin-bottom: 3px; padding-left: 0;\">Humpty Dumpty's Kaleidoscope \u2014 A New Generation of German Artists, Museum of Contemporary Art, Sydney, Australia<\/p>\n<p style=\"font-size: 16px; font-weight: normal; margin-top: 0; margin-bottom: 3px; padding-left: 0;\">Einsamkeit \u2014 A German Sensation, Monasterio de Veruela, Veruela, Spain; Fundaci\u00f3n &quot;La Caixa,&quot; Madrid, Spain; Sala Catalunya de la Fundaci\u00f3 &quot;La Caixa,&quot; Barcelona, Spain; Casal Solleric, Palma de Mallorca, Spain<\/p>\n<p style=\"font-size: 16px; font-weight: normal; margin-top: 0; margin-bottom: 3px; padding-left: 0;\">Jahreslabor. Ein Bericht, Berlinische Galerie \u2013 Museum f\u00fcr Moderne Kunst, Fotografie und Architektur, Martin-Gropius-Bau, Berlin, Germany<\/p>\n<p style=\"font-size: 16px; font-weight: bold; margin-top: 12px; margin-bottom: 4px;\">1991<\/p>\n<p style=\"font-size: 16px; font-weight: normal; margin-top: 0; margin-bottom: 3px; padding-left: 0;\">Panorama des Panoramas, Centre National de la Photographie, Palais de Tokyo, Paris, France<\/p>\n<p style=\"font-size: 16px; font-weight: normal; margin-top: 0; margin-bottom: 3px; padding-left: 0;\">Papier \u2014 Von der Linie zum Objekt, Kunsthalle Darmstadt, Germany<\/p>\n<p style=\"font-size: 16px; font-weight: normal; margin-top: 0; margin-bottom: 3px; padding-left: 0;\">Interferenzen \u2014 Kunst aus Westberlin 1960\u20131990, National Art Museum, Riga, Latvia<\/p>\n<p style=\"font-size: 16px; font-weight: normal; margin-top: 0; margin-bottom: 3px; padding-left: 0;\">Neue Aspekte in der Sammlung, Berlinische Galerie \u2013 Museum f\u00fcr Moderne Kunst, Fotografie und Architektur, Martin-Gropius-Bau, Berlin, Germany<\/p>\n<p style=\"font-size: 16px; font-weight: bold; margin-top: 12px; margin-bottom: 4px;\">1990<\/p>\n<p style=\"font-size: 16px; font-weight: normal; margin-top: 0; margin-bottom: 3px; padding-left: 0;\">European Kodak Award, Rencontres Internationales de la Photographie, Arles, France; Museo Ken Damy di Fotografia Contemporanea, Brescia, Italy<\/p>\n<h2 style=\"font-size: 18px; font-weight: bold; text-decoration: underline; margin-top: 25px; margin-bottom: 10px;\">COLLECTIONS<\/h2>\n<p style=\"font-size: 16px; font-weight: normal; margin-top: 0; margin-bottom: 3px; padding-left: 0;\">Art Collection of the Federal Republic of Germany<\/p>\n<p style=\"font-size: 16px; font-weight: normal; margin-top: 0; margin-bottom: 3px; padding-left: 0;\">Art Gallery of Ontario, Toronto, Canada<\/p>\n<p style=\"font-size: 16px; font-weight: normal; margin-top: 0; margin-bottom: 3px; padding-left: 0;\">Berlinische Galerie, Museum f\u00fcr Moderne Kunst, Fotografie und Architektur, Berlin, Germany<\/p>\n<p style=\"font-size: 16px; font-weight: normal; margin-top: 0; margin-bottom: 3px; padding-left: 0;\">Borusan Contemporary Art Collection, Istanbul, Turkey<\/p>\n<p style=\"font-size: 16px; font-weight: normal; margin-top: 0; margin-bottom: 3px; padding-left: 0;\">Cal Cego Contemporary Art Collection, Barcelona, Spain<\/p>\n<p style=\"font-size: 16px; font-weight: normal; margin-top: 0; margin-bottom: 3px; padding-left: 0;\">Centro Galego de Arte Contempor\u00e1nea, Santiago de Compostela, Spain<\/p>\n<p style=\"font-size: 16px; font-weight: normal; margin-top: 0; margin-bottom: 3px; padding-left: 0;\">Collection Allianz Versicherungs AG, Munich, Germany<\/p>\n<p style=\"font-size: 16px; font-weight: normal; margin-top: 0; margin-bottom: 3px; padding-left: 0;\">Collection Bank of America, New York, United States<\/p>\n<p style=\"font-size: 16px; font-weight: normal; margin-top: 0; margin-bottom: 3px; padding-left: 0;\">Collection Bayerische Hypo- und Vereinsbank AG, Munich, Germany<\/p>\n<p style=\"font-size: 16px; font-weight: normal; margin-top: 0; margin-bottom: 3px; padding-left: 0;\">Collection DZ Bank, Frankfurt am Main \/ Berlin, Germany<\/p>\n<p style=\"font-size: 16px; font-weight: normal; margin-top: 0; margin-bottom: 3px; padding-left: 0;\">Collection Deutsche Bank, Frankfurt am Main, Germany<\/p>\n<p style=\"font-size: 16px; font-weight: normal; margin-top: 0; margin-bottom: 3px; padding-left: 0;\">Collection Hypo Vereinsbank, New York, United States<\/p>\n<p style=\"font-size: 16px; font-weight: normal; margin-top: 0; margin-bottom: 3px; padding-left: 0;\">Collection of the City of Geneva, Switzerland<\/p>\n<p style=\"font-size: 16px; font-weight: normal; margin-top: 0; margin-bottom: 3px; padding-left: 0;\">Collection University of Salamanca, Salamanca, Spain<\/p>\n<p style=\"font-size: 16px; font-weight: normal; margin-top: 0; margin-bottom: 3px; padding-left: 0;\">Contemporary Art Collection of the Region of Madrid, CA2M Centro de Arte Dos de Mayo, Madrid, Spain<\/p>\n<p style=\"font-size: 16px; font-weight: normal; margin-top: 0; margin-bottom: 3px; padding-left: 0;\">Corcoran Gallery of Art, Washington D.C., United States<\/p>\n<p style=\"font-size: 16px; font-weight: normal; margin-top: 0; margin-bottom: 3px; padding-left: 0;\">Eastman Museum, Rochester, United States<\/p>\n<p style=\"font-size: 16px; font-weight: normal; margin-top: 0; margin-bottom: 3px; padding-left: 0;\">Ella Fontanals-Cisneros Collection, Miami, United States<\/p>\n<p style=\"font-size: 16px; font-weight: normal; margin-top: 0; margin-bottom: 3px; padding-left: 0;\">European Investment Bank Collection, Luxembourg, Luxembourg<\/p>\n<p style=\"font-size: 16px; font-weight: normal; margin-top: 0; margin-bottom: 3px; padding-left: 0;\">European Parliament Art Collection, Brussels, Belgium<\/p>\n<p style=\"font-size: 16px; font-weight: normal; margin-top: 0; margin-bottom: 3px; padding-left: 0;\">Fotomuseum Winterthur, Winterthur, Switzerland<\/p>\n<p style=\"font-size: 16px; font-weight: normal; margin-top: 0; margin-bottom: 3px; padding-left: 0;\">Fundaci\u00f3n Helga de Alvear, Madrid \/ C\u00e1ceres, Spain<\/p>\n<p style=\"font-size: 16px; font-weight: normal; margin-top: 0; margin-bottom: 3px; padding-left: 0;\">Hamburger Bahnhof, Museum f\u00fcr Gegenwart (Marx Collection), Berlin, Germany<\/p>\n<p style=\"font-size: 16px; font-weight: normal; margin-top: 0; margin-bottom: 3px; padding-left: 0;\">HBC Global Art Collection, New York, United States<\/p>\n<p style=\"font-size: 16px; font-weight: normal; margin-top: 0; margin-bottom: 3px; padding-left: 0;\">Hilti Art Foundation at Kunstmuseum Liechtenstein, Vaduz, Liechtenstein<\/p>\n<p style=\"font-size: 16px; font-weight: normal; margin-top: 0; margin-bottom: 3px; padding-left: 0;\">Hill Art Collection, New York, United States<\/p>\n<p style=\"font-size: 16px; font-weight: normal; margin-top: 0; margin-bottom: 3px; padding-left: 0;\">Hirshhorn Museum and Sculpture Garden, Washington D.C., United States<\/p>\n<p style=\"font-size: 16px; font-weight: normal; margin-top: 0; margin-bottom: 3px; padding-left: 0;\">ifa (Institut f\u00fcr Auslandsbeziehungen) Collection, Stuttgart, Germany<\/p>\n<p style=\"font-size: 16px; font-weight: normal; margin-top: 0; margin-bottom: 3px; padding-left: 0;\">IVAM, Institut Valenci\u00e0 d'Art Modern, Valencia, Spain<\/p>\n<p style=\"font-size: 16px; font-weight: normal; margin-top: 0; margin-bottom: 3px; padding-left: 0;\">Lhoist Collection, Limelette, Belgium<\/p>\n<p style=\"font-size: 16px; font-weight: normal; margin-top: 0; margin-bottom: 3px; padding-left: 0;\">MAST Foundation, Bologna, Italy<\/p>\n<p style=\"font-size: 16px; font-weight: normal; margin-top: 0; margin-bottom: 3px; padding-left: 0;\">The Martin Z. Margulies Collection, Miami, United States<\/p>\n<p style=\"font-size: 16px; font-weight: normal; margin-top: 0; margin-bottom: 3px; padding-left: 0;\">Moderna Museet, Stockholm, Sweden<\/p>\n<p style=\"font-size: 16px; font-weight: normal; margin-top: 0; margin-bottom: 3px; padding-left: 0;\">Modern Art Museum of Fort Worth, Fort Worth, United States<\/p>\n<p style=\"font-size: 16px; font-weight: normal; margin-top: 0; margin-bottom: 3px; padding-left: 0;\">Museo Nacional Centro de Arte Reina Sof\u00eda, Madrid, Spain<\/p>\n<p style=\"font-size: 16px; font-weight: normal; margin-top: 0; margin-bottom: 3px; padding-left: 0;\">Museum Moderner Kunst Stiftung Ludwig Wien, Vienna, Austria<\/p>\n<p style=\"font-size: 16px; font-weight: normal; margin-top: 0; margin-bottom: 3px; padding-left: 0;\">Museum of Contemporary Art, Los Angeles, United States<\/p>\n<p style=\"font-size: 16px; font-weight: normal; margin-top: 0; margin-bottom: 3px; padding-left: 0;\">Museum f\u00fcr Neue Kunst im Zentrum f\u00fcr Kunst und Medientechnologie, Karlsruhe, Germany<\/p>\n<p style=\"font-size: 16px; font-weight: normal; margin-top: 0; margin-bottom: 3px; padding-left: 0;\">Mus\u00e9e de l'Elys\u00e9e, Lausanne, Switzerland<\/p>\n<p style=\"font-size: 16px; font-weight: normal; margin-top: 0; margin-bottom: 3px; padding-left: 0;\">National Gallery of Art, Washington D.C., United States<\/p>\n<p style=\"font-size: 16px; font-weight: normal; margin-top: 0; margin-bottom: 3px; padding-left: 0;\">National Gallery of Canada, Ottawa, Canada<\/p>\n<p style=\"font-size: 16px; font-weight: normal; margin-top: 0; margin-bottom: 3px; padding-left: 0;\">National Gallery of Victoria, Melbourne, Australia<\/p>\n<p style=\"font-size: 16px; font-weight: normal; margin-top: 0; margin-bottom: 3px; padding-left: 0;\">Phillips Collection, Washington D.C., United States<\/p>\n<p style=\"font-size: 16px; font-weight: normal; margin-top: 0; margin-bottom: 3px; padding-left: 0;\">Portuguese State Contemporary Art Collection, Portugal<\/p>\n<p style=\"font-size: 16px; font-weight: normal; margin-top: 0; margin-bottom: 3px; padding-left: 0;\">Queensland Art Gallery | Gallery of Modern Art, Brisbane, Australia<\/p>\n<p style=\"font-size: 16px; font-weight: normal; margin-top: 0; margin-bottom: 3px; padding-left: 0;\">Speed Art Museum, Louisville, United States<\/p>\n<p style=\"font-size: 16px; font-weight: normal; margin-top: 0; margin-bottom: 3px; padding-left: 0;\">UBS Art Collection, Switzerland<\/p>\n<p style=\"font-size: 16px; font-weight: normal; margin-top: 0; margin-bottom: 3px; padding-left: 0;\">Villa Empain \u2013 Boghossian Foundation, Brussels, Belgium<\/p>\n<p style=\"font-size: 16px; font-weight: normal; margin-top: 0; margin-bottom: 3px; padding-left: 0;\">ZegnArt Collection, Milan, Italy<\/p>\n<h2 style=\"font-size: 18px; font-weight: bold; text-decoration: underline; margin-top: 25px; margin-bottom: 10px;\">PRIZES<\/h2>\n<p style=\"font-size: 16px; font-weight: bold; margin-top: 12px; margin-bottom: 4px;\">1999<\/p>\n<p style=\"font-size: 16px; font-weight: normal; margin-top: 0; margin-bottom: 3px; padding-left: 0;\">Kunstfonds e.V. Bonn, Bonn, Germany<\/p>\n<p style=\"font-size: 16px; font-weight: bold; margin-top: 12px; margin-bottom: 4px;\">1996<\/p>\n<p style=\"font-size: 16px; font-weight: normal; margin-top: 0; margin-bottom: 3px; padding-left: 0;\">Berlin Senate for Cultural Affairs, Berlin, Germany<\/p>\n<p style=\"font-size: 16px; font-weight: bold; margin-top: 12px; margin-bottom: 4px;\">1995<\/p>\n<p style=\"font-size: 16px; font-weight: normal; margin-top: 0; margin-bottom: 3px; padding-left: 0;\">Kulturfonds Foundation Berlin, Berlin, Germany<\/p>\n<p style=\"font-size: 16px; font-weight: normal; margin-top: 0; margin-bottom: 3px; padding-left: 0;\">Award of the Helmut Kraft Foundation, Stuttgart, Germany<\/p>\n<p style=\"font-size: 16px; font-weight: normal; margin-top: 0; margin-bottom: 3px; padding-left: 0;\">Berlin Senate for Cultural Affairs, Berlin, Germany<\/p>\n<p style=\"font-size: 16px; font-weight: bold; margin-top: 12px; margin-bottom: 4px;\">1994<\/p>\n<p style=\"font-size: 16px; font-weight: normal; margin-top: 0; margin-bottom: 3px; padding-left: 0;\">Award of the Ursula Blickle Foundation, Kraichtal, Germany<\/p>\n<p style=\"font-size: 16px; font-weight: bold; margin-top: 12px; margin-bottom: 4px;\">1990<\/p>\n<p style=\"font-size: 16px; font-weight: normal; margin-top: 0; margin-bottom: 3px; padding-left: 0;\">German Kodak Award, Germany<\/p>\n<\/div>"],"_description":["field_64441aaeb18e1"],"curriculo":["72606"],"_curriculo":["field_64429ebbb7fb8"],"gallery":["a:31:{i:0;s:5:\"40815\";i:1;s:5:\"40817\";i:2;s:5:\"40819\";i:3;s:5:\"40821\";i:4;s:5:\"40823\";i:5;s:5:\"40825\";i:6;s:5:\"40827\";i:7;s:5:\"40829\";i:8;s:5:\"40831\";i:9;s:5:\"40833\";i:10;s:5:\"40835\";i:11;s:5:\"40837\";i:12;s:5:\"40839\";i:13;s:5:\"40841\";i:14;s:5:\"40843\";i:15;s:5:\"40845\";i:16;s:5:\"40847\";i:17;s:5:\"40849\";i:18;s:5:\"40851\";i:19;s:5:\"40853\";i:20;s:5:\"40855\";i:21;s:5:\"40857\";i:22;s:5:\"40859\";i:23;s:5:\"40861\";i:24;s:5:\"40863\";i:25;s:5:\"40865\";i:26;s:5:\"40867\";i:27;s:5:\"40869\";i:28;s:5:\"40871\";i:29;s:5:\"40873\";i:30;s:5:\"40875\";}"],"_gallery":["field_6436c1e6d2529"],"videos":[""],"_videos":["field_6436c1e6d252d"],"text_artist":[""],"_text_artist":["field_6436c1e6d2536"],"files_0_file_title":["The Cut | 2018"],"_files_0_file_title":["field_643ffc8c32593"],"files_0_file_item":["40879"],"_files_0_file_item":["field_643ffc9a32594"],"files_1_file_title":["BLOUIN ARTINFO | 2012"],"_files_1_file_title":["field_643ffc8c32593"],"files_1_file_item":["40881"],"_files_1_file_item":["field_643ffc9a32594"],"files_2_file_title":["Traffic Magazine | 2010"],"_files_2_file_title":["field_643ffc8c32593"],"files_2_file_item":["40883"],"_files_2_file_item":["field_643ffc9a32594"],"files":["3"],"_files":["field_6436c231c9725"],"_thumbnail_id":["32282"],"artist_works":[""],"_artist_works":["field_64c2815cc6039"],"use_new_template":["1"],"_use_new_template":["field_6752e381f9464"],"bio":["<strong>Kleinmachnow, Germany, 1966.<\/strong>\r\n\r\nLives and work in Berlin, Germany.\r\n<p style=\"text-align: justify;\">Frank Thiel is a renowned photographer, whose work is focused on chronicling Berlin\u2019s architectural evolution, embodying the city\u2019s turbulent history. Thiel\u2019s photography is documentary as he describes a architecture that is transition, either by human or natural form. His central axis is on the \u201cincomplete\u201d choosing to focus on the process rather than the result.<\/p>\r\n<p style=\"text-align: justify;\">As a photographer, Thiel pursuits to enhance the aesthetics of temporality and change. He has done this by capturing chipping and decaying walls around the city of Berlin in large-scale photographs, but he has also shifted his lens to the giant ice formations in the Parque Nacional Los Glaciares in Argentina. The resulting images are a haunting meditation on the majesty and resilience, as well as the fragility and endangerment of these natural edifices that are far more ancient than any human construction. In its abstract painterly quality, his work also explores the intimate and evolving relationship between painting and photography.<\/p>"],"_bio":["field_6752e3cff9466"],"artist_expo":[""],"_artist_expo":["field_6752e404f9468"],"_uag_css_file_name":["uag-css-40812.css"],"_seopress_search_console_analysis_clicks":["1"],"_seopress_search_console_analysis_ctr":["0.0015197568389058"],"_seopress_search_console_analysis_impressions":["658"],"_seopress_search_console_analysis_position":["12.322188449848"],"_uag_page_assets":["a:9:{s:3:\"css\";s:260:\".uag-blocks-common-selector{z-index:var(--z-index-desktop) !important}@media(max-width: 976px){.uag-blocks-common-selector{z-index:var(--z-index-tablet) !important}}@media(max-width: 767px){.uag-blocks-common-selector{z-index:var(--z-index-mobile) !important}}\";s:2:\"js\";s:0:\"\";s:18:\"current_block_list\";a:7:{i:0;s:11:\"core\/search\";i:1;s:10:\"core\/group\";i:2;s:12:\"core\/heading\";i:3;s:17:\"core\/latest-posts\";i:4;s:20:\"core\/latest-comments\";i:5;s:13:\"core\/archives\";i:6;s:15:\"core\/categories\";}s:8:\"uag_flag\";b:0;s:11:\"uag_version\";s:10:\"1777403099\";s:6:\"gfonts\";a:0:{}s:10:\"gfonts_url\";s:0:\"\";s:12:\"gfonts_files\";a:0:{}s:14:\"uag_faq_layout\";b:0;}"]},"uagb_featured_image_src":{"full":["https:\/\/galerialeme.com\/wp-content\/uploads\/2012\/01\/24-daniela-lucrecia-marquez-rivero-centro-habana-colon-tacon-2015.jpg",705,535,false],"thumbnail":["https:\/\/galerialeme.com\/wp-content\/uploads\/2012\/01\/24-daniela-lucrecia-marquez-rivero-centro-habana-colon-tacon-2015-150x150.jpg",150,150,true],"medium":["https:\/\/galerialeme.com\/wp-content\/uploads\/2012\/01\/24-daniela-lucrecia-marquez-rivero-centro-habana-colon-tacon-2015-300x228.jpg",300,228,true],"medium_large":["https:\/\/galerialeme.com\/wp-content\/uploads\/2012\/01\/24-daniela-lucrecia-marquez-rivero-centro-habana-colon-tacon-2015.jpg",640,486,false],"large":["https:\/\/galerialeme.com\/wp-content\/uploads\/2012\/01\/24-daniela-lucrecia-marquez-rivero-centro-habana-colon-tacon-2015.jpg",640,486,false],"1536x1536":["https:\/\/galerialeme.com\/wp-content\/uploads\/2012\/01\/24-daniela-lucrecia-marquez-rivero-centro-habana-colon-tacon-2015.jpg",705,535,false],"2048x2048":["https:\/\/galerialeme.com\/wp-content\/uploads\/2012\/01\/24-daniela-lucrecia-marquez-rivero-centro-habana-colon-tacon-2015.jpg",705,535,false]},"uagb_author_info":{"display_name":"Cris","author_link":"https:\/\/galerialeme.com\/en\/author\/"},"uagb_comment_info":0,"uagb_excerpt":null,"_links":{"self":[{"href":"https:\/\/galerialeme.com\/en\/wp-json\/wp\/v2\/artist\/40812","targetHints":{"allow":["GET"]}}],"collection":[{"href":"https:\/\/galerialeme.com\/en\/wp-json\/wp\/v2\/artist"}],"about":[{"href":"https:\/\/galerialeme.com\/en\/wp-json\/wp\/v2\/types\/artist"}],"version-history":[{"count":2,"href":"https:\/\/galerialeme.com\/en\/wp-json\/wp\/v2\/artist\/40812\/revisions"}],"predecessor-version":[{"id":72176,"href":"https:\/\/galerialeme.com\/en\/wp-json\/wp\/v2\/artist\/40812\/revisions\/72176"}],"acf:attachment":[{"embeddable":true,"href":"https:\/\/galerialeme.com\/en\/wp-json\/wp\/v2\/media\/40875"},{"embeddable":true,"href":"https:\/\/galerialeme.com\/en\/wp-json\/wp\/v2\/media\/40873"},{"embeddable":true,"href":"https:\/\/galerialeme.com\/en\/wp-json\/wp\/v2\/media\/40871"},{"embeddable":true,"href":"https:\/\/galerialeme.com\/en\/wp-json\/wp\/v2\/media\/40869"},{"embeddable":true,"href":"https:\/\/galerialeme.com\/en\/wp-json\/wp\/v2\/media\/40867"},{"embeddable":true,"href":"https:\/\/galerialeme.com\/en\/wp-json\/wp\/v2\/media\/40865"},{"embeddable":true,"href":"https:\/\/galerialeme.com\/en\/wp-json\/wp\/v2\/media\/40863"},{"embeddable":true,"href":"https:\/\/galerialeme.com\/en\/wp-json\/wp\/v2\/media\/40861"},{"embeddable":true,"href":"https:\/\/galerialeme.com\/en\/wp-json\/wp\/v2\/media\/40859"},{"embeddable":true,"href":"https:\/\/galerialeme.com\/en\/wp-json\/wp\/v2\/media\/40857"},{"embeddable":true,"href":"https:\/\/galerialeme.com\/en\/wp-json\/wp\/v2\/media\/40855"},{"embeddable":true,"href":"https:\/\/galerialeme.com\/en\/wp-json\/wp\/v2\/media\/40853"},{"embeddable":true,"href":"https:\/\/galerialeme.com\/en\/wp-json\/wp\/v2\/media\/40851"},{"embeddable":true,"href":"https:\/\/galerialeme.com\/en\/wp-json\/wp\/v2\/media\/40849"},{"embeddable":true,"href":"https:\/\/galerialeme.com\/en\/wp-json\/wp\/v2\/media\/40847"},{"embeddable":true,"href":"https:\/\/galerialeme.com\/en\/wp-json\/wp\/v2\/media\/40845"},{"embeddable":true,"href":"https:\/\/galerialeme.com\/en\/wp-json\/wp\/v2\/media\/40843"},{"embeddable":true,"href":"https:\/\/galerialeme.com\/en\/wp-json\/wp\/v2\/media\/40841"},{"embeddable":true,"href":"https:\/\/galerialeme.com\/en\/wp-json\/wp\/v2\/media\/40839"},{"embeddable":true,"href":"https:\/\/galerialeme.com\/en\/wp-json\/wp\/v2\/media\/40837"},{"embeddable":true,"href":"https:\/\/galerialeme.com\/en\/wp-json\/wp\/v2\/media\/40835"},{"embeddable":true,"href":"https:\/\/galerialeme.com\/en\/wp-json\/wp\/v2\/media\/40833"},{"embeddable":true,"href":"https:\/\/galerialeme.com\/en\/wp-json\/wp\/v2\/media\/40831"},{"embeddable":true,"href":"https:\/\/galerialeme.com\/en\/wp-json\/wp\/v2\/media\/40829"},{"embeddable":true,"href":"https:\/\/galerialeme.com\/en\/wp-json\/wp\/v2\/media\/40827"},{"embeddable":true,"href":"https:\/\/galerialeme.com\/en\/wp-json\/wp\/v2\/media\/40825"},{"embeddable":true,"href":"https:\/\/galerialeme.com\/en\/wp-json\/wp\/v2\/media\/40823"},{"embeddable":true,"href":"https:\/\/galerialeme.com\/en\/wp-json\/wp\/v2\/media\/40821"},{"embeddable":true,"href":"https:\/\/galerialeme.com\/en\/wp-json\/wp\/v2\/media\/40819"},{"embeddable":true,"href":"https:\/\/galerialeme.com\/en\/wp-json\/wp\/v2\/media\/40817"},{"embeddable":true,"href":"https:\/\/galerialeme.com\/en\/wp-json\/wp\/v2\/media\/40815"}],"wp:featuredmedia":[{"embeddable":true,"href":"https:\/\/galerialeme.com\/en\/wp-json\/wp\/v2\/media\/32282"}],"wp:attachment":[{"href":"https:\/\/galerialeme.com\/en\/wp-json\/wp\/v2\/media?parent=40812"}],"curies":[{"name":"wp","href":"https:\/\/api.w.org\/{rel}","templated":true}]}}