{"id":31928,"date":"2022-11-29T10:26:02","date_gmt":"2022-11-29T13:26:02","guid":{"rendered":"https:\/\/galerialeme.com\/?post_type=artist&#038;p=31928"},"modified":"2026-04-16T13:38:55","modified_gmt":"2026-04-16T16:38:55","slug":"felipe-rezende","status":"publish","type":"artist","link":"https:\/\/galerialeme.com\/en\/artist\/felipe-rezende\/","title":{"rendered":"Felipe Rezende"},"content":{"rendered":"","protected":false},"featured_media":59003,"template":"","class_list":["post-31928","artist","type-artist","status-publish","has-post-thumbnail","hentry"],"acf":{"use_new_template":true,"bio":"<strong>Salvador, Brasil, 1994<\/strong>\r\nHe lives and works in S\u00e3o Paulo, Brazil.\r\n<p style=\"text-align: justify;\">Felipe Rezende, a visual artist, dedicates his practice to the intersection of drawing, painting, and their contemporary expansions. He builds his artistic trajectory by exploring everyday life and its constituent elements, with a particular focus on the relationships involving manual labor. His creations, predominantly made on truck tarps, pieces of tires, and objects found in urban environments, exhibit an aesthetic that combines accumulated narratives with the dense materiality of these supports, resulting in compositions that navigate between the documentary and the poetic. As both a painter and draftsman, he directly engages with the implicit histories embedded in his materials, adding depth to his works.<\/p>\r\n<p style=\"text-align: justify;\">The Brazilian artist's research delves into the imaginaries of labor, connecting tools, spaces, and memories associated with manual work. These elements are woven into creations that challenge the boundaries between fiction and reality while constructing visual arrangements that evoke both the dreamlike and the testimonial. Rezende incorporates extrinsic elements to explore narratives of Brazilian daily life, presenting them in a visually striking manner. In doing so, he reveals and reflects on the complex social and material interactions that shape everyday existence, solidifying his position as a visual interpreter of contemporary dynamics.<\/p>\r\nExplore Felipe Rezende\u2019s work in the <a href=\"https:\/\/galerialeme.com\/en\/viewing_room\/o-ultimo-buritizeiro-felipe-rezende\/ \">Viewroom <\/a>of Galeria Leme.","description":"<div style=\"font-family: 'D-DIN Condensed', 'Arial Narrow', Arial, sans-serif; max-width: 900px; margin: 0 auto; padding: 20px; line-height: 1.4;\">\n<p style=\"font-size: 16px; margin-bottom: 30px;\">Salvador, Brasil, 1994. Lives and works in S\u00e3o Paulo, Brazil.<\/p>\n\n<h2 style=\"font-size: 18px; font-weight: bold; text-decoration: underline; margin-top: 25px; margin-bottom: 10px;\">EDUCATION<\/h2>\n<p style=\"font-size: 16px; font-weight: bold; margin-top: 12px; margin-bottom: 4px;\">2020<\/p>\n<p style=\"font-size: 16px; font-weight: normal; margin-top: 0; margin-bottom: 3px; padding-left: 0;\">Bachelor's in Visual Arts, Universidade Federal da Bahia, Bahia, Brazil<\/p>\n<h2 style=\"font-size: 18px; font-weight: bold; text-decoration: underline; margin-top: 25px; margin-bottom: 10px;\">SOLO EXHIBITIONS<\/h2>\n<p style=\"font-size: 16px; font-weight: bold; margin-top: 12px; margin-bottom: 4px;\">2025<\/p>\n<p style=\"font-size: 16px; font-weight: normal; margin-top: 0; margin-bottom: 3px; padding-left: 0;\">Arena (curated by Amanda Tavares), Galeria Leme, S\u00e3o Paulo, Brazil<\/p>\n<p style=\"font-size: 16px; font-weight: bold; margin-top: 12px; margin-bottom: 4px;\">2024<\/p>\n<p style=\"font-size: 16px; font-weight: normal; margin-top: 0; margin-bottom: 3px; padding-left: 0;\">Lonjuras, 33rd Exhibition Program at Centro Cultural S\u00e3o Paulo, S\u00e3o Paulo, Brazil<\/p>\n<p style=\"font-size: 16px; font-weight: bold; margin-top: 12px; margin-bottom: 4px;\">2023<\/p>\n<p style=\"font-size: 16px; font-weight: normal; margin-top: 0; margin-bottom: 3px; padding-left: 0;\">O \u00faltimo buritizeiro (curated by Tiago Sant'Ana), Galeria Leme, S\u00e3o Paulo, Brazil<\/p>\n<p style=\"font-size: 16px; font-weight: bold; margin-top: 12px; margin-bottom: 4px;\">2022<\/p>\n<p style=\"font-size: 16px; font-weight: normal; margin-top: 0; margin-bottom: 3px; padding-left: 0;\">Sonho, queda livre, RV Cultura e Arte, Bahia, Brazil<\/p>\n<p style=\"font-size: 16px; font-weight: normal; margin-top: 0; margin-bottom: 3px; padding-left: 0;\">Long is the Road, Jack Bell Gallery, United Kingdom<\/p>\n<p style=\"font-size: 16px; font-weight: bold; margin-top: 12px; margin-bottom: 4px;\">2019<\/p>\n<p style=\"font-size: 16px; font-weight: normal; margin-top: 0; margin-bottom: 3px; padding-left: 0;\">Ladeira da Fonte, Mouraria 53, Bahia, Brazil<\/p>\n<h2 style=\"font-size: 18px; font-weight: bold; text-decoration: underline; margin-top: 25px; margin-bottom: 10px;\">GROUP EXHIBITIONS<\/h2>\n<p style=\"font-size: 16px; font-weight: bold; margin-top: 12px; margin-bottom: 4px;\">2025<\/p>\n<p style=\"font-size: 16px; font-weight: normal; margin-top: 0; margin-bottom: 3px; padding-left: 0;\">Quem viaja arrisca, Museu de Arte Moderna da Bahia, Salvador, Brazil<\/p>\n<p style=\"font-size: 16px; font-weight: normal; margin-top: 0; margin-bottom: 3px; padding-left: 0;\">Afro-brasilidade, uma homenagem a dois Valentins e a um Emanoel (curated by Paulo Herkenhoff and Jo\u00e3o Victor Guimar\u00e3es), FGV Arte Botafogo, Rio de Janeiro, Brazil<\/p>\n<p style=\"font-size: 16px; font-weight: normal; margin-top: 0; margin-bottom: 3px; padding-left: 0;\">Estalo - 14th Mercosul Biennial (curated by Raphael Fonseca), Funda\u00e7\u00e3o Vera Chaves Barcellos, Viam\u00e3o and Centro Cultural Vila Flores, Porto Alegre, Rio Grande do Sul, Brazil<\/p>\n<p style=\"font-size: 16px; font-weight: bold; margin-top: 12px; margin-bottom: 4px;\">2024<\/p>\n<p style=\"font-size: 16px; font-weight: normal; margin-top: 0; margin-bottom: 3px; padding-left: 0;\">31st MAJ - Youth Art Exhibition (curated by Camila Fontenele and Tiago Gualberto), Sesc Ribeir\u00e3o Preto, Ribeir\u00e3o Preto\/SP, Brazil<\/p>\n<p style=\"font-size: 16px; font-weight: normal; margin-top: 0; margin-bottom: 3px; padding-left: 0;\">28th Sal\u00e3o Anapolino (curated by Paulo Henrique Silva), Galeria Ant\u00f4nio Sibasolly, An\u00e1polis\/GO, Brazil<\/p>\n<p style=\"font-size: 16px; font-weight: normal; margin-top: 0; margin-bottom: 3px; padding-left: 0;\">66th Bahia Visual Arts Salon, Casa Amarela, Barreiras\/BA, Brazil<\/p>\n<p style=\"font-size: 16px; font-weight: normal; margin-top: 0; margin-bottom: 3px; padding-left: 0;\">Quase \u00c1rido (curated by Uriel Bezerra), RV Cultura e Arte, Salvador\/BA, Brazil<\/p>\n<p style=\"font-size: 16px; font-weight: normal; margin-top: 0; margin-bottom: 3px; padding-left: 0;\">Arte Impr\u00f3pria (curated by Gabriel Ferreira Zacarias), Biblioteca de Obras Raras Fausto Castilho, Campinas\/SP, Brazil<\/p>\n<p style=\"font-size: 16px; font-weight: normal; margin-top: 0; margin-bottom: 3px; padding-left: 0;\">\u00daltimo lote (curated by Daniel Rangel), Museu de Arte Contempor\u00e2nea da Bahia, Salvador\/BA, Brazil<\/p>\n<p style=\"font-size: 16px; font-weight: normal; margin-top: 0; margin-bottom: 3px; padding-left: 0;\">O di\u00e1logo criativo das materialidades (curated by Gabriela S\u00e1 and Cec\u00edlia Ribeiro), Magalh\u00e3es e Gouv\u00eaa Escrit\u00f3rio de Arte, S\u00e3o Paulo\/SP, Brazil<\/p>\n<p style=\"font-size: 16px; font-weight: normal; margin-top: 0; margin-bottom: 3px; padding-left: 0;\">Polissemia Pol\u00edtica (curated by Danillo Villa and Michelle Sommer), Divis\u00e3o de Artes Pl\u00e1sticas da Universidade Estadual de Londrina\/PR, Brazil<\/p>\n<p style=\"font-size: 16px; font-weight: normal; margin-top: 0; margin-bottom: 3px; padding-left: 0;\">Prefiro n\u00e3o (organized by Jo\u00e3o Livra and Silvio De Camilis), Quase Espa\u00e7o, S\u00e3o Paulo\/SP, Brazil<\/p>\n<p style=\"font-size: 16px; font-weight: normal; margin-top: 0; margin-bottom: 3px; padding-left: 0;\">Sal\u00f3n ACME No. 11, Proyectos P\u00fablicos, Mexico City\/DF, Mexico<\/p>\n<p style=\"font-size: 16px; font-weight: bold; margin-top: 12px; margin-bottom: 4px;\">2023<\/p>\n<p style=\"font-size: 16px; font-weight: normal; margin-top: 0; margin-bottom: 3px; padding-left: 0;\">Mem\u00f3rias para Dona Ant\u00f4nia, Acervo da Laje, Salvador, Brazil<\/p>\n<p style=\"font-size: 16px; font-weight: normal; margin-top: 0; margin-bottom: 3px; padding-left: 0;\">Essas pessoas na sala de jantar (curated by Raphael Fonseca), Casa Museu Eva Klabin, Rio de Janeiro, Brazil<\/p>\n<p style=\"font-size: 16px; font-weight: normal; margin-top: 0; margin-bottom: 3px; padding-left: 0;\">48th SARP, Museu de Arte de Ribeir\u00e3o Preto, S\u00e3o Paulo, Brazil<\/p>\n<p style=\"font-size: 16px; font-weight: normal; margin-top: 0; margin-bottom: 3px; padding-left: 0;\">Los gestos del trabajo (curated by Benedetta Casini and Clarisa Appendino), BienalSur, Espacio Ente de Cultura, Sala Lola Mora, Argentina<\/p>\n<p style=\"font-size: 16px; font-weight: normal; margin-top: 0; margin-bottom: 3px; padding-left: 0;\">O corpo invis\u00edvel da mem\u00f3ria (curated by Tain\u00e1 Azeredo and Valqu\u00edria Prates), Museu da Inconfid\u00eancia, Minas Gerais, Brazil<\/p>\n<p style=\"font-size: 16px; font-weight: normal; margin-top: 0; margin-bottom: 3px; padding-left: 0;\">Figura Ins\u00f3lita (curated by Uriel Bezerra), RV Cultura e Arte, Bahia, Brazil<\/p>\n<p style=\"font-size: 16px; font-weight: normal; margin-top: 0; margin-bottom: 3px; padding-left: 0;\">Intelecto Agente (curated by Pedro Vaz), Gr\u00eamio Oper\u00e1rio de Coimbra, Portugal<\/p>\n<p style=\"font-size: 16px; font-weight: bold; margin-top: 12px; margin-bottom: 4px;\">2022<\/p>\n<p style=\"font-size: 16px; font-weight: normal; margin-top: 0; margin-bottom: 3px; padding-left: 0;\">64th Bahia Visual Arts Salon, Museu de Arte Moderna da Bahia, Bahia, Brazil<\/p>\n<p style=\"font-size: 16px; font-weight: normal; margin-top: 0; margin-bottom: 3px; padding-left: 0;\">Aos p\u00e9s do Caboclo, Luta, Centro de Cultura Vereador Manuel Querino (curated by Joyce Delfim and Nathan Gomes), Bahia, Brazil<\/p>\n<p style=\"font-size: 16px; font-weight: normal; margin-top: 0; margin-bottom: 3px; padding-left: 0;\">Encruzilhada (curated by Ayrson Her\u00e1clito and Daniel Rangel), Museu de Arte Moderna da Bahia, Salvador, Bahia, Brazil<\/p>\n<p style=\"font-size: 16px; font-weight: bold; margin-top: 12px; margin-bottom: 4px;\">2021<\/p>\n<p style=\"font-size: 16px; font-weight: normal; margin-top: 0; margin-bottom: 3px; padding-left: 0;\">Ocupa\u00e7\u00e3o do Beco, Beco dos Artistas, Bahia, Brazil<\/p>\n<p style=\"font-size: 16px; font-weight: bold; margin-top: 12px; margin-bottom: 4px;\">2020<\/p>\n<p style=\"font-size: 16px; font-weight: normal; margin-top: 0; margin-bottom: 3px; padding-left: 0;\">7th EDP Arts Award, Instituto Tomie Ohtake, S\u00e3o Paulo, Brazil<\/p>\n<p style=\"font-size: 16px; font-weight: normal; margin-top: 0; margin-bottom: 3px; padding-left: 0;\">Polissemia Pol\u00edtica (curated by Michelle Sommer and Danilo Villa), Arte Londrina 8, Paran\u00e1, Brazil<\/p>\n<p style=\"font-size: 16px; font-weight: bold; margin-top: 12px; margin-bottom: 4px;\">2019<\/p>\n<p style=\"font-size: 16px; font-weight: normal; margin-top: 0; margin-bottom: 3px; padding-left: 0;\">CARV\u00c3O, Museu Nacional da Cultura Afro Brasileira, Bahia, Brazil<\/p>\n<p style=\"font-size: 16px; font-weight: normal; margin-top: 0; margin-bottom: 3px; padding-left: 0;\">Processos em Tr\u00e2nsito [O Livro de Artista], Museu de Arte da Bahia, Bahia, Brazil<\/p>\n<p style=\"font-size: 16px; font-weight: normal; margin-top: 0; margin-bottom: 3px; padding-left: 0;\">RASGO - Residency\/Exhibition, Galeria Ca\u00f1izares, Bahia, Brazil<\/p>\n<p style=\"font-size: 16px; font-weight: normal; margin-top: 0; margin-bottom: 3px; padding-left: 0;\">Ficci\u00f3n de lo Cotidiano, Centro Cultural Brasil M\u00e9xico, Mexico<\/p>\n<p style=\"font-size: 16px; font-weight: bold; margin-top: 12px; margin-bottom: 4px;\">2018<\/p>\n<p style=\"font-size: 16px; font-weight: normal; margin-top: 0; margin-bottom: 3px; padding-left: 0;\">Incubadora de Publica\u00e7\u00f5es Gr\u00e1ficas, RV Cultura e Arte, Bahia, Brazil<\/p>\n<p style=\"font-size: 16px; font-weight: normal; margin-top: 0; margin-bottom: 3px; padding-left: 0;\">Leituras e Feituras: O Livro de Artista 2018, Cooperativa de Actividades Art\u00edsticas, Portugal<\/p>\n<p style=\"font-size: 16px; font-weight: normal; margin-top: 0; margin-bottom: 3px; padding-left: 0;\">MAR\u00c9: Muestra Artistica Releituras Est\u00e9ticas (curated by Juci Reis and Jos\u00e9 V\u00e1zquez), Centro Cultural Brasil M\u00e9xico, Mexico<\/p>\n<p style=\"font-size: 16px; font-weight: bold; margin-top: 12px; margin-bottom: 4px;\">2017<\/p>\n<p style=\"font-size: 16px; font-weight: normal; margin-top: 0; margin-bottom: 3px; padding-left: 0;\">3rd Graphic Exhibition (curated by Evandro Sybine and Raoni Gondim), Museu de Arte Moderna da Bahia, Bahia, Brazil<\/p>\n<p style=\"font-size: 16px; font-weight: normal; margin-top: 0; margin-bottom: 3px; padding-left: 0;\">Livro.SSA, Centro de Mem\u00f3ria do Instituto do Patrim\u00f4nio Art\u00edstico e Cultural da Bahia, Bahia, Brazil<\/p>\n<p style=\"font-size: 16px; font-weight: normal; margin-top: 0; margin-bottom: 3px; padding-left: 0;\">Mostra Linha, Centro Cultural Brasil M\u00e9xico, Mexico<\/p>\n<p style=\"font-size: 16px; font-weight: normal; margin-top: 0; margin-bottom: 3px; padding-left: 0;\">S\/T\u00edtulo, ICBA Goethe Institut Salvador, Bahia<\/p>\n<p style=\"font-size: 16px; font-weight: bold; margin-top: 12px; margin-bottom: 4px;\">2015<\/p>\n<p style=\"font-size: 16px; font-weight: normal; margin-top: 0; margin-bottom: 3px; padding-left: 0;\">MESA\/FLOTAR, Palacete das Artes, Bahia, Brazil<\/p>\n<h2 style=\"font-size: 18px; font-weight: bold; text-decoration: underline; margin-top: 25px; margin-bottom: 10px;\">AWARDS<\/h2>\n<p style=\"font-size: 16px; font-weight: bold; margin-top: 12px; margin-bottom: 4px;\">2024<\/p>\n<p style=\"font-size: 16px; font-weight: normal; margin-top: 0; margin-bottom: 3px; padding-left: 0;\">66th Bahia Visual Arts Salon, Casa Amarela, Barreiras, Brazil<\/p>\n<p style=\"font-size: 16px; font-weight: bold; margin-top: 12px; margin-bottom: 4px;\">2020<\/p>\n<p style=\"font-size: 16px; font-weight: normal; margin-top: 0; margin-bottom: 3px; padding-left: 0;\">7th EDP Arts Award, Instituto Tomie Ohtake, S\u00e3o Paulo, Brazil<\/p>\n<h2 style=\"font-size: 18px; font-weight: bold; text-decoration: underline; margin-top: 25px; margin-bottom: 10px;\">RESIDENCIES<\/h2>\n<p style=\"font-size: 16px; font-weight: bold; margin-top: 12px; margin-bottom: 4px;\">2025<\/p>\n<p style=\"font-size: 16px; font-weight: normal; margin-top: 0; margin-bottom: 3px; padding-left: 0;\">Black Rock, Dakar, Senegal<\/p>\n<p style=\"font-size: 16px; font-weight: bold; margin-top: 12px; margin-bottom: 4px;\">2023<\/p>\n<p style=\"font-size: 16px; font-weight: normal; margin-top: 0; margin-bottom: 3px; padding-left: 0;\">Proyecto URRA, Argentina<\/p>\n<p style=\"font-size: 16px; font-weight: bold; margin-top: 12px; margin-bottom: 4px;\">2022<\/p>\n<p style=\"font-size: 16px; font-weight: normal; margin-top: 0; margin-bottom: 3px; padding-left: 0;\">Piv\u00f4 Pesquisa, Piv\u00f4, S\u00e3o Paulo, Brazil<\/p>\n<p style=\"font-size: 16px; font-weight: normal; margin-top: 0; margin-bottom: 3px; padding-left: 0;\">OF\u00cdCIO, Instituto de Arte Contempor\u00e2nea de Ouro Preto, Brazil<\/p>\n<h2 style=\"font-size: 18px; font-weight: bold; text-decoration: underline; margin-top: 25px; margin-bottom: 10px;\">COLLECTION<\/h2>\n<p style=\"font-size: 16px; font-weight: normal; margin-top: 0; margin-bottom: 3px; padding-left: 0;\">Museu de Arte Contempor\u00e2nea da Bahia \u2013 MAC Bahia, Brazil<\/p>\n<p style=\"font-size: 16px; font-weight: normal; margin-top: 0; margin-bottom: 3px; padding-left: 0;\">Funda\u00e7\u00e3o Cultural Do Estado Da Bahia, Brazil<\/p>\n<p style=\"font-size: 16px; font-weight: normal; margin-top: 0; margin-bottom: 3px; padding-left: 0;\">Museu de Artes Pl\u00e1sticas de An\u00e1polis, Brazil<\/p>\n<\/div>","curriculo":72594,"gallery":[58983,58985,58987,58995,58997,58999,59001,59003,59005,59007,59011,59014,59018,59022,61071,61069,61067,69278,69276,69274],"videos":[{"video_title":"Felipe Rezende - O \u00faltimo buritizeiro","video_description":"","video_utl":"https:\/\/vimeo.com\/801674016?embedded=true&source=vimeo_logo&owner=15064227"},{"video_title":"7\u00ba Pr\u00eamio EDP as Artes","video_description":"","video_utl":"https:\/\/www.youtube.com\/watch?v=HkaWm4TUsqk"}],"text_artist":[59026,59035,55821,55815,55812],"files":null,"artist_works":"","artist_expo":[{"artist_expo_title":"","artist_expo_description":"","artist_expo_gallery":[69263,69265,69261,69271,69269,69295,69293,69299,63868,63870,63876,63874,63855,63847,63866,63872,63862,63864,63860,63833,63835,63837,63839,63841,63845,63843,63829,63831]}]},"spectra_custom_meta":{"_wpml_word_count":["{\"total\":0,\"to_translate\":{\"en\":2,\"pt-br\":2}}"],"_edit_last":["7"],"description":["<div style=\"font-family: 'D-DIN Condensed', 'Arial Narrow', Arial, sans-serif; max-width: 900px; margin: 0 auto; padding: 20px; line-height: 1.4;\">\n<p style=\"font-size: 16px; margin-bottom: 30px;\">Salvador, Brasil, 1994. Lives and works in S\u00e3o Paulo, Brazil.<\/p>\n\n<h2 style=\"font-size: 18px; font-weight: bold; text-decoration: underline; margin-top: 25px; margin-bottom: 10px;\">EDUCATION<\/h2>\n<p style=\"font-size: 16px; font-weight: bold; margin-top: 12px; margin-bottom: 4px;\">2020<\/p>\n<p style=\"font-size: 16px; font-weight: normal; margin-top: 0; margin-bottom: 3px; padding-left: 0;\">Bachelor's in Visual Arts, Universidade Federal da Bahia, Bahia, Brazil<\/p>\n<h2 style=\"font-size: 18px; font-weight: bold; text-decoration: underline; margin-top: 25px; margin-bottom: 10px;\">SOLO EXHIBITIONS<\/h2>\n<p style=\"font-size: 16px; font-weight: bold; margin-top: 12px; margin-bottom: 4px;\">2025<\/p>\n<p style=\"font-size: 16px; font-weight: normal; margin-top: 0; margin-bottom: 3px; padding-left: 0;\">Arena (curated by Amanda Tavares), Galeria Leme, S\u00e3o Paulo, Brazil<\/p>\n<p style=\"font-size: 16px; font-weight: bold; margin-top: 12px; margin-bottom: 4px;\">2024<\/p>\n<p style=\"font-size: 16px; font-weight: normal; margin-top: 0; margin-bottom: 3px; padding-left: 0;\">Lonjuras, 33rd Exhibition Program at Centro Cultural S\u00e3o Paulo, S\u00e3o Paulo, Brazil<\/p>\n<p style=\"font-size: 16px; font-weight: bold; margin-top: 12px; margin-bottom: 4px;\">2023<\/p>\n<p style=\"font-size: 16px; font-weight: normal; margin-top: 0; margin-bottom: 3px; padding-left: 0;\">O \u00faltimo buritizeiro (curated by Tiago Sant'Ana), Galeria Leme, S\u00e3o Paulo, Brazil<\/p>\n<p style=\"font-size: 16px; font-weight: bold; margin-top: 12px; margin-bottom: 4px;\">2022<\/p>\n<p style=\"font-size: 16px; font-weight: normal; margin-top: 0; margin-bottom: 3px; padding-left: 0;\">Sonho, queda livre, RV Cultura e Arte, Bahia, Brazil<\/p>\n<p style=\"font-size: 16px; font-weight: normal; margin-top: 0; margin-bottom: 3px; padding-left: 0;\">Long is the Road, Jack Bell Gallery, United Kingdom<\/p>\n<p style=\"font-size: 16px; font-weight: bold; margin-top: 12px; margin-bottom: 4px;\">2019<\/p>\n<p style=\"font-size: 16px; font-weight: normal; margin-top: 0; margin-bottom: 3px; padding-left: 0;\">Ladeira da Fonte, Mouraria 53, Bahia, Brazil<\/p>\n<h2 style=\"font-size: 18px; font-weight: bold; text-decoration: underline; margin-top: 25px; margin-bottom: 10px;\">GROUP EXHIBITIONS<\/h2>\n<p style=\"font-size: 16px; font-weight: bold; margin-top: 12px; margin-bottom: 4px;\">2025<\/p>\n<p style=\"font-size: 16px; font-weight: normal; margin-top: 0; margin-bottom: 3px; padding-left: 0;\">Quem viaja arrisca, Museu de Arte Moderna da Bahia, Salvador, Brazil<\/p>\n<p style=\"font-size: 16px; font-weight: normal; margin-top: 0; margin-bottom: 3px; padding-left: 0;\">Afro-brasilidade, uma homenagem a dois Valentins e a um Emanoel (curated by Paulo Herkenhoff and Jo\u00e3o Victor Guimar\u00e3es), FGV Arte Botafogo, Rio de Janeiro, Brazil<\/p>\n<p style=\"font-size: 16px; font-weight: normal; margin-top: 0; margin-bottom: 3px; padding-left: 0;\">Estalo - 14th Mercosul Biennial (curated by Raphael Fonseca), Funda\u00e7\u00e3o Vera Chaves Barcellos, Viam\u00e3o and Centro Cultural Vila Flores, Porto Alegre, Rio Grande do Sul, Brazil<\/p>\n<p style=\"font-size: 16px; font-weight: bold; margin-top: 12px; margin-bottom: 4px;\">2024<\/p>\n<p style=\"font-size: 16px; font-weight: normal; margin-top: 0; margin-bottom: 3px; padding-left: 0;\">31st MAJ - Youth Art Exhibition (curated by Camila Fontenele and Tiago Gualberto), Sesc Ribeir\u00e3o Preto, Ribeir\u00e3o Preto\/SP, Brazil<\/p>\n<p style=\"font-size: 16px; font-weight: normal; margin-top: 0; margin-bottom: 3px; padding-left: 0;\">28th Sal\u00e3o Anapolino (curated by Paulo Henrique Silva), Galeria Ant\u00f4nio Sibasolly, An\u00e1polis\/GO, Brazil<\/p>\n<p style=\"font-size: 16px; font-weight: normal; margin-top: 0; margin-bottom: 3px; padding-left: 0;\">66th Bahia Visual Arts Salon, Casa Amarela, Barreiras\/BA, Brazil<\/p>\n<p style=\"font-size: 16px; font-weight: normal; margin-top: 0; margin-bottom: 3px; padding-left: 0;\">Quase \u00c1rido (curated by Uriel Bezerra), RV Cultura e Arte, Salvador\/BA, Brazil<\/p>\n<p style=\"font-size: 16px; font-weight: normal; margin-top: 0; margin-bottom: 3px; padding-left: 0;\">Arte Impr\u00f3pria (curated by Gabriel Ferreira Zacarias), Biblioteca de Obras Raras Fausto Castilho, Campinas\/SP, Brazil<\/p>\n<p style=\"font-size: 16px; font-weight: normal; margin-top: 0; margin-bottom: 3px; padding-left: 0;\">\u00daltimo lote (curated by Daniel Rangel), Museu de Arte Contempor\u00e2nea da Bahia, Salvador\/BA, Brazil<\/p>\n<p style=\"font-size: 16px; font-weight: normal; margin-top: 0; margin-bottom: 3px; padding-left: 0;\">O di\u00e1logo criativo das materialidades (curated by Gabriela S\u00e1 and Cec\u00edlia Ribeiro), Magalh\u00e3es e Gouv\u00eaa Escrit\u00f3rio de Arte, S\u00e3o Paulo\/SP, Brazil<\/p>\n<p style=\"font-size: 16px; font-weight: normal; margin-top: 0; margin-bottom: 3px; padding-left: 0;\">Polissemia Pol\u00edtica (curated by Danillo Villa and Michelle Sommer), Divis\u00e3o de Artes Pl\u00e1sticas da Universidade Estadual de Londrina\/PR, Brazil<\/p>\n<p style=\"font-size: 16px; font-weight: normal; margin-top: 0; margin-bottom: 3px; padding-left: 0;\">Prefiro n\u00e3o (organized by Jo\u00e3o Livra and Silvio De Camilis), Quase Espa\u00e7o, S\u00e3o Paulo\/SP, Brazil<\/p>\n<p style=\"font-size: 16px; font-weight: normal; margin-top: 0; margin-bottom: 3px; padding-left: 0;\">Sal\u00f3n ACME No. 11, Proyectos P\u00fablicos, Mexico City\/DF, Mexico<\/p>\n<p style=\"font-size: 16px; font-weight: bold; margin-top: 12px; margin-bottom: 4px;\">2023<\/p>\n<p style=\"font-size: 16px; font-weight: normal; margin-top: 0; margin-bottom: 3px; padding-left: 0;\">Mem\u00f3rias para Dona Ant\u00f4nia, Acervo da Laje, Salvador, Brazil<\/p>\n<p style=\"font-size: 16px; font-weight: normal; margin-top: 0; margin-bottom: 3px; padding-left: 0;\">Essas pessoas na sala de jantar (curated by Raphael Fonseca), Casa Museu Eva Klabin, Rio de Janeiro, Brazil<\/p>\n<p style=\"font-size: 16px; font-weight: normal; margin-top: 0; margin-bottom: 3px; padding-left: 0;\">48th SARP, Museu de Arte de Ribeir\u00e3o Preto, S\u00e3o Paulo, Brazil<\/p>\n<p style=\"font-size: 16px; font-weight: normal; margin-top: 0; margin-bottom: 3px; padding-left: 0;\">Los gestos del trabajo (curated by Benedetta Casini and Clarisa Appendino), BienalSur, Espacio Ente de Cultura, Sala Lola Mora, Argentina<\/p>\n<p style=\"font-size: 16px; font-weight: normal; margin-top: 0; margin-bottom: 3px; padding-left: 0;\">O corpo invis\u00edvel da mem\u00f3ria (curated by Tain\u00e1 Azeredo and Valqu\u00edria Prates), Museu da Inconfid\u00eancia, Minas Gerais, Brazil<\/p>\n<p style=\"font-size: 16px; font-weight: normal; margin-top: 0; margin-bottom: 3px; padding-left: 0;\">Figura Ins\u00f3lita (curated by Uriel Bezerra), RV Cultura e Arte, Bahia, Brazil<\/p>\n<p style=\"font-size: 16px; font-weight: normal; margin-top: 0; margin-bottom: 3px; padding-left: 0;\">Intelecto Agente (curated by Pedro Vaz), Gr\u00eamio Oper\u00e1rio de Coimbra, Portugal<\/p>\n<p style=\"font-size: 16px; font-weight: bold; margin-top: 12px; margin-bottom: 4px;\">2022<\/p>\n<p style=\"font-size: 16px; font-weight: normal; margin-top: 0; margin-bottom: 3px; padding-left: 0;\">64th Bahia Visual Arts Salon, Museu de Arte Moderna da Bahia, Bahia, Brazil<\/p>\n<p style=\"font-size: 16px; font-weight: normal; margin-top: 0; margin-bottom: 3px; padding-left: 0;\">Aos p\u00e9s do Caboclo, Luta, Centro de Cultura Vereador Manuel Querino (curated by Joyce Delfim and Nathan Gomes), Bahia, Brazil<\/p>\n<p style=\"font-size: 16px; font-weight: normal; margin-top: 0; margin-bottom: 3px; padding-left: 0;\">Encruzilhada (curated by Ayrson Her\u00e1clito and Daniel Rangel), Museu de Arte Moderna da Bahia, Salvador, Bahia, Brazil<\/p>\n<p style=\"font-size: 16px; font-weight: bold; margin-top: 12px; margin-bottom: 4px;\">2021<\/p>\n<p style=\"font-size: 16px; font-weight: normal; margin-top: 0; margin-bottom: 3px; padding-left: 0;\">Ocupa\u00e7\u00e3o do Beco, Beco dos Artistas, Bahia, Brazil<\/p>\n<p style=\"font-size: 16px; font-weight: bold; margin-top: 12px; margin-bottom: 4px;\">2020<\/p>\n<p style=\"font-size: 16px; font-weight: normal; margin-top: 0; margin-bottom: 3px; padding-left: 0;\">7th EDP Arts Award, Instituto Tomie Ohtake, S\u00e3o Paulo, Brazil<\/p>\n<p style=\"font-size: 16px; font-weight: normal; margin-top: 0; margin-bottom: 3px; padding-left: 0;\">Polissemia Pol\u00edtica (curated by Michelle Sommer and Danilo Villa), Arte Londrina 8, Paran\u00e1, Brazil<\/p>\n<p style=\"font-size: 16px; font-weight: bold; margin-top: 12px; margin-bottom: 4px;\">2019<\/p>\n<p style=\"font-size: 16px; font-weight: normal; margin-top: 0; margin-bottom: 3px; padding-left: 0;\">CARV\u00c3O, Museu Nacional da Cultura Afro Brasileira, Bahia, Brazil<\/p>\n<p style=\"font-size: 16px; font-weight: normal; margin-top: 0; margin-bottom: 3px; padding-left: 0;\">Processos em Tr\u00e2nsito [O Livro de Artista], Museu de Arte da Bahia, Bahia, Brazil<\/p>\n<p style=\"font-size: 16px; font-weight: normal; margin-top: 0; margin-bottom: 3px; padding-left: 0;\">RASGO - Residency\/Exhibition, Galeria Ca\u00f1izares, Bahia, Brazil<\/p>\n<p style=\"font-size: 16px; font-weight: normal; margin-top: 0; margin-bottom: 3px; padding-left: 0;\">Ficci\u00f3n de lo Cotidiano, Centro Cultural Brasil M\u00e9xico, Mexico<\/p>\n<p style=\"font-size: 16px; font-weight: bold; margin-top: 12px; margin-bottom: 4px;\">2018<\/p>\n<p style=\"font-size: 16px; font-weight: normal; margin-top: 0; margin-bottom: 3px; padding-left: 0;\">Incubadora de Publica\u00e7\u00f5es Gr\u00e1ficas, RV Cultura e Arte, Bahia, Brazil<\/p>\n<p style=\"font-size: 16px; font-weight: normal; margin-top: 0; margin-bottom: 3px; padding-left: 0;\">Leituras e Feituras: O Livro de Artista 2018, Cooperativa de Actividades Art\u00edsticas, Portugal<\/p>\n<p style=\"font-size: 16px; font-weight: normal; margin-top: 0; margin-bottom: 3px; padding-left: 0;\">MAR\u00c9: Muestra Artistica Releituras Est\u00e9ticas (curated by Juci Reis and Jos\u00e9 V\u00e1zquez), Centro Cultural Brasil M\u00e9xico, Mexico<\/p>\n<p style=\"font-size: 16px; font-weight: bold; margin-top: 12px; margin-bottom: 4px;\">2017<\/p>\n<p style=\"font-size: 16px; font-weight: normal; margin-top: 0; margin-bottom: 3px; padding-left: 0;\">3rd Graphic Exhibition (curated by Evandro Sybine and Raoni Gondim), Museu de Arte Moderna da Bahia, Bahia, Brazil<\/p>\n<p style=\"font-size: 16px; font-weight: normal; margin-top: 0; margin-bottom: 3px; padding-left: 0;\">Livro.SSA, Centro de Mem\u00f3ria do Instituto do Patrim\u00f4nio Art\u00edstico e Cultural da Bahia, Bahia, Brazil<\/p>\n<p style=\"font-size: 16px; font-weight: normal; margin-top: 0; margin-bottom: 3px; padding-left: 0;\">Mostra Linha, Centro Cultural Brasil M\u00e9xico, Mexico<\/p>\n<p style=\"font-size: 16px; font-weight: normal; margin-top: 0; margin-bottom: 3px; padding-left: 0;\">S\/T\u00edtulo, ICBA Goethe Institut Salvador, Bahia<\/p>\n<p style=\"font-size: 16px; font-weight: bold; margin-top: 12px; margin-bottom: 4px;\">2015<\/p>\n<p style=\"font-size: 16px; font-weight: normal; margin-top: 0; margin-bottom: 3px; padding-left: 0;\">MESA\/FLOTAR, Palacete das Artes, Bahia, Brazil<\/p>\n<h2 style=\"font-size: 18px; font-weight: bold; text-decoration: underline; margin-top: 25px; margin-bottom: 10px;\">AWARDS<\/h2>\n<p style=\"font-size: 16px; font-weight: bold; margin-top: 12px; margin-bottom: 4px;\">2024<\/p>\n<p style=\"font-size: 16px; font-weight: normal; margin-top: 0; margin-bottom: 3px; padding-left: 0;\">66th Bahia Visual Arts Salon, Casa Amarela, Barreiras, Brazil<\/p>\n<p style=\"font-size: 16px; font-weight: bold; margin-top: 12px; margin-bottom: 4px;\">2020<\/p>\n<p style=\"font-size: 16px; font-weight: normal; margin-top: 0; margin-bottom: 3px; padding-left: 0;\">7th EDP Arts Award, Instituto Tomie Ohtake, S\u00e3o Paulo, Brazil<\/p>\n<h2 style=\"font-size: 18px; font-weight: bold; text-decoration: underline; margin-top: 25px; margin-bottom: 10px;\">RESIDENCIES<\/h2>\n<p style=\"font-size: 16px; font-weight: bold; margin-top: 12px; margin-bottom: 4px;\">2025<\/p>\n<p style=\"font-size: 16px; font-weight: normal; margin-top: 0; margin-bottom: 3px; padding-left: 0;\">Black Rock, Dakar, Senegal<\/p>\n<p style=\"font-size: 16px; font-weight: bold; margin-top: 12px; margin-bottom: 4px;\">2023<\/p>\n<p style=\"font-size: 16px; font-weight: normal; margin-top: 0; margin-bottom: 3px; padding-left: 0;\">Proyecto URRA, Argentina<\/p>\n<p style=\"font-size: 16px; font-weight: bold; margin-top: 12px; margin-bottom: 4px;\">2022<\/p>\n<p style=\"font-size: 16px; font-weight: normal; margin-top: 0; margin-bottom: 3px; padding-left: 0;\">Piv\u00f4 Pesquisa, Piv\u00f4, S\u00e3o Paulo, Brazil<\/p>\n<p style=\"font-size: 16px; font-weight: normal; margin-top: 0; margin-bottom: 3px; padding-left: 0;\">OF\u00cdCIO, Instituto de Arte Contempor\u00e2nea de Ouro Preto, Brazil<\/p>\n<h2 style=\"font-size: 18px; font-weight: bold; text-decoration: underline; margin-top: 25px; margin-bottom: 10px;\">COLLECTION<\/h2>\n<p style=\"font-size: 16px; font-weight: normal; margin-top: 0; margin-bottom: 3px; padding-left: 0;\">Museu de Arte Contempor\u00e2nea da Bahia \u2013 MAC Bahia, Brazil<\/p>\n<p style=\"font-size: 16px; font-weight: normal; margin-top: 0; margin-bottom: 3px; padding-left: 0;\">Funda\u00e7\u00e3o Cultural Do Estado Da Bahia, Brazil<\/p>\n<p style=\"font-size: 16px; font-weight: normal; margin-top: 0; margin-bottom: 3px; padding-left: 0;\">Museu de Artes Pl\u00e1sticas de An\u00e1polis, Brazil<\/p>\n<\/div>"],"_description":["field_64441aaeb18e1"],"curriculo":["72594"],"_curriculo":["field_64429ebbb7fb8"],"gallery":["a:20:{i:0;s:5:\"58983\";i:1;s:5:\"58985\";i:2;s:5:\"58987\";i:3;s:5:\"58995\";i:4;s:5:\"58997\";i:5;s:5:\"58999\";i:6;s:5:\"59001\";i:7;s:5:\"59003\";i:8;s:5:\"59005\";i:9;s:5:\"59007\";i:10;s:5:\"59011\";i:11;s:5:\"59014\";i:12;s:5:\"59018\";i:13;s:5:\"59022\";i:14;s:5:\"61071\";i:15;s:5:\"61069\";i:16;s:5:\"61067\";i:17;s:5:\"69278\";i:18;s:5:\"69276\";i:19;s:5:\"69274\";}"],"_gallery":["field_6436c1e6d2529"],"videos":["2"],"_videos":["field_6436c1e6d252d"],"text_artist":["a:5:{i:0;s:5:\"59026\";i:1;s:5:\"59035\";i:2;s:5:\"55821\";i:3;s:5:\"55815\";i:4;s:5:\"55812\";}"],"_text_artist":["field_6436c1e6d2536"],"files":[""],"_files":["field_6436c231c9725"],"_wpml_media_duplicate":["1"],"_wpml_media_featured":["1"],"_thumbnail_id":["59003"],"_last_translation_edit_mode":["translation-editor"],"_edit_lock":["1773830056:7"],"videos_0_video_title":["Felipe Rezende - O \u00faltimo buritizeiro"],"_videos_0_video_title":["field_64441a69b18df"],"videos_0_video_description":[""],"_videos_0_video_description":["field_644423879b4e4"],"videos_0_video_utl":["https:\/\/vimeo.com\/801674016?embedded=true&source=vimeo_logo&owner=15064227"],"_videos_0_video_utl":["field_64441a77b18e0"],"_oembed_2699fb3c3e2efafa9a88e90e089f7171":["<iframe title=\"Felipe Rezende | O \u00faltimo buritizeiro\" src=\"https:\/\/player.vimeo.com\/video\/801674016?dnt=1&amp;app_id=122963\" width=\"219\" height=\"390\" frameborder=\"0\" allow=\"autoplay; fullscreen; picture-in-picture\"><\/iframe>"],"_oembed_time_2699fb3c3e2efafa9a88e90e089f7171":["1704739015"],"artist_works":[""],"_artist_works":["field_64c2815cc6039"],"_yoast_indexnow_last_ping":["1744143364"],"use_new_template":["1"],"_use_new_template":["field_6752e381f9464"],"bio":["<strong>Salvador, Brasil, 1994<\/strong>\r\nHe lives and works in S\u00e3o Paulo, Brazil.\r\n<p style=\"text-align: justify;\">Felipe Rezende, a visual artist, dedicates his practice to the intersection of drawing, painting, and their contemporary expansions. He builds his artistic trajectory by exploring everyday life and its constituent elements, with a particular focus on the relationships involving manual labor. His creations, predominantly made on truck tarps, pieces of tires, and objects found in urban environments, exhibit an aesthetic that combines accumulated narratives with the dense materiality of these supports, resulting in compositions that navigate between the documentary and the poetic. As both a painter and draftsman, he directly engages with the implicit histories embedded in his materials, adding depth to his works.<\/p>\r\n<p style=\"text-align: justify;\">The Brazilian artist's research delves into the imaginaries of labor, connecting tools, spaces, and memories associated with manual work. These elements are woven into creations that challenge the boundaries between fiction and reality while constructing visual arrangements that evoke both the dreamlike and the testimonial. Rezende incorporates extrinsic elements to explore narratives of Brazilian daily life, presenting them in a visually striking manner. In doing so, he reveals and reflects on the complex social and material interactions that shape everyday existence, solidifying his position as a visual interpreter of contemporary dynamics.<\/p>\r\nExplore Felipe Rezende\u2019s work in the <a href=\"https:\/\/galerialeme.com\/en\/viewing_room\/o-ultimo-buritizeiro-felipe-rezende\/ \">Viewroom <\/a>of Galeria Leme."],"_bio":["field_6752e3cff9466"],"artist_expo":["1"],"_artist_expo":["field_6752e404f9468"],"_yoast_wpseo_content_score":["30"],"_yoast_wpseo_focuskeywords":[""],"_yoast_wpseo_keywordsynonyms":[""],"_yoast_wpseo_estimated-reading-time-minutes":["13"],"_yoast_wpseo_focuskw":["Felipe Rezende"],"_yoast_wpseo_linkdex":["68"],"artist_expo_0_artist_expo_title":[""],"_artist_expo_0_artist_expo_title":["field_6752e41ef9469"],"artist_expo_0_artist_expo_description":[""],"_artist_expo_0_artist_expo_description":["field_6752e431f946a"],"artist_expo_0_artist_expo_gallery":["a:28:{i:0;s:5:\"69263\";i:1;s:5:\"69265\";i:2;s:5:\"69261\";i:3;s:5:\"69271\";i:4;s:5:\"69269\";i:5;s:5:\"69295\";i:6;s:5:\"69293\";i:7;s:5:\"69299\";i:8;s:5:\"63868\";i:9;s:5:\"63870\";i:10;s:5:\"63876\";i:11;s:5:\"63874\";i:12;s:5:\"63855\";i:13;s:5:\"63847\";i:14;s:5:\"63866\";i:15;s:5:\"63872\";i:16;s:5:\"63862\";i:17;s:5:\"63864\";i:18;s:5:\"63860\";i:19;s:5:\"63833\";i:20;s:5:\"63835\";i:21;s:5:\"63837\";i:22;s:5:\"63839\";i:23;s:5:\"63841\";i:24;s:5:\"63845\";i:25;s:5:\"63843\";i:26;s:5:\"63829\";i:27;s:5:\"63831\";}"],"_artist_expo_0_artist_expo_gallery":["field_6752e441f946b"],"_yoast_wpseo_metadesc":["Felipe Rezende, a Brazilian artist, creates works with tarpaulins, tires, and recycled objects, exploring manual labor and urban narratives."],"videos_1_video_title":["7\u00ba Pr\u00eamio EDP as Artes"],"_videos_1_video_title":["field_64441a69b18df"],"videos_1_video_description":[""],"_videos_1_video_description":["field_644423879b4e4"],"videos_1_video_utl":["https:\/\/www.youtube.com\/watch?v=HkaWm4TUsqk"],"_videos_1_video_utl":["field_64441a77b18e0"],"_seopress_titles_desc":["Felipe Rezende, a Brazilian artist, creates works with tarpaulins, tires, and recycled objects, exploring manual labor and urban narratives."],"_seopress_analysis_target_kw":["Felipe Rezende"],"_seopress_redirections_type":["301"],"_seopress_redirections_logged_status":["both"],"_oembed_7dbf360736cce3b01a6d5956ac2aaa8d":["<iframe title=\"P\u00cdLULA EDP NAS ARTES: Felipe Rezende\" width=\"640\" height=\"360\" src=\"https:\/\/www.youtube.com\/embed\/HkaWm4TUsqk?feature=oembed\" frameborder=\"0\" allow=\"accelerometer; autoplay; clipboard-write; encrypted-media; gyroscope; picture-in-picture; web-share\" referrerpolicy=\"strict-origin-when-cross-origin\" allowfullscreen><\/iframe>"],"_oembed_time_7dbf360736cce3b01a6d5956ac2aaa8d":["1745070807"],"_uag_css_file_name":["uag-css-31928.css"],"_uag_page_assets":["a:9:{s:3:\"css\";s:260:\".uag-blocks-common-selector{z-index:var(--z-index-desktop) !important}@media(max-width: 976px){.uag-blocks-common-selector{z-index:var(--z-index-tablet) !important}}@media(max-width: 767px){.uag-blocks-common-selector{z-index:var(--z-index-mobile) !important}}\";s:2:\"js\";s:0:\"\";s:18:\"current_block_list\";a:7:{i:0;s:11:\"core\/search\";i:1;s:10:\"core\/group\";i:2;s:12:\"core\/heading\";i:3;s:17:\"core\/latest-posts\";i:4;s:20:\"core\/latest-comments\";i:5;s:13:\"core\/archives\";i:6;s:15:\"core\/categories\";}s:8:\"uag_flag\";b:0;s:11:\"uag_version\";s:10:\"1777403099\";s:6:\"gfonts\";a:0:{}s:10:\"gfonts_url\";s:0:\"\";s:12:\"gfonts_files\";a:0:{}s:14:\"uag_faq_layout\";b:0;}"],"_seopress_search_console_analysis_clicks":["20"],"_seopress_search_console_analysis_ctr":["0.018399264029439"],"_seopress_search_console_analysis_impressions":["1087"],"_seopress_search_console_analysis_position":["5.1867525298988"]},"uagb_featured_image_src":{"full":["https:\/\/galerialeme.com\/wp-content\/uploads\/2022\/11\/felipe-rezende_das-tripas-nuvens_2023_oleo-acrilica-e-costura-sobre-lona-de-caminhao_107-x-118-cm_72-e1728422329761.webp",1218,1106,false],"thumbnail":["https:\/\/galerialeme.com\/wp-content\/uploads\/2022\/11\/felipe-rezende_das-tripas-nuvens_2023_oleo-acrilica-e-costura-sobre-lona-de-caminhao_107-x-118-cm_72-e1728422329761-150x150.webp",150,150,true],"medium":["https:\/\/galerialeme.com\/wp-content\/uploads\/2022\/11\/felipe-rezende_das-tripas-nuvens_2023_oleo-acrilica-e-costura-sobre-lona-de-caminhao_107-x-118-cm_72-e1728422329761-300x272.webp",300,272,true],"medium_large":["https:\/\/galerialeme.com\/wp-content\/uploads\/2022\/11\/felipe-rezende_das-tripas-nuvens_2023_oleo-acrilica-e-costura-sobre-lona-de-caminhao_107-x-118-cm_72-e1728422329761-768x697.webp",640,581,true],"large":["https:\/\/galerialeme.com\/wp-content\/uploads\/2022\/11\/felipe-rezende_das-tripas-nuvens_2023_oleo-acrilica-e-costura-sobre-lona-de-caminhao_107-x-118-cm_72-e1728422329761-1024x930.webp",640,581,true],"1536x1536":["https:\/\/galerialeme.com\/wp-content\/uploads\/2022\/11\/felipe-rezende_das-tripas-nuvens_2023_oleo-acrilica-e-costura-sobre-lona-de-caminhao_107-x-118-cm_72-e1728422329761.webp",1218,1106,false],"2048x2048":["https:\/\/galerialeme.com\/wp-content\/uploads\/2022\/11\/felipe-rezende_das-tripas-nuvens_2023_oleo-acrilica-e-costura-sobre-lona-de-caminhao_107-x-118-cm_72-e1728422329761.webp",1218,1106,false]},"uagb_author_info":{"display_name":"Cris","author_link":"https:\/\/galerialeme.com\/en\/author\/"},"uagb_comment_info":0,"uagb_excerpt":null,"_links":{"self":[{"href":"https:\/\/galerialeme.com\/en\/wp-json\/wp\/v2\/artist\/31928","targetHints":{"allow":["GET"]}}],"collection":[{"href":"https:\/\/galerialeme.com\/en\/wp-json\/wp\/v2\/artist"}],"about":[{"href":"https:\/\/galerialeme.com\/en\/wp-json\/wp\/v2\/types\/artist"}],"version-history":[{"count":1,"href":"https:\/\/galerialeme.com\/en\/wp-json\/wp\/v2\/artist\/31928\/revisions"}],"predecessor-version":[{"id":69165,"href":"https:\/\/galerialeme.com\/en\/wp-json\/wp\/v2\/artist\/31928\/revisions\/69165"}],"acf:post":[{"embeddable":true,"href":"https:\/\/galerialeme.com\/en\/wp-json\/wp\/v2\/artist_text\/55812"},{"embeddable":true,"href":"https:\/\/galerialeme.com\/en\/wp-json\/wp\/v2\/artist_text\/55815"},{"embeddable":true,"href":"https:\/\/galerialeme.com\/en\/wp-json\/wp\/v2\/artist_text\/55821"},{"embeddable":true,"href":"https:\/\/galerialeme.com\/en\/wp-json\/wp\/v2\/artist_text\/59035"},{"embeddable":true,"href":"https:\/\/galerialeme.com\/en\/wp-json\/wp\/v2\/artist_text\/59026"}],"acf:attachment":[{"embeddable":true,"href":"https:\/\/galerialeme.com\/en\/wp-json\/wp\/v2\/media\/69274"},{"embeddable":true,"href":"https:\/\/galerialeme.com\/en\/wp-json\/wp\/v2\/media\/69276"},{"embeddable":true,"href":"https:\/\/galerialeme.com\/en\/wp-json\/wp\/v2\/media\/69278"},{"embeddable":true,"href":"https:\/\/galerialeme.com\/en\/wp-json\/wp\/v2\/media\/61067"},{"embeddable":true,"href":"https:\/\/galerialeme.com\/en\/wp-json\/wp\/v2\/media\/61069"},{"embeddable":true,"href":"https:\/\/galerialeme.com\/en\/wp-json\/wp\/v2\/media\/61071"},{"embeddable":true,"href":"https:\/\/galerialeme.com\/en\/wp-json\/wp\/v2\/media\/59022"},{"embeddable":true,"href":"https:\/\/galerialeme.com\/en\/wp-json\/wp\/v2\/media\/59018"},{"embeddable":true,"href":"https:\/\/galerialeme.com\/en\/wp-json\/wp\/v2\/media\/59014"},{"embeddable":true,"href":"https:\/\/galerialeme.com\/en\/wp-json\/wp\/v2\/media\/59011"},{"embeddable":true,"href":"https:\/\/galerialeme.com\/en\/wp-json\/wp\/v2\/media\/59007"},{"embeddable":true,"href":"https:\/\/galerialeme.com\/en\/wp-json\/wp\/v2\/media\/59005"},{"embeddable":true,"href":"https:\/\/galerialeme.com\/en\/wp-json\/wp\/v2\/media\/59003"},{"embeddable":true,"href":"https:\/\/galerialeme.com\/en\/wp-json\/wp\/v2\/media\/59001"},{"embeddable":true,"href":"https:\/\/galerialeme.com\/en\/wp-json\/wp\/v2\/media\/58999"},{"embeddable":true,"href":"https:\/\/galerialeme.com\/en\/wp-json\/wp\/v2\/media\/58997"},{"embeddable":true,"href":"https:\/\/galerialeme.com\/en\/wp-json\/wp\/v2\/media\/58995"},{"embeddable":true,"href":"https:\/\/galerialeme.com\/en\/wp-json\/wp\/v2\/media\/58987"},{"embeddable":true,"href":"https:\/\/galerialeme.com\/en\/wp-json\/wp\/v2\/media\/58985"},{"embeddable":true,"href":"https:\/\/galerialeme.com\/en\/wp-json\/wp\/v2\/media\/58983"}],"wp:featuredmedia":[{"embeddable":true,"href":"https:\/\/galerialeme.com\/en\/wp-json\/wp\/v2\/media\/59003"}],"wp:attachment":[{"href":"https:\/\/galerialeme.com\/en\/wp-json\/wp\/v2\/media?parent=31928"}],"curies":[{"name":"wp","href":"https:\/\/api.w.org\/{rel}","templated":true}]}}