{"id":68017,"date":"2025-07-10T12:33:04","date_gmt":"2025-07-10T15:33:04","guid":{"rendered":"https:\/\/galerialeme.com\/?post_type=agenda&#038;p=68017"},"modified":"2025-09-19T03:31:28","modified_gmt":"2025-09-19T06:31:28","slug":"luiz-braga-arquipelago-imaginario","status":"publish","type":"agenda","link":"https:\/\/galerialeme.com\/en\/agenda\/luiz-braga-arquipelago-imaginario\/","title":{"rendered":"Luiz Braga | Arquip\u00e9lago Imagin\u00e1rio\u00a0"},"content":{"rendered":"\n<p>A exposi\u00e7\u00e3o\u00a0<em>Luiz Braga: Arquip\u00e9lago Imagin\u00e1rio<\/em>, em cartaz no Instituto Moreira Salles, em S\u00e3o Paulo, apresenta um amplo panorama da produ\u00e7\u00e3o do artista, reunindo 258 fotografias ao longo de 50 anos \u2014 190 delas exibidas pela primeira vez. Com curadoria de Bitu Cassund\u00e9 e assist\u00eancia de Maria Luiza Meneses, as obras est\u00e3o organizadas em nove n\u00facleos tem\u00e1ticos perme\u00e1veis, ocupando dois andares do IMS.<\/p>\n\n<p>Sem car\u00e1ter retrospectivo, a montagem prop\u00f5e uma leitura ensa\u00edstica do arquivo do fot\u00f3grafo, enfatizando o gesto de \u201cespiar\u201d como m\u00e9todo po\u00e9tico. Paisagens, retratos e cenas ribeirinhas surgem em preto e branco, cor e infravermelho, refletindo a rela\u00e7\u00e3o entre imagem, territ\u00f3rio e conviv\u00eancia.<\/p>\n\n<p>As imagens oferecem um olhar \u00edntimo e cont\u00ednuo sobre a Amaz\u00f4nia urbana, perif\u00e9rica e ribeirinha, distanciando-se de estere\u00f3tipos cristalizados e destacando a intimidade e o cotidiano amaz\u00f4nico. Valorizam tamb\u00e9m a escuta e as hist\u00f3rias populares que atravessam o trabalho de Braga, do Maraj\u00f3 \u00e0s margens urbanas do Par\u00e1.<\/p>\n\n<p>O projeto museogr\u00e1fico \u00e9 assinado pelo V\u00e3o Arquitetura, e todas as amplia\u00e7\u00f5es em preto e branco foram realizadas de forma anal\u00f3gica no laborat\u00f3rio do IMS no Rio.<\/p>\n\n<p><\/p>\n","protected":false},"featured_media":48796,"comment_status":"open","ping_status":"closed","template":"","class_list":["post-68017","agenda","type-agenda","status-publish","has-post-thumbnail","hentry"],"acf":[],"spectra_custom_meta":{"_edit_lock":["1753310384:9"],"_wpml_word_count":["{\"total\":0,\"to_translate\":{\"en\":201,\"pt-br\":201}}"],"_thumbnail_id":["48796"],"_edit_last":["9"],"leme_begin":["20250412"],"_leme_begin":["field_6436c07712484"],"leme_end":["20250907"],"_leme_end":["field_6436c0771248b"],"calendar_local":["IMS Paulista - S\u00e3o Paulo, Brazil"],"_calendar_local":["field_66e082c57951d"],"_wpml_media_duplicate":["1"],"_wpml_media_featured":["1"],"_last_translation_edit_mode":["translation-editor"],"_uag_css_file_name":["uag-css-68017.css"],"_uagb_previous_block_counts":["a:90:{s:21:\"uagb\/advanced-heading\";i:0;s:15:\"uagb\/blockquote\";i:0;s:12:\"uagb\/buttons\";i:0;s:18:\"uagb\/buttons-child\";i:0;s:19:\"uagb\/call-to-action\";i:0;s:15:\"uagb\/cf7-styler\";i:0;s:11:\"uagb\/column\";i:0;s:12:\"uagb\/columns\";i:0;s:14:\"uagb\/container\";i:0;s:21:\"uagb\/content-timeline\";i:0;s:27:\"uagb\/content-timeline-child\";i:0;s:14:\"uagb\/countdown\";i:0;s:12:\"uagb\/counter\";i:0;s:8:\"uagb\/faq\";i:0;s:14:\"uagb\/faq-child\";i:0;s:10:\"uagb\/forms\";i:0;s:17:\"uagb\/forms-accept\";i:0;s:19:\"uagb\/forms-checkbox\";i:0;s:15:\"uagb\/forms-date\";i:0;s:16:\"uagb\/forms-email\";i:0;s:17:\"uagb\/forms-hidden\";i:0;s:15:\"uagb\/forms-name\";i:0;s:16:\"uagb\/forms-phone\";i:0;s:16:\"uagb\/forms-radio\";i:0;s:17:\"uagb\/forms-select\";i:0;s:19:\"uagb\/forms-textarea\";i:0;s:17:\"uagb\/forms-toggle\";i:0;s:14:\"uagb\/forms-url\";i:0;s:14:\"uagb\/gf-styler\";i:0;s:15:\"uagb\/google-map\";i:0;s:11:\"uagb\/how-to\";i:0;s:16:\"uagb\/how-to-step\";i:0;s:9:\"uagb\/icon\";i:0;s:14:\"uagb\/icon-list\";i:0;s:20:\"uagb\/icon-list-child\";i:0;s:10:\"uagb\/image\";i:0;s:18:\"uagb\/image-gallery\";i:0;s:13:\"uagb\/info-box\";i:0;s:18:\"uagb\/inline-notice\";i:0;s:11:\"uagb\/lottie\";i:0;s:21:\"uagb\/marketing-button\";i:0;s:10:\"uagb\/modal\";i:0;s:18:\"uagb\/popup-builder\";i:0;s:16:\"uagb\/post-button\";i:0;s:18:\"uagb\/post-carousel\";i:0;s:17:\"uagb\/post-excerpt\";i:0;s:14:\"uagb\/post-grid\";i:0;s:15:\"uagb\/post-image\";i:0;s:17:\"uagb\/post-masonry\";i:0;s:14:\"uagb\/post-meta\";i:0;s:18:\"uagb\/post-taxonomy\";i:0;s:18:\"uagb\/post-timeline\";i:0;s:15:\"uagb\/post-title\";i:0;s:20:\"uagb\/restaurant-menu\";i:0;s:26:\"uagb\/restaurant-menu-child\";i:0;s:11:\"uagb\/review\";i:0;s:12:\"uagb\/section\";i:0;s:14:\"uagb\/separator\";i:0;s:11:\"uagb\/slider\";i:0;s:17:\"uagb\/slider-child\";i:0;s:17:\"uagb\/social-share\";i:0;s:23:\"uagb\/social-share-child\";i:0;s:16:\"uagb\/star-rating\";i:0;s:23:\"uagb\/sure-cart-checkout\";i:0;s:22:\"uagb\/sure-cart-product\";i:0;s:15:\"uagb\/sure-forms\";i:0;s:22:\"uagb\/table-of-contents\";i:0;s:9:\"uagb\/tabs\";i:0;s:15:\"uagb\/tabs-child\";i:0;s:18:\"uagb\/taxonomy-list\";i:0;s:9:\"uagb\/team\";i:0;s:16:\"uagb\/testimonial\";i:0;s:14:\"uagb\/wp-search\";i:0;s:19:\"uagb\/instagram-feed\";i:0;s:10:\"uagb\/login\";i:0;s:17:\"uagb\/loop-builder\";i:0;s:18:\"uagb\/loop-category\";i:0;s:20:\"uagb\/loop-pagination\";i:0;s:15:\"uagb\/loop-reset\";i:0;s:16:\"uagb\/loop-search\";i:0;s:14:\"uagb\/loop-sort\";i:0;s:17:\"uagb\/loop-wrapper\";i:0;s:13:\"uagb\/register\";i:0;s:19:\"uagb\/register-email\";i:0;s:24:\"uagb\/register-first-name\";i:0;s:23:\"uagb\/register-last-name\";i:0;s:22:\"uagb\/register-password\";i:0;s:30:\"uagb\/register-reenter-password\";i:0;s:19:\"uagb\/register-terms\";i:0;s:22:\"uagb\/register-username\";i:0;}"],"_uag_page_assets":["a:9:{s:3:\"css\";s:0:\"\";s:2:\"js\";s:0:\"\";s:18:\"current_block_list\";a:8:{i:0;s:14:\"core\/paragraph\";i:1;s:11:\"core\/search\";i:2;s:10:\"core\/group\";i:3;s:12:\"core\/heading\";i:4;s:17:\"core\/latest-posts\";i:5;s:20:\"core\/latest-comments\";i:6;s:13:\"core\/archives\";i:7;s:15:\"core\/categories\";}s:8:\"uag_flag\";b:0;s:11:\"uag_version\";s:10:\"1777403099\";s:6:\"gfonts\";a:0:{}s:10:\"gfonts_url\";s:0:\"\";s:12:\"gfonts_files\";a:0:{}s:14:\"uag_faq_layout\";b:0;}"],"_seopress_search_console_analysis_clicks":["0"],"_seopress_search_console_analysis_ctr":["0"],"_seopress_search_console_analysis_impressions":["45"],"_seopress_search_console_analysis_position":["13.933333333333"]},"uagb_featured_image_src":{"full":["https:\/\/galerialeme.com\/wp-content\/uploads\/2023\/07\/barqueiro-azul-1992.jpg",880,607,false],"thumbnail":["https:\/\/galerialeme.com\/wp-content\/uploads\/2023\/07\/barqueiro-azul-1992-150x150.jpg",150,150,true],"medium":["https:\/\/galerialeme.com\/wp-content\/uploads\/2023\/07\/barqueiro-azul-1992-300x207.jpg",300,207,true],"medium_large":["https:\/\/galerialeme.com\/wp-content\/uploads\/2023\/07\/barqueiro-azul-1992-768x530.jpg",640,442,true],"large":["https:\/\/galerialeme.com\/wp-content\/uploads\/2023\/07\/barqueiro-azul-1992.jpg",640,441,false],"1536x1536":["https:\/\/galerialeme.com\/wp-content\/uploads\/2023\/07\/barqueiro-azul-1992.jpg",880,607,false],"2048x2048":["https:\/\/galerialeme.com\/wp-content\/uploads\/2023\/07\/barqueiro-azul-1992.jpg",880,607,false]},"uagb_author_info":{"display_name":"Laura Pereira","author_link":"https:\/\/galerialeme.com\/en\/author\/"},"uagb_comment_info":0,"uagb_excerpt":"A exposi\u00e7\u00e3o\u00a0Luiz Braga: Arquip\u00e9lago Imagin\u00e1rio, em cartaz no Instituto Moreira Salles, em S\u00e3o Paulo, apresenta um amplo panorama da produ\u00e7\u00e3o do artista, reunindo 258 fotografias ao longo de 50 anos \u2014 190 delas exibidas pela primeira vez. Com curadoria de Bitu Cassund\u00e9 e assist\u00eancia de Maria Luiza Meneses, as obras est\u00e3o organizadas em nove n\u00facleos&hellip;","_links":{"self":[{"href":"https:\/\/galerialeme.com\/en\/wp-json\/wp\/v2\/agenda\/68017","targetHints":{"allow":["GET"]}}],"collection":[{"href":"https:\/\/galerialeme.com\/en\/wp-json\/wp\/v2\/agenda"}],"about":[{"href":"https:\/\/galerialeme.com\/en\/wp-json\/wp\/v2\/types\/agenda"}],"replies":[{"embeddable":true,"href":"https:\/\/galerialeme.com\/en\/wp-json\/wp\/v2\/comments?post=68017"}],"version-history":[{"count":0,"href":"https:\/\/galerialeme.com\/en\/wp-json\/wp\/v2\/agenda\/68017\/revisions"}],"wp:featuredmedia":[{"embeddable":true,"href":"https:\/\/galerialeme.com\/en\/wp-json\/wp\/v2\/media\/48796"}],"wp:attachment":[{"href":"https:\/\/galerialeme.com\/en\/wp-json\/wp\/v2\/media?parent=68017"}],"curies":[{"name":"wp","href":"https:\/\/api.w.org\/{rel}","templated":true}]}}